{"id":3251,"date":"2021-09-03T12:29:55","date_gmt":"2021-09-03T12:29:55","guid":{"rendered":"https:\/\/www.fadu.unl.edu.ar\/polis\/?page_id=3251"},"modified":"2022-07-06T14:00:18","modified_gmt":"2022-07-06T14:00:18","slug":"edicion-16","status":"publish","type":"page","link":"https:\/\/www.fadu.unl.edu.ar\/polis\/?page_id=3251","title":{"rendered":"Edicion #16"},"content":{"rendered":"<p>[et_pb_section fb_built=\u00bb1&#8243; admin_label=\u00bbedicion 16&#8243; module_id=\u00bb16&#8243; _builder_version=\u00bb4.16&#8243; _module_preset=\u00bbdefault\u00bb custom_margin=\u00bb-110px||||false|false\u00bb custom_margin_tablet=\u00bb\u00bb custom_margin_phone=\u00bb\u00bb custom_margin_last_edited=\u00bbon|phone\u00bb border_width_top=\u00bb5px\u00bb border_color_top=\u00bb#00a859&#8243; collapsed=\u00bbon\u00bb global_colors_info=\u00bb{}\u00bb][et_pb_row admin_label=\u00bbSumario\u00bb _builder_version=\u00bb4.16&#8243; _module_preset=\u00bbdefault\u00bb custom_margin=\u00bb-25px||||false|false\u00bb global_colors_info=\u00bb{}\u00bb][et_pb_column type=\u00bb4_4&#8243; _builder_version=\u00bb4.16&#8243; _module_preset=\u00bbdefault\u00bb global_colors_info=\u00bb{}\u00bb][et_pb_text _builder_version=\u00bb4.17.4&#8243; _module_preset=\u00bbdefault\u00bb text_font_size=\u00bb18px\u00bb custom_margin=\u00bb||||false|false\u00bb hover_enabled=\u00bb0&#8243; text_font_size_tablet=\u00bb\u00bb text_font_size_phone=\u00bb\u00bb text_font_size_last_edited=\u00bbon|desktop\u00bb inline_fonts=\u00bbMerriweather\u00bb global_colors_info=\u00bb{}\u00bb sticky_enabled=\u00bb0&#8243;]<\/p>\n<p><span style=\"color: #339966;\"><span style=\"font-family: Merriweather;\"><strong>POLIS #16<\/strong><\/span> <\/span>Diciembre 2019<\/p>\n<p>[\/et_pb_text][\/et_pb_column][\/et_pb_row][et_pb_row column_structure=\u00bb1_3,2_3&#8243; use_custom_gutter=\u00bbon\u00bb gutter_width=\u00bb1&#8243; make_equal=\u00bbon\u00bb custom_padding_last_edited=\u00bbon|phone\u00bb admin_label=\u00bbNota &#8211; Titulo y autor\u00bb _builder_version=\u00bb4.16&#8243; _module_preset=\u00bbdefault\u00bb width=\u00bb83%\u00bb max_width=\u00bb601px\u00bb module_alignment=\u00bbleft\u00bb custom_margin=\u00bb||||false|false\u00bb custom_margin_tablet=\u00bb\u00bb custom_margin_phone=\u00bb-30px||||false|false\u00bb custom_margin_last_edited=\u00bbon|phone\u00bb custom_padding=\u00bb|||40px|false|false\u00bb custom_padding_tablet=\u00bb\u00bb custom_padding_phone=\u00bb|||25px|false|false\u00bb global_colors_info=\u00bb{}\u00bb][et_pb_column type=\u00bb1_3&#8243; _builder_version=\u00bb4.16&#8243; _module_preset=\u00bbdefault\u00bb custom_padding=\u00bb||||false|false\u00bb global_colors_info=\u00bb{}\u00bb][et_pb_image src=\u00bbhttps:\/\/www.fadu.unl.edu.ar\/polis\/wp-content\/uploads\/2020\/08\/polis-16-editorial.jpg\u00bb title_text=\u00bbpolis-16-editorial\u00bb _builder_version=\u00bb4.16&#8243; _module_preset=\u00bbdefault\u00bb global_colors_info=\u00bb{}\u00bb][\/et_pb_image][\/et_pb_column][et_pb_column type=\u00bb2_3&#8243; _builder_version=\u00bb4.16&#8243; _module_preset=\u00bbdefault\u00bb custom_padding=\u00bb||||false|false\u00bb global_colors_info=\u00bb{}\u00bb][et_pb_text admin_label=\u00bbT\u00edtulo\u00bb _builder_version=\u00bb4.16&#8243; _module_preset=\u00bbdefault\u00bb text_text_color=\u00bb#000000&#8243; text_font_size=\u00bb18px\u00bb custom_margin=\u00bb|||-100px|false|false\u00bb custom_margin_tablet=\u00bb\u00bb custom_margin_phone=\u00bb10px|||0px|false|false\u00bb custom_margin_last_edited=\u00bbon|phone\u00bb text_font_size_tablet=\u00bb\u00bb text_font_size_phone=\u00bb\u00bb text_font_size_last_edited=\u00bbon|desktop\u00bb global_colors_info=\u00bb{}\u00bb]<\/p>\n<p><strong><a href=\"https:\/\/www.fadu.unl.edu.ar\/polis\/editorial\/\">POLIS #16: continuidad y diferencia<\/a><\/strong><\/p>\n<p>[\/et_pb_text][et_pb_text admin_label=\u00bbAutor &#8211; palabras claves\u00bb _builder_version=\u00bb4.16&#8243; _module_preset=\u00bbdefault\u00bb text_text_color=\u00bbrgba(0,0,0,0.43)\u00bb text_font_size=\u00bb12px\u00bb custom_margin=\u00bb|||-100px|false|false\u00bb custom_margin_tablet=\u00bb\u00bb custom_margin_phone=\u00bb|||0px|false|false\u00bb custom_margin_last_edited=\u00bbon|phone\u00bb text_font_size_tablet=\u00bb\u00bb text_font_size_phone=\u00bb\u00bb text_font_size_last_edited=\u00bbon|desktop\u00bb global_colors_info=\u00bb{}\u00bb]<\/p>\n<p>Sergio Cosentino\u00a0<\/p>\n<p>[\/et_pb_text][\/et_pb_column][\/et_pb_row][et_pb_row use_custom_gutter=\u00bbon\u00bb admin_label=\u00bbseparador\u00bb _builder_version=\u00bb4.16&#8243; _module_preset=\u00bbdefault\u00bb width=\u00bb100%\u00bb custom_margin=\u00bb-15px||||false|false\u00bb collapsed=\u00bbon\u00bb global_colors_info=\u00bb{}\u00bb][et_pb_column type=\u00bb4_4&#8243; _builder_version=\u00bb4.16&#8243; _module_preset=\u00bbdefault\u00bb global_colors_info=\u00bb{}\u00bb][et_pb_divider color=\u00bbrgba(0,0,0,0.2)\u00bb _builder_version=\u00bb4.16&#8243; _module_preset=\u00bbdefault\u00bb custom_margin=\u00bb||||false|false\u00bb global_colors_info=\u00bb{}\u00bb][\/et_pb_divider][\/et_pb_column][\/et_pb_row][et_pb_row column_structure=\u00bb1_3,2_3&#8243; use_custom_gutter=\u00bbon\u00bb gutter_width=\u00bb1&#8243; make_equal=\u00bbon\u00bb custom_padding_last_edited=\u00bbon|phone\u00bb admin_label=\u00bbNota &#8211; Titulo y autor\u00bb _builder_version=\u00bb4.16&#8243; _module_preset=\u00bbdefault\u00bb width=\u00bb83%\u00bb max_width=\u00bb601px\u00bb module_alignment=\u00bbleft\u00bb custom_margin=\u00bb||||false|false\u00bb custom_margin_tablet=\u00bb\u00bb custom_margin_phone=\u00bb-30px||||false|false\u00bb custom_margin_last_edited=\u00bbon|phone\u00bb custom_padding=\u00bb|||40px|false|false\u00bb custom_padding_tablet=\u00bb\u00bb custom_padding_phone=\u00bb|||25px|false|false\u00bb global_colors_info=\u00bb{}\u00bb][et_pb_column type=\u00bb1_3&#8243; _builder_version=\u00bb4.16&#8243; _module_preset=\u00bbdefault\u00bb custom_padding=\u00bb||||false|false\u00bb global_colors_info=\u00bb{}\u00bb][et_pb_image src=\u00bbhttps:\/\/www.fadu.unl.edu.ar\/polis\/wp-content\/uploads\/2020\/08\/moreira-miniatura.jpg\u00bb title_text=\u00bbmoreira-miniatura\u00bb _builder_version=\u00bb4.16&#8243; _module_preset=\u00bbdefault\u00bb global_colors_info=\u00bb{}\u00bb][\/et_pb_image][\/et_pb_column][et_pb_column type=\u00bb2_3&#8243; _builder_version=\u00bb4.16&#8243; _module_preset=\u00bbdefault\u00bb custom_padding=\u00bb||||false|false\u00bb global_colors_info=\u00bb{}\u00bb][et_pb_text admin_label=\u00bbT\u00edtulo\u00bb _builder_version=\u00bb4.16&#8243; _module_preset=\u00bbdefault\u00bb text_text_color=\u00bb#000000&#8243; text_font_size=\u00bb18px\u00bb text_line_height=\u00bb1.2em\u00bb custom_margin=\u00bb|||-100px|false|false\u00bb custom_margin_tablet=\u00bb\u00bb custom_margin_phone=\u00bb10px|||0px|false|false\u00bb custom_margin_last_edited=\u00bbon|phone\u00bb text_font_size_tablet=\u00bb\u00bb text_font_size_phone=\u00bb\u00bb text_font_size_last_edited=\u00bbon|desktop\u00bb global_colors_info=\u00bb{}\u00bb]<\/p>\n<p><a href=\"https:\/\/www.fadu.unl.edu.ar\/polis\/building-information-modeling-en-arquitectura-el-valor-de-la-informacion-en-el-desarrollo-de-proyectos\/\"><strong>BUILDING INFORMATION MODELING EN ARQUITECTURA: el valor de la informaci\u00f3n en el desarrollo de proyectos<\/strong><\/a><\/p>\n<p>[\/et_pb_text][et_pb_text admin_label=\u00bbAutor &#8211; palabras claves\u00bb _builder_version=\u00bb4.16&#8243; _module_preset=\u00bbdefault\u00bb text_text_color=\u00bbrgba(0,0,0,0.43)\u00bb text_font_size=\u00bb12px\u00bb custom_margin=\u00bb|||-100px|false|false\u00bb custom_margin_tablet=\u00bb\u00bb custom_margin_phone=\u00bb|||0px|false|false\u00bb custom_margin_last_edited=\u00bbon|phone\u00bb text_font_size_tablet=\u00bb\u00bb text_font_size_phone=\u00bb\u00bb text_font_size_last_edited=\u00bbon|desktop\u00bb global_colors_info=\u00bb{}\u00bb]<\/p>\n<p>Alejandro Ariel Moreira\u00a0<\/p>\n<p>[\/et_pb_text][\/et_pb_column][\/et_pb_row][et_pb_row use_custom_gutter=\u00bbon\u00bb admin_label=\u00bbseparador\u00bb _builder_version=\u00bb4.16&#8243; _module_preset=\u00bbdefault\u00bb width=\u00bb100%\u00bb custom_margin=\u00bb-15px||||false|false\u00bb collapsed=\u00bbon\u00bb global_colors_info=\u00bb{}\u00bb][et_pb_column type=\u00bb4_4&#8243; _builder_version=\u00bb4.16&#8243; _module_preset=\u00bbdefault\u00bb global_colors_info=\u00bb{}\u00bb][et_pb_divider color=\u00bbrgba(0,0,0,0.2)\u00bb _builder_version=\u00bb4.16&#8243; _module_preset=\u00bbdefault\u00bb custom_margin=\u00bb||||false|false\u00bb global_colors_info=\u00bb{}\u00bb][\/et_pb_divider][\/et_pb_column][\/et_pb_row][et_pb_row column_structure=\u00bb1_3,2_3&#8243; use_custom_gutter=\u00bbon\u00bb gutter_width=\u00bb1&#8243; make_equal=\u00bbon\u00bb custom_padding_last_edited=\u00bbon|phone\u00bb admin_label=\u00bbNota &#8211; Titulo y autor\u00bb _builder_version=\u00bb4.16&#8243; _module_preset=\u00bbdefault\u00bb width=\u00bb83%\u00bb max_width=\u00bb601px\u00bb module_alignment=\u00bbleft\u00bb custom_margin=\u00bb||||false|false\u00bb custom_margin_tablet=\u00bb\u00bb custom_margin_phone=\u00bb-30px||||false|false\u00bb custom_margin_last_edited=\u00bbon|phone\u00bb custom_padding=\u00bb|||40px|false|false\u00bb custom_padding_tablet=\u00bb\u00bb custom_padding_phone=\u00bb|||25px|false|false\u00bb global_colors_info=\u00bb{}\u00bb][et_pb_column type=\u00bb1_3&#8243; _builder_version=\u00bb4.16&#8243; _module_preset=\u00bbdefault\u00bb custom_padding=\u00bb||||false|false\u00bb global_colors_info=\u00bb{}\u00bb][et_pb_image src=\u00bbhttps:\/\/www.fadu.unl.edu.ar\/polis\/wp-content\/uploads\/2020\/08\/montoro-miniatura.jpg\u00bb title_text=\u00bbmontoro-miniatura\u00bb _builder_version=\u00bb4.16&#8243; _module_preset=\u00bbdefault\u00bb global_colors_info=\u00bb{}\u00bb][\/et_pb_image][\/et_pb_column][et_pb_column type=\u00bb2_3&#8243; _builder_version=\u00bb4.16&#8243; _module_preset=\u00bbdefault\u00bb custom_padding=\u00bb||||false|false\u00bb global_colors_info=\u00bb{}\u00bb][et_pb_text admin_label=\u00bbT\u00edtulo\u00bb _builder_version=\u00bb4.16&#8243; _module_preset=\u00bbdefault\u00bb text_text_color=\u00bb#000000&#8243; text_font_size=\u00bb18px\u00bb text_line_height=\u00bb1.2em\u00bb custom_margin=\u00bb|||-100px|false|false\u00bb custom_margin_tablet=\u00bb\u00bb custom_margin_phone=\u00bb10px|||0px|false|false\u00bb custom_margin_last_edited=\u00bbon|phone\u00bb text_font_size_tablet=\u00bb\u00bb text_font_size_phone=\u00bb\u00bb text_font_size_last_edited=\u00bbon|desktop\u00bb global_colors_info=\u00bb{}\u00bb]<\/p>\n<p><strong><a href=\"https:\/\/www.fadu.unl.edu.ar\/polis\/la-bauhaus-19191933-a-100-anos-del-inicio-de-la-escuela-de-diseno\/\">LA BAUHAUS (1919-1933). A 100 a\u00f1os del inicio de la escuela de dise\u00f1o<\/a><\/strong><\/p>\n<p>[\/et_pb_text][et_pb_text admin_label=\u00bbAutor &#8211; palabras claves\u00bb _builder_version=\u00bb4.16&#8243; _module_preset=\u00bbdefault\u00bb text_text_color=\u00bbrgba(0,0,0,0.43)\u00bb text_font_size=\u00bb12px\u00bb custom_margin=\u00bb|||-100px|false|false\u00bb custom_margin_tablet=\u00bb\u00bb custom_margin_phone=\u00bb|||0px|false|false\u00bb custom_margin_last_edited=\u00bbon|phone\u00bb text_font_size_tablet=\u00bb\u00bb text_font_size_phone=\u00bb\u00bb text_font_size_last_edited=\u00bbon|desktop\u00bb global_colors_info=\u00bb{}\u00bb]<\/p>\n<p>Claudia Montoro<\/p>\n<p>[\/et_pb_text][\/et_pb_column][\/et_pb_row][et_pb_row use_custom_gutter=\u00bbon\u00bb admin_label=\u00bbseparador\u00bb _builder_version=\u00bb4.16&#8243; _module_preset=\u00bbdefault\u00bb width=\u00bb100%\u00bb custom_margin=\u00bb-15px||||false|false\u00bb collapsed=\u00bbon\u00bb global_colors_info=\u00bb{}\u00bb][et_pb_column type=\u00bb4_4&#8243; _builder_version=\u00bb4.16&#8243; _module_preset=\u00bbdefault\u00bb global_colors_info=\u00bb{}\u00bb][et_pb_divider color=\u00bbrgba(0,0,0,0.2)\u00bb _builder_version=\u00bb4.16&#8243; _module_preset=\u00bbdefault\u00bb custom_margin=\u00bb||||false|false\u00bb global_colors_info=\u00bb{}\u00bb][\/et_pb_divider][\/et_pb_column][\/et_pb_row][et_pb_row column_structure=\u00bb1_3,2_3&#8243; use_custom_gutter=\u00bbon\u00bb gutter_width=\u00bb1&#8243; make_equal=\u00bbon\u00bb custom_padding_last_edited=\u00bbon|phone\u00bb admin_label=\u00bbNota &#8211; Titulo y autor\u00bb _builder_version=\u00bb4.16&#8243; _module_preset=\u00bbdefault\u00bb width=\u00bb83%\u00bb max_width=\u00bb601px\u00bb module_alignment=\u00bbleft\u00bb custom_margin=\u00bb||||false|false\u00bb custom_margin_tablet=\u00bb\u00bb custom_margin_phone=\u00bb-30px||||false|false\u00bb custom_margin_last_edited=\u00bbon|phone\u00bb custom_padding=\u00bb|||40px|false|false\u00bb custom_padding_tablet=\u00bb\u00bb custom_padding_phone=\u00bb|||25px|false|false\u00bb global_colors_info=\u00bb{}\u00bb][et_pb_column type=\u00bb1_3&#8243; _builder_version=\u00bb4.16&#8243; _module_preset=\u00bbdefault\u00bb custom_padding=\u00bb||||false|false\u00bb global_colors_info=\u00bb{}\u00bb][et_pb_image src=\u00bbhttps:\/\/www.fadu.unl.edu.ar\/polis\/wp-content\/uploads\/2020\/08\/gronda-miniatura.jpg\u00bb title_text=\u00bbgronda-miniatura\u00bb _builder_version=\u00bb4.16&#8243; _module_preset=\u00bbdefault\u00bb global_colors_info=\u00bb{}\u00bb][\/et_pb_image][\/et_pb_column][et_pb_column type=\u00bb2_3&#8243; _builder_version=\u00bb4.16&#8243; _module_preset=\u00bbdefault\u00bb custom_padding=\u00bb||||false|false\u00bb global_colors_info=\u00bb{}\u00bb][et_pb_text admin_label=\u00bbT\u00edtulo\u00bb _builder_version=\u00bb4.16&#8243; _module_preset=\u00bbdefault\u00bb text_text_color=\u00bb#000000&#8243; text_font_size=\u00bb18px\u00bb text_line_height=\u00bb1.2em\u00bb custom_margin=\u00bb|||-100px|false|false\u00bb custom_margin_tablet=\u00bb\u00bb custom_margin_phone=\u00bb10px|||0px|false|false\u00bb custom_margin_last_edited=\u00bbon|phone\u00bb text_font_size_tablet=\u00bb\u00bb text_font_size_phone=\u00bb\u00bb text_font_size_last_edited=\u00bbon|desktop\u00bb global_colors_info=\u00bb{}\u00bb]<\/p>\n<p><strong><a href=\"https:\/\/www.fadu.unl.edu.ar\/polis\/flexo-in-form-2019-manufactura-digital-y-optimizacion-geometrica-mediante-programacion-visual\/\">\u00abFLEXO.IN-FORM.2019\u00bb. Manufactura digital y optimizaci\u00f3n geom\u00e9trica mediante programaci\u00f3n visual<\/a><\/strong><\/p>\n<p>[\/et_pb_text][et_pb_text admin_label=\u00bbAutor &#8211; palabras claves\u00bb _builder_version=\u00bb4.16&#8243; _module_preset=\u00bbdefault\u00bb text_text_color=\u00bbrgba(0,0,0,0.43)\u00bb text_font_size=\u00bb12px\u00bb custom_margin=\u00bb|||-100px|false|false\u00bb custom_margin_tablet=\u00bb\u00bb custom_margin_phone=\u00bb|||0px|false|false\u00bb custom_margin_last_edited=\u00bbon|phone\u00bb text_font_size_tablet=\u00bb\u00bb text_font_size_phone=\u00bb\u00bb text_font_size_last_edited=\u00bbon|desktop\u00bb global_colors_info=\u00bb{}\u00bb]<\/p>\n<p><a href=\"https:\/\/www.fadu.unl.edu.ar\/polis\/author\/maria-luciana-gronda-mauro-chiarella-martin-ve\/\" class=\"url fn\" title=\"Entradas de M.L. Gronda - M. Chiarella - M. Veizaga\" rel=\"author\">M.L. Gronda &#8211; M. Chiarella &#8211; M. Veizaga<\/a><\/p>\n<p>[\/et_pb_text][\/et_pb_column][\/et_pb_row][et_pb_row use_custom_gutter=\u00bbon\u00bb admin_label=\u00bbseparador\u00bb _builder_version=\u00bb4.16&#8243; _module_preset=\u00bbdefault\u00bb width=\u00bb100%\u00bb custom_margin=\u00bb-15px||||false|false\u00bb collapsed=\u00bbon\u00bb global_colors_info=\u00bb{}\u00bb][et_pb_column type=\u00bb4_4&#8243; _builder_version=\u00bb4.16&#8243; _module_preset=\u00bbdefault\u00bb global_colors_info=\u00bb{}\u00bb][et_pb_divider color=\u00bbrgba(0,0,0,0.2)\u00bb _builder_version=\u00bb4.16&#8243; _module_preset=\u00bbdefault\u00bb custom_margin=\u00bb||||false|false\u00bb global_colors_info=\u00bb{}\u00bb][\/et_pb_divider][\/et_pb_column][\/et_pb_row][et_pb_row column_structure=\u00bb1_3,2_3&#8243; use_custom_gutter=\u00bbon\u00bb gutter_width=\u00bb1&#8243; make_equal=\u00bbon\u00bb custom_padding_last_edited=\u00bbon|phone\u00bb admin_label=\u00bbNota &#8211; Titulo y autor\u00bb _builder_version=\u00bb4.16&#8243; _module_preset=\u00bbdefault\u00bb width=\u00bb83%\u00bb max_width=\u00bb601px\u00bb module_alignment=\u00bbleft\u00bb custom_margin=\u00bb||||false|false\u00bb custom_margin_tablet=\u00bb\u00bb custom_margin_phone=\u00bb-30px||||false|false\u00bb custom_margin_last_edited=\u00bbon|phone\u00bb custom_padding=\u00bb|||40px|false|false\u00bb custom_padding_tablet=\u00bb\u00bb custom_padding_phone=\u00bb|||25px|false|false\u00bb global_colors_info=\u00bb{}\u00bb][et_pb_column type=\u00bb1_3&#8243; _builder_version=\u00bb4.16&#8243; _module_preset=\u00bbdefault\u00bb custom_padding=\u00bb||||false|false\u00bb global_colors_info=\u00bb{}\u00bb][et_pb_image src=\u00bbhttps:\/\/www.fadu.unl.edu.ar\/polis\/wp-content\/uploads\/2020\/08\/giavedoni-miniatura.jpg\u00bb title_text=\u00bbgiavedoni-miniatura\u00bb _builder_version=\u00bb4.16&#8243; _module_preset=\u00bbdefault\u00bb global_colors_info=\u00bb{}\u00bb][\/et_pb_image][\/et_pb_column][et_pb_column type=\u00bb2_3&#8243; _builder_version=\u00bb4.16&#8243; _module_preset=\u00bbdefault\u00bb custom_padding=\u00bb||||false|false\u00bb global_colors_info=\u00bb{}\u00bb][et_pb_text admin_label=\u00bbT\u00edtulo\u00bb _builder_version=\u00bb4.16&#8243; _module_preset=\u00bbdefault\u00bb text_text_color=\u00bb#000000&#8243; text_font_size=\u00bb18px\u00bb text_line_height=\u00bb1.2em\u00bb custom_margin=\u00bb|||-100px|false|false\u00bb custom_margin_tablet=\u00bb\u00bb custom_margin_phone=\u00bb10px|||0px|false|false\u00bb custom_margin_last_edited=\u00bbon|phone\u00bb text_font_size_tablet=\u00bb\u00bb text_font_size_phone=\u00bb\u00bb text_font_size_last_edited=\u00bbon|desktop\u00bb global_colors_info=\u00bb{}\u00bb]<\/p>\n<p><strong><a href=\"https:\/\/www.fadu.unl.edu.ar\/polis\/estas-aca-la-gigantografia-como-material-didactico-potente-para-aprender-a-ver-el-territorio\/\">EST\u00c1S AC\u00c1, la gigantograf\u00eda como material did\u00e1ctico potente para aprender a ver el territorio<\/a><\/strong><\/p>\n<p>[\/et_pb_text][et_pb_text admin_label=\u00bbAutor &#8211; palabras claves\u00bb _builder_version=\u00bb4.16&#8243; _module_preset=\u00bbdefault\u00bb text_text_color=\u00bbrgba(0,0,0,0.43)\u00bb text_font_size=\u00bb12px\u00bb custom_margin=\u00bb|||-100px|false|false\u00bb custom_margin_tablet=\u00bb\u00bb custom_margin_phone=\u00bb|||0px|false|false\u00bb custom_margin_last_edited=\u00bbon|phone\u00bb text_font_size_tablet=\u00bb\u00bb text_font_size_phone=\u00bb\u00bb text_font_size_last_edited=\u00bbon|desktop\u00bb global_colors_info=\u00bb{}\u00bb]<\/p>\n<p><a href=\"https:\/\/www.fadu.unl.edu.ar\/polis\/author\/ricardo-giavedoni-patricia-mines\/\" class=\"url fn\" title=\"Entradas de Ricardo Giavedoni - Patricia Mines\" rel=\"author\">Ricardo Giavedoni &#8211; Patricia Mines<\/a><\/p>\n<p>[\/et_pb_text][\/et_pb_column][\/et_pb_row][et_pb_row use_custom_gutter=\u00bbon\u00bb admin_label=\u00bbseparador\u00bb _builder_version=\u00bb4.16&#8243; _module_preset=\u00bbdefault\u00bb width=\u00bb100%\u00bb custom_margin=\u00bb-15px||||false|false\u00bb collapsed=\u00bbon\u00bb global_colors_info=\u00bb{}\u00bb][et_pb_column type=\u00bb4_4&#8243; _builder_version=\u00bb4.16&#8243; _module_preset=\u00bbdefault\u00bb global_colors_info=\u00bb{}\u00bb][et_pb_divider color=\u00bbrgba(0,0,0,0.2)\u00bb _builder_version=\u00bb4.16&#8243; _module_preset=\u00bbdefault\u00bb custom_margin=\u00bb||||false|false\u00bb global_colors_info=\u00bb{}\u00bb][\/et_pb_divider][\/et_pb_column][\/et_pb_row][et_pb_row column_structure=\u00bb1_3,2_3&#8243; use_custom_gutter=\u00bbon\u00bb gutter_width=\u00bb1&#8243; make_equal=\u00bbon\u00bb custom_padding_last_edited=\u00bbon|phone\u00bb admin_label=\u00bbNota &#8211; Titulo y autor\u00bb _builder_version=\u00bb4.16&#8243; _module_preset=\u00bbdefault\u00bb width=\u00bb83%\u00bb max_width=\u00bb601px\u00bb module_alignment=\u00bbleft\u00bb custom_margin=\u00bb||||false|false\u00bb custom_margin_tablet=\u00bb\u00bb custom_margin_phone=\u00bb-30px||||false|false\u00bb custom_margin_last_edited=\u00bbon|phone\u00bb custom_padding=\u00bb|||40px|false|false\u00bb custom_padding_tablet=\u00bb\u00bb custom_padding_phone=\u00bb|||25px|false|false\u00bb global_colors_info=\u00bb{}\u00bb][et_pb_column type=\u00bb1_3&#8243; _builder_version=\u00bb4.16&#8243; _module_preset=\u00bbdefault\u00bb custom_padding=\u00bb||||false|false\u00bb global_colors_info=\u00bb{}\u00bb][et_pb_image src=\u00bbhttps:\/\/www.fadu.unl.edu.ar\/polis\/wp-content\/uploads\/2020\/08\/fantini-miniatura.jpg\u00bb title_text=\u00bbfantini-miniatura\u00bb _builder_version=\u00bb4.16&#8243; _module_preset=\u00bbdefault\u00bb global_colors_info=\u00bb{}\u00bb][\/et_pb_image][\/et_pb_column][et_pb_column type=\u00bb2_3&#8243; _builder_version=\u00bb4.16&#8243; _module_preset=\u00bbdefault\u00bb custom_padding=\u00bb||||false|false\u00bb global_colors_info=\u00bb{}\u00bb][et_pb_text admin_label=\u00bbT\u00edtulo\u00bb _builder_version=\u00bb4.16&#8243; _module_preset=\u00bbdefault\u00bb text_text_color=\u00bb#000000&#8243; text_font_size=\u00bb18px\u00bb text_line_height=\u00bb1.2em\u00bb custom_margin=\u00bb|||-100px|false|false\u00bb custom_margin_tablet=\u00bb\u00bb custom_margin_phone=\u00bb10px|||0px|false|false\u00bb custom_margin_last_edited=\u00bbon|phone\u00bb text_font_size_tablet=\u00bb\u00bb text_font_size_phone=\u00bb\u00bb text_font_size_last_edited=\u00bbon|desktop\u00bb global_colors_info=\u00bb{}\u00bb]<\/p>\n<p><a href=\"https:\/\/www.fadu.unl.edu.ar\/polis\/aproximaciones-entre-teoria-y-practica-la-ensenanza-del-proyecto-como-experiencia-disenada\/\"><strong>APROXIMACIONES ENTRE TEOR\u00cdA Y PR\u00c1CTICA: la ense\u00f1anza del proyecto como experiencia dise\u00f1ada<\/strong><\/a><\/p>\n<p>[\/et_pb_text][et_pb_text admin_label=\u00bbAutor &#8211; palabras claves\u00bb _builder_version=\u00bb4.16&#8243; _module_preset=\u00bbdefault\u00bb text_text_color=\u00bbrgba(0,0,0,0.43)\u00bb text_font_size=\u00bb12px\u00bb custom_margin=\u00bb|||-100px|false|false\u00bb custom_margin_tablet=\u00bb\u00bb custom_margin_phone=\u00bb|||0px|false|false\u00bb custom_margin_last_edited=\u00bbon|phone\u00bb text_font_size_tablet=\u00bb\u00bb text_font_size_phone=\u00bb\u00bb text_font_size_last_edited=\u00bbon|desktop\u00bb global_colors_info=\u00bb{}\u00bb]<\/p>\n<p>Estafan\u00eda Alicia Fantini<\/p>\n<p>[\/et_pb_text][\/et_pb_column][\/et_pb_row][et_pb_row use_custom_gutter=\u00bbon\u00bb admin_label=\u00bbseparador\u00bb _builder_version=\u00bb4.16&#8243; _module_preset=\u00bbdefault\u00bb width=\u00bb100%\u00bb custom_margin=\u00bb-15px||||false|false\u00bb collapsed=\u00bbon\u00bb global_colors_info=\u00bb{}\u00bb][et_pb_column type=\u00bb4_4&#8243; _builder_version=\u00bb4.16&#8243; _module_preset=\u00bbdefault\u00bb global_colors_info=\u00bb{}\u00bb][et_pb_divider color=\u00bbrgba(0,0,0,0.2)\u00bb _builder_version=\u00bb4.16&#8243; _module_preset=\u00bbdefault\u00bb custom_margin=\u00bb||||false|false\u00bb global_colors_info=\u00bb{}\u00bb][\/et_pb_divider][\/et_pb_column][\/et_pb_row][et_pb_row column_structure=\u00bb1_3,2_3&#8243; use_custom_gutter=\u00bbon\u00bb gutter_width=\u00bb1&#8243; make_equal=\u00bbon\u00bb custom_padding_last_edited=\u00bbon|phone\u00bb admin_label=\u00bbNota &#8211; Titulo y autor\u00bb _builder_version=\u00bb4.16&#8243; _module_preset=\u00bbdefault\u00bb width=\u00bb83%\u00bb max_width=\u00bb601px\u00bb module_alignment=\u00bbleft\u00bb custom_margin=\u00bb||||false|false\u00bb custom_margin_tablet=\u00bb\u00bb custom_margin_phone=\u00bb-30px||||false|false\u00bb custom_margin_last_edited=\u00bbon|phone\u00bb custom_padding=\u00bb|||40px|false|false\u00bb custom_padding_tablet=\u00bb\u00bb custom_padding_phone=\u00bb|||25px|false|false\u00bb global_colors_info=\u00bb{}\u00bb][et_pb_column type=\u00bb1_3&#8243; _builder_version=\u00bb4.16&#8243; _module_preset=\u00bbdefault\u00bb custom_padding=\u00bb||||false|false\u00bb global_colors_info=\u00bb{}\u00bb][et_pb_image src=\u00bbhttps:\/\/www.fadu.unl.edu.ar\/polis\/wp-content\/uploads\/2020\/08\/balmaceda-miniatura.jpg\u00bb title_text=\u00bbbalmaceda-miniatura\u00bb _builder_version=\u00bb4.16&#8243; _module_preset=\u00bbdefault\u00bb global_colors_info=\u00bb{}\u00bb][\/et_pb_image][\/et_pb_column][et_pb_column type=\u00bb2_3&#8243; _builder_version=\u00bb4.16&#8243; _module_preset=\u00bbdefault\u00bb custom_padding=\u00bb||||false|false\u00bb global_colors_info=\u00bb{}\u00bb][et_pb_text admin_label=\u00bbT\u00edtulo\u00bb _builder_version=\u00bb4.16&#8243; _module_preset=\u00bbdefault\u00bb text_text_color=\u00bb#000000&#8243; text_font_size=\u00bb18px\u00bb text_line_height=\u00bb1.2em\u00bb custom_margin=\u00bb|||-100px|false|false\u00bb custom_margin_tablet=\u00bb\u00bb custom_margin_phone=\u00bb10px|||0px|false|false\u00bb custom_margin_last_edited=\u00bbon|phone\u00bb text_font_size_tablet=\u00bb\u00bb text_font_size_phone=\u00bb\u00bb text_font_size_last_edited=\u00bbon|desktop\u00bb global_colors_info=\u00bb{}\u00bb]<\/p>\n<p><a href=\"https:\/\/www.fadu.unl.edu.ar\/polis\/reflexiones-en-torno-al-diseno-de-dispositivos-ludicos-con-realidad-aumentada\/\"><strong>REFLEXIONES EN TORNO AL DISE\u00d1O DE DISPOSITIVOS L\u00daDICOS CON REALIDAD AUMENTADA<\/strong><\/a><\/p>\n<p>[\/et_pb_text][et_pb_text admin_label=\u00bbAutor &#8211; palabras claves\u00bb _builder_version=\u00bb4.16&#8243; _module_preset=\u00bbdefault\u00bb text_text_color=\u00bbrgba(0,0,0,0.43)\u00bb text_font_size=\u00bb12px\u00bb custom_margin=\u00bb|||-100px|false|false\u00bb custom_margin_tablet=\u00bb\u00bb custom_margin_phone=\u00bb|||0px|false|false\u00bb custom_margin_last_edited=\u00bbon|phone\u00bb text_font_size_tablet=\u00bb\u00bb text_font_size_phone=\u00bb\u00bb text_font_size_last_edited=\u00bbon|desktop\u00bb global_colors_info=\u00bb{}\u00bb]<\/p>\n<p>Lorenzo Balmaceda<\/p>\n<p>[\/et_pb_text][\/et_pb_column][\/et_pb_row][et_pb_row use_custom_gutter=\u00bbon\u00bb admin_label=\u00bbseparador\u00bb _builder_version=\u00bb4.16&#8243; _module_preset=\u00bbdefault\u00bb width=\u00bb100%\u00bb custom_margin=\u00bb-15px||||false|false\u00bb collapsed=\u00bbon\u00bb global_colors_info=\u00bb{}\u00bb][et_pb_column type=\u00bb4_4&#8243; _builder_version=\u00bb4.16&#8243; _module_preset=\u00bbdefault\u00bb global_colors_info=\u00bb{}\u00bb][et_pb_divider color=\u00bbrgba(0,0,0,0.2)\u00bb _builder_version=\u00bb4.16&#8243; _module_preset=\u00bbdefault\u00bb custom_margin=\u00bb||||false|false\u00bb global_colors_info=\u00bb{}\u00bb][\/et_pb_divider][\/et_pb_column][\/et_pb_row][et_pb_row column_structure=\u00bb1_3,2_3&#8243; use_custom_gutter=\u00bbon\u00bb gutter_width=\u00bb1&#8243; make_equal=\u00bbon\u00bb custom_padding_last_edited=\u00bbon|phone\u00bb admin_label=\u00bbNota &#8211; Titulo y autor\u00bb _builder_version=\u00bb4.16&#8243; _module_preset=\u00bbdefault\u00bb width=\u00bb83%\u00bb max_width=\u00bb601px\u00bb module_alignment=\u00bbleft\u00bb custom_margin=\u00bb||||false|false\u00bb custom_margin_tablet=\u00bb\u00bb custom_margin_phone=\u00bb-30px||||false|false\u00bb custom_margin_last_edited=\u00bbon|phone\u00bb custom_padding=\u00bb|||40px|false|false\u00bb custom_padding_tablet=\u00bb\u00bb custom_padding_phone=\u00bb|||25px|false|false\u00bb global_colors_info=\u00bb{}\u00bb][et_pb_column type=\u00bb1_3&#8243; _builder_version=\u00bb4.16&#8243; _module_preset=\u00bbdefault\u00bb custom_padding=\u00bb||||false|false\u00bb global_colors_info=\u00bb{}\u00bb][et_pb_image src=\u00bbhttps:\/\/www.fadu.unl.edu.ar\/polis\/wp-content\/uploads\/2020\/08\/badella-miniatura.jpg\u00bb title_text=\u00bbbadella-miniatura\u00bb _builder_version=\u00bb4.16&#8243; _module_preset=\u00bbdefault\u00bb global_colors_info=\u00bb{}\u00bb][\/et_pb_image][\/et_pb_column][et_pb_column type=\u00bb2_3&#8243; _builder_version=\u00bb4.16&#8243; _module_preset=\u00bbdefault\u00bb custom_padding=\u00bb||||false|false\u00bb global_colors_info=\u00bb{}\u00bb][et_pb_text admin_label=\u00bbT\u00edtulo\u00bb _builder_version=\u00bb4.16&#8243; _module_preset=\u00bbdefault\u00bb text_text_color=\u00bb#000000&#8243; text_font_size=\u00bb18px\u00bb text_line_height=\u00bb1.2em\u00bb custom_margin=\u00bb|||-100px|false|false\u00bb custom_margin_tablet=\u00bb\u00bb custom_margin_phone=\u00bb10px|||0px|false|false\u00bb custom_margin_last_edited=\u00bbon|phone\u00bb text_font_size_tablet=\u00bb\u00bb text_font_size_phone=\u00bb\u00bb text_font_size_last_edited=\u00bbon|desktop\u00bb global_colors_info=\u00bb{}\u00bb]<\/p>\n<p><a href=\"https:\/\/www.fadu.unl.edu.ar\/polis\/de-lo-simple-a-lo-complejo-estrategias-de-diseno-para-la-promocion-de-la-cultura-cientifica\/\"><strong>DE LO SIMPLE A LO COMPLEJO: estrategias de dise\u00f1o para la promoci\u00f3n de la cultura cient\u00edfica<\/strong><\/a><\/p>\n<p>[\/et_pb_text][et_pb_text admin_label=\u00bbAutor &#8211; palabras claves\u00bb _builder_version=\u00bb4.16&#8243; _module_preset=\u00bbdefault\u00bb text_text_color=\u00bbrgba(0,0,0,0.43)\u00bb text_font_size=\u00bb12px\u00bb custom_margin=\u00bb|||-100px|false|false\u00bb custom_margin_tablet=\u00bb\u00bb custom_margin_phone=\u00bb|||0px|false|false\u00bb custom_margin_last_edited=\u00bbon|phone\u00bb text_font_size_tablet=\u00bb\u00bb text_font_size_phone=\u00bb\u00bb text_font_size_last_edited=\u00bbon|desktop\u00bb global_colors_info=\u00bb{}\u00bb]<\/p>\n<p>Mar\u00eda Laura Badella<\/p>\n<p>[\/et_pb_text][\/et_pb_column][\/et_pb_row][et_pb_row use_custom_gutter=\u00bbon\u00bb admin_label=\u00bbseparador\u00bb _builder_version=\u00bb4.16&#8243; _module_preset=\u00bbdefault\u00bb width=\u00bb100%\u00bb custom_margin=\u00bb-15px||||false|false\u00bb collapsed=\u00bbon\u00bb global_colors_info=\u00bb{}\u00bb][et_pb_column type=\u00bb4_4&#8243; _builder_version=\u00bb4.16&#8243; _module_preset=\u00bbdefault\u00bb global_colors_info=\u00bb{}\u00bb][et_pb_divider color=\u00bbrgba(0,0,0,0.2)\u00bb _builder_version=\u00bb4.16&#8243; _module_preset=\u00bbdefault\u00bb custom_margin=\u00bb||||false|false\u00bb global_colors_info=\u00bb{}\u00bb][\/et_pb_divider][\/et_pb_column][\/et_pb_row][et_pb_row column_structure=\u00bb1_3,2_3&#8243; use_custom_gutter=\u00bbon\u00bb gutter_width=\u00bb1&#8243; make_equal=\u00bbon\u00bb custom_padding_last_edited=\u00bbon|phone\u00bb admin_label=\u00bbNota &#8211; Titulo y autor\u00bb _builder_version=\u00bb4.16&#8243; _module_preset=\u00bbdefault\u00bb width=\u00bb83%\u00bb max_width=\u00bb601px\u00bb module_alignment=\u00bbleft\u00bb custom_margin=\u00bb||||false|false\u00bb custom_margin_tablet=\u00bb\u00bb custom_margin_phone=\u00bb-30px||||false|false\u00bb custom_margin_last_edited=\u00bbon|phone\u00bb custom_padding=\u00bb|||40px|false|false\u00bb custom_padding_tablet=\u00bb\u00bb custom_padding_phone=\u00bb|||25px|false|false\u00bb global_colors_info=\u00bb{}\u00bb][et_pb_column type=\u00bb1_3&#8243; _builder_version=\u00bb4.16&#8243; _module_preset=\u00bbdefault\u00bb custom_padding=\u00bb||||false|false\u00bb global_colors_info=\u00bb{}\u00bb][et_pb_image src=\u00bbhttps:\/\/www.fadu.unl.edu.ar\/polis\/wp-content\/uploads\/2020\/08\/alconchel-miniatura.jpg\u00bb title_text=\u00bbalconchel-miniatura\u00bb _builder_version=\u00bb4.16&#8243; _module_preset=\u00bbdefault\u00bb global_colors_info=\u00bb{}\u00bb][\/et_pb_image][\/et_pb_column][et_pb_column type=\u00bb2_3&#8243; _builder_version=\u00bb4.16&#8243; _module_preset=\u00bbdefault\u00bb custom_padding=\u00bb||||false|false\u00bb global_colors_info=\u00bb{}\u00bb][et_pb_text admin_label=\u00bbT\u00edtulo\u00bb _builder_version=\u00bb4.16&#8243; _module_preset=\u00bbdefault\u00bb text_text_color=\u00bb#000000&#8243; text_font_size=\u00bb18px\u00bb text_line_height=\u00bb1.2em\u00bb custom_margin=\u00bb|||-100px|false|false\u00bb custom_margin_tablet=\u00bb\u00bb custom_margin_phone=\u00bb10px|||0px|false|false\u00bb custom_margin_last_edited=\u00bbon|phone\u00bb text_font_size_tablet=\u00bb\u00bb text_font_size_phone=\u00bb\u00bb text_font_size_last_edited=\u00bbon|desktop\u00bb global_colors_info=\u00bb{}\u00bb]<\/p>\n<p><strong><a href=\"https:\/\/www.fadu.unl.edu.ar\/polis\/la-rehabilitacion-del-habitat-social-colectivo-categorias-de-analisis-y-experiencias\/\">LA REHABILITACI\u00d3N DEL H\u00c1BITAT SOCIAL COLECTIVO. Categor\u00edas de an\u00e1lisis y experiencias<\/a><\/strong><\/p>\n<p>[\/et_pb_text][et_pb_text admin_label=\u00bbAutor &#8211; palabras claves\u00bb _builder_version=\u00bb4.16&#8243; _module_preset=\u00bbdefault\u00bb text_text_color=\u00bbrgba(0,0,0,0.43)\u00bb text_font_size=\u00bb12px\u00bb custom_margin=\u00bb|||-100px|false|false\u00bb custom_margin_tablet=\u00bb\u00bb custom_margin_phone=\u00bb|||0px|false|false\u00bb custom_margin_last_edited=\u00bbon|phone\u00bb text_font_size_tablet=\u00bb\u00bb text_font_size_phone=\u00bb\u00bb text_font_size_last_edited=\u00bbon|desktop\u00bb global_colors_info=\u00bb{}\u00bb]<\/p>\n<p>Mar\u00eda Victoria Alconchel<\/p>\n<p>[\/et_pb_text][\/et_pb_column][\/et_pb_row][et_pb_row use_custom_gutter=\u00bbon\u00bb admin_label=\u00bbseparador\u00bb _builder_version=\u00bb4.16&#8243; _module_preset=\u00bbdefault\u00bb width=\u00bb100%\u00bb custom_margin=\u00bb-15px||||false|false\u00bb collapsed=\u00bbon\u00bb global_colors_info=\u00bb{}\u00bb][et_pb_column type=\u00bb4_4&#8243; _builder_version=\u00bb4.16&#8243; _module_preset=\u00bbdefault\u00bb global_colors_info=\u00bb{}\u00bb][et_pb_divider color=\u00bbrgba(0,0,0,0.2)\u00bb _builder_version=\u00bb4.16&#8243; _module_preset=\u00bbdefault\u00bb custom_margin=\u00bb||||false|false\u00bb global_colors_info=\u00bb{}\u00bb][\/et_pb_divider][\/et_pb_column][\/et_pb_row][et_pb_row column_structure=\u00bb1_3,2_3&#8243; use_custom_gutter=\u00bbon\u00bb gutter_width=\u00bb1&#8243; make_equal=\u00bbon\u00bb custom_padding_last_edited=\u00bbon|phone\u00bb admin_label=\u00bbNota &#8211; Titulo y autor\u00bb _builder_version=\u00bb4.16&#8243; _module_preset=\u00bbdefault\u00bb width=\u00bb83%\u00bb max_width=\u00bb601px\u00bb module_alignment=\u00bbleft\u00bb custom_margin=\u00bb||||false|false\u00bb custom_margin_tablet=\u00bb\u00bb custom_margin_phone=\u00bb-30px||||false|false\u00bb custom_margin_last_edited=\u00bbon|phone\u00bb custom_padding=\u00bb|||40px|false|false\u00bb custom_padding_tablet=\u00bb\u00bb custom_padding_phone=\u00bb|||25px|false|false\u00bb global_colors_info=\u00bb{}\u00bb][et_pb_column type=\u00bb1_3&#8243; _builder_version=\u00bb4.16&#8243; _module_preset=\u00bbdefault\u00bb custom_padding=\u00bb||||false|false\u00bb global_colors_info=\u00bb{}\u00bb][et_pb_image src=\u00bbhttps:\/\/www.fadu.unl.edu.ar\/polis\/wp-content\/uploads\/2020\/08\/abraham-miniatura.jpg\u00bb title_text=\u00bbabraham-miniatura\u00bb _builder_version=\u00bb4.16&#8243; _module_preset=\u00bbdefault\u00bb global_colors_info=\u00bb{}\u00bb][\/et_pb_image][\/et_pb_column][et_pb_column type=\u00bb2_3&#8243; _builder_version=\u00bb4.16&#8243; _module_preset=\u00bbdefault\u00bb custom_padding=\u00bb||||false|false\u00bb global_colors_info=\u00bb{}\u00bb][et_pb_text admin_label=\u00bbT\u00edtulo\u00bb _builder_version=\u00bb4.16&#8243; _module_preset=\u00bbdefault\u00bb text_text_color=\u00bb#000000&#8243; text_font_size=\u00bb18px\u00bb text_line_height=\u00bb1.2em\u00bb custom_margin=\u00bb|||-100px|false|false\u00bb custom_margin_tablet=\u00bb\u00bb custom_margin_phone=\u00bb10px|||0px|false|false\u00bb custom_margin_last_edited=\u00bbon|phone\u00bb text_font_size_tablet=\u00bb\u00bb text_font_size_phone=\u00bb\u00bb text_font_size_last_edited=\u00bbon|desktop\u00bb global_colors_info=\u00bb{}\u00bb]<\/p>\n<p><strong><a href=\"https:\/\/www.fadu.unl.edu.ar\/polis\/formas-comestibles-ejercicio-didactico-conceptual\/\">FORMAS COMESTIBLES. Ejercicio did\u00e1ctico-conceptual<\/a><\/strong><\/p>\n<p>[\/et_pb_text][et_pb_text admin_label=\u00bbAutor &#8211; palabras claves\u00bb _builder_version=\u00bb4.16&#8243; _module_preset=\u00bbdefault\u00bb text_text_color=\u00bbrgba(0,0,0,0.43)\u00bb text_font_size=\u00bb12px\u00bb custom_margin=\u00bb|||-100px|false|false\u00bb custom_margin_tablet=\u00bb\u00bb custom_margin_phone=\u00bb|||0px|false|false\u00bb custom_margin_last_edited=\u00bbon|phone\u00bb text_font_size_tablet=\u00bb\u00bb text_font_size_phone=\u00bb\u00bb text_font_size_last_edited=\u00bbon|desktop\u00bb global_colors_info=\u00bb{}\u00bb]<\/p>\n<p><a href=\"https:\/\/www.fadu.unl.edu.ar\/polis\/author\/moriana-abraham-jose-luis-roces-jaquelina-sant\/\" class=\"url fn\" title=\"Entradas de M. Abraham - J. L. Roces - J. Santiago\" rel=\"author\">M. Abraham &#8211; J. L. Roces &#8211; J. Santiago<\/a><\/p>\n<p>[\/et_pb_text][\/et_pb_column][\/et_pb_row][et_pb_row use_custom_gutter=\u00bbon\u00bb admin_label=\u00bbseparador\u00bb _builder_version=\u00bb4.16&#8243; _module_preset=\u00bbdefault\u00bb width=\u00bb100%\u00bb custom_margin=\u00bb-15px||||false|false\u00bb collapsed=\u00bbon\u00bb global_colors_info=\u00bb{}\u00bb][et_pb_column type=\u00bb4_4&#8243; _builder_version=\u00bb4.16&#8243; _module_preset=\u00bbdefault\u00bb global_colors_info=\u00bb{}\u00bb][et_pb_divider color=\u00bbrgba(0,0,0,0.2)\u00bb _builder_version=\u00bb4.16&#8243; _module_preset=\u00bbdefault\u00bb custom_margin=\u00bb||||false|false\u00bb global_colors_info=\u00bb{}\u00bb][\/et_pb_divider][\/et_pb_column][\/et_pb_row][et_pb_row column_structure=\u00bb1_3,2_3&#8243; use_custom_gutter=\u00bbon\u00bb gutter_width=\u00bb1&#8243; make_equal=\u00bbon\u00bb custom_padding_last_edited=\u00bbon|phone\u00bb admin_label=\u00bbNota &#8211; Titulo y autor\u00bb _builder_version=\u00bb4.16&#8243; _module_preset=\u00bbdefault\u00bb width=\u00bb83%\u00bb max_width=\u00bb601px\u00bb module_alignment=\u00bbleft\u00bb custom_margin=\u00bb||||false|false\u00bb custom_margin_tablet=\u00bb\u00bb custom_margin_phone=\u00bb-30px||||false|false\u00bb custom_margin_last_edited=\u00bbon|phone\u00bb custom_padding=\u00bb|||40px|false|false\u00bb custom_padding_tablet=\u00bb\u00bb custom_padding_phone=\u00bb|||25px|false|false\u00bb global_colors_info=\u00bb{}\u00bb][et_pb_column type=\u00bb1_3&#8243; _builder_version=\u00bb4.16&#8243; _module_preset=\u00bbdefault\u00bb custom_padding=\u00bb||||false|false\u00bb global_colors_info=\u00bb{}\u00bb][et_pb_image src=\u00bbhttps:\/\/www.fadu.unl.edu.ar\/polis\/wp-content\/uploads\/2020\/08\/centenario-miniatura.jpg\u00bb title_text=\u00bbcentenario-miniatura\u00bb _builder_version=\u00bb4.16&#8243; _module_preset=\u00bbdefault\u00bb global_colors_info=\u00bb{}\u00bb][\/et_pb_image][\/et_pb_column][et_pb_column type=\u00bb2_3&#8243; _builder_version=\u00bb4.16&#8243; _module_preset=\u00bbdefault\u00bb custom_padding=\u00bb||||false|false\u00bb global_colors_info=\u00bb{}\u00bb][et_pb_text admin_label=\u00bbT\u00edtulo\u00bb _builder_version=\u00bb4.16&#8243; _module_preset=\u00bbdefault\u00bb text_text_color=\u00bb#000000&#8243; text_font_size=\u00bb18px\u00bb text_line_height=\u00bb1.2em\u00bb custom_margin=\u00bb|||-100px|false|false\u00bb custom_margin_tablet=\u00bb\u00bb custom_margin_phone=\u00bb10px|||0px|false|false\u00bb custom_margin_last_edited=\u00bbon|phone\u00bb text_font_size_tablet=\u00bb\u00bb text_font_size_phone=\u00bb\u00bb text_font_size_last_edited=\u00bbon|desktop\u00bb global_colors_info=\u00bb{}\u00bb]<\/p>\n<p><strong><a href=\"https:\/\/www.fadu.unl.edu.ar\/polis\/el-centenario-de-la-universidad-nacional-del-litoral-una-ocasion-para-el-proyecto\/\">EL CENTENARIO DE LA UNIVERSIDAD NACIONAL DEL LITORAL. Una ocasi\u00f3n para el proyecto<\/a><\/strong><\/p>\n<p>[\/et_pb_text][et_pb_text admin_label=\u00bbAutor &#8211; palabras claves\u00bb _builder_version=\u00bb4.16&#8243; _module_preset=\u00bbdefault\u00bb text_text_color=\u00bbrgba(0,0,0,0.43)\u00bb text_font_size=\u00bb12px\u00bb custom_margin=\u00bb|||-100px|false|false\u00bb custom_margin_tablet=\u00bb\u00bb custom_margin_phone=\u00bb|||0px|false|false\u00bb custom_margin_last_edited=\u00bbon|phone\u00bb text_font_size_tablet=\u00bb\u00bb text_font_size_phone=\u00bb\u00bb text_font_size_last_edited=\u00bbon|desktop\u00bb global_colors_info=\u00bb{}\u00bb]<\/p>\n<p>Miguel Irigoyen<\/p>\n<p>[\/et_pb_text][\/et_pb_column][\/et_pb_row][\/et_pb_section]<\/p>\n","protected":false},"excerpt":{"rendered":"<p>POLIS #16 Diciembre 2019POLIS #16: continuidad y diferenciaSergio Cosentino\u00a0BUILDING INFORMATION MODELING EN ARQUITECTURA: el valor de la informaci\u00f3n en el desarrollo de proyectosAlejandro Ariel Moreira\u00a0LA BAUHAUS (1919-1933). A 100 a\u00f1os del inicio de la escuela de dise\u00f1oClaudia Montoro\u00abFLEXO.IN-FORM.2019\u00bb. Manufactura digital y optimizaci\u00f3n geom\u00e9trica mediante programaci\u00f3n visualM.L. Gronda &#8211; M. Chiarella &#8211; M. VeizagaEST\u00c1S AC\u00c1, la [&hellip;]<\/p>\n","protected":false},"author":2,"featured_media":0,"parent":0,"menu_order":0,"comment_status":"closed","ping_status":"closed","template":"","meta":{"_et_pb_use_builder":"on","_et_pb_old_content":"","_et_gb_content_width":"678","footnotes":""},"class_list":["post-3251","page","type-page","status-publish","hentry"],"_links":{"self":[{"href":"https:\/\/www.fadu.unl.edu.ar\/polis\/index.php?rest_route=\/wp\/v2\/pages\/3251","targetHints":{"allow":["GET"]}}],"collection":[{"href":"https:\/\/www.fadu.unl.edu.ar\/polis\/index.php?rest_route=\/wp\/v2\/pages"}],"about":[{"href":"https:\/\/www.fadu.unl.edu.ar\/polis\/index.php?rest_route=\/wp\/v2\/types\/page"}],"author":[{"embeddable":true,"href":"https:\/\/www.fadu.unl.edu.ar\/polis\/index.php?rest_route=\/wp\/v2\/users\/2"}],"replies":[{"embeddable":true,"href":"https:\/\/www.fadu.unl.edu.ar\/polis\/index.php?rest_route=%2Fwp%2Fv2%2Fcomments&post=3251"}],"version-history":[{"count":6,"href":"https:\/\/www.fadu.unl.edu.ar\/polis\/index.php?rest_route=\/wp\/v2\/pages\/3251\/revisions"}],"predecessor-version":[{"id":3907,"href":"https:\/\/www.fadu.unl.edu.ar\/polis\/index.php?rest_route=\/wp\/v2\/pages\/3251\/revisions\/3907"}],"wp:attachment":[{"href":"https:\/\/www.fadu.unl.edu.ar\/polis\/index.php?rest_route=%2Fwp%2Fv2%2Fmedia&parent=3251"}],"curies":[{"name":"wp","href":"https:\/\/api.w.org\/{rel}","templated":true}]}}