{"id":3271,"date":"2021-09-03T12:44:25","date_gmt":"2021-09-03T12:44:25","guid":{"rendered":"https:\/\/www.fadu.unl.edu.ar\/polis\/?page_id=3271"},"modified":"2022-07-06T14:01:56","modified_gmt":"2022-07-06T14:01:56","slug":"edicion-17","status":"publish","type":"page","link":"https:\/\/www.fadu.unl.edu.ar\/polis\/?page_id=3271","title":{"rendered":"Edici\u00f3n #17"},"content":{"rendered":"<p>[et_pb_section fb_built=\u00bb1&#8243; admin_label=\u00bbedicion 17&#8243; module_id=\u00bb17&#8243; _builder_version=\u00bb4.16&#8243; _module_preset=\u00bbdefault\u00bb custom_margin=\u00bb-110px||||false|false\u00bb custom_margin_tablet=\u00bb\u00bb custom_margin_phone=\u00bb\u00bb custom_margin_last_edited=\u00bbon|desktop\u00bb border_color_all=\u00bb#2692e5&#8243; border_width_top=\u00bb8px\u00bb collapsed=\u00bbon\u00bb global_colors_info=\u00bb{}\u00bb][et_pb_row admin_label=\u00bbSumario\u00bb _builder_version=\u00bb4.16&#8243; _module_preset=\u00bbdefault\u00bb custom_margin=\u00bb-25px||||false|false\u00bb custom_margin_tablet=\u00bb\u00bb custom_margin_phone=\u00bb||||false|false\u00bb custom_margin_last_edited=\u00bbon|phone\u00bb collapsed=\u00bbon\u00bb global_colors_info=\u00bb{}\u00bb][et_pb_column type=\u00bb4_4&#8243; _builder_version=\u00bb4.16&#8243; _module_preset=\u00bbdefault\u00bb global_colors_info=\u00bb{}\u00bb][et_pb_text _builder_version=\u00bb4.17.4&#8243; _module_preset=\u00bbdefault\u00bb text_font_size=\u00bb18px\u00bb custom_margin=\u00bb||||false|false\u00bb hover_enabled=\u00bb0&#8243; text_font_size_tablet=\u00bb\u00bb text_font_size_phone=\u00bb\u00bb text_font_size_last_edited=\u00bbon|desktop\u00bb inline_fonts=\u00bbMerriweather\u00bb global_colors_info=\u00bb{}\u00bb sticky_enabled=\u00bb0&#8243;]<\/p>\n<p><span style=\"color: #3366ff; font-family: Merriweather;\"><strong>POLIS #17<\/strong> <\/span>Agosto 2020<\/p>\n<p>[\/et_pb_text][\/et_pb_column][\/et_pb_row][et_pb_row column_structure=\u00bb1_3,2_3&#8243; use_custom_gutter=\u00bbon\u00bb gutter_width=\u00bb1&#8243; make_equal=\u00bbon\u00bb custom_padding_last_edited=\u00bbon|phone\u00bb admin_label=\u00bbNota &#8211; Titulo y autor\u00bb _builder_version=\u00bb4.16&#8243; _module_preset=\u00bbdefault\u00bb width=\u00bb83%\u00bb max_width=\u00bb601px\u00bb module_alignment=\u00bbleft\u00bb custom_margin=\u00bb||||false|false\u00bb custom_margin_tablet=\u00bb\u00bb custom_margin_phone=\u00bb-30px||||false|false\u00bb custom_margin_last_edited=\u00bbon|phone\u00bb custom_padding=\u00bb|||40px|false|false\u00bb custom_padding_tablet=\u00bb\u00bb custom_padding_phone=\u00bb|||25px|false|false\u00bb collapsed=\u00bbon\u00bb global_colors_info=\u00bb{}\u00bb][et_pb_column type=\u00bb1_3&#8243; _builder_version=\u00bb4.16&#8243; _module_preset=\u00bbdefault\u00bb custom_padding=\u00bb||||false|false\u00bb global_colors_info=\u00bb{}\u00bb][et_pb_image src=\u00bbhttps:\/\/www.fadu.unl.edu.ar\/polis\/wp-content\/uploads\/2021\/12\/polis-17a.jpg\u00bb title_text=\u00bbpolis-17a\u00bb _builder_version=\u00bb4.16&#8243; _module_preset=\u00bbdefault\u00bb global_colors_info=\u00bb{}\u00bb][\/et_pb_image][\/et_pb_column][et_pb_column type=\u00bb2_3&#8243; _builder_version=\u00bb4.16&#8243; _module_preset=\u00bbdefault\u00bb custom_padding=\u00bb||||false|false\u00bb global_colors_info=\u00bb{}\u00bb][et_pb_text admin_label=\u00bbT\u00edtulo\u00bb _builder_version=\u00bb4.16&#8243; _module_preset=\u00bbdefault\u00bb text_text_color=\u00bb#000000&#8243; text_font_size=\u00bb18px\u00bb custom_margin=\u00bb|||-100px|false|false\u00bb custom_margin_tablet=\u00bb\u00bb custom_margin_phone=\u00bb|||0px|false|false\u00bb custom_margin_last_edited=\u00bbon|phone\u00bb text_font_size_tablet=\u00bb\u00bb text_font_size_phone=\u00bb\u00bb text_font_size_last_edited=\u00bbon|desktop\u00bb global_colors_info=\u00bb{}\u00bb]<\/p>\n<p><a href=\"https:\/\/www.fadu.unl.edu.ar\/polis\/wp-admin\/post.php?post=1246&amp;action=edit\"><strong>POLIS #17. Editorial<\/strong><\/a><\/p>\n<p>[\/et_pb_text][et_pb_text admin_label=\u00bbAutor &#8211; palabras claves\u00bb _builder_version=\u00bb4.16&#8243; _module_preset=\u00bbdefault\u00bb text_text_color=\u00bbrgba(0,0,0,0.43)\u00bb text_font_size=\u00bb12px\u00bb custom_margin=\u00bb|||-100px|false|false\u00bb custom_margin_tablet=\u00bb\u00bb custom_margin_phone=\u00bb|||0px|false|false\u00bb custom_margin_last_edited=\u00bbon|phone\u00bb text_font_size_tablet=\u00bb\u00bb text_font_size_phone=\u00bb\u00bb text_font_size_last_edited=\u00bbon|desktop\u00bb global_colors_info=\u00bb{}\u00bb]<\/p>\n<p>Sergio Cosentino\u00a0<\/p>\n<p>[\/et_pb_text][\/et_pb_column][\/et_pb_row][et_pb_row use_custom_gutter=\u00bbon\u00bb admin_label=\u00bbseparador\u00bb _builder_version=\u00bb4.16&#8243; _module_preset=\u00bbdefault\u00bb width=\u00bb100%\u00bb custom_margin=\u00bb-15px||||false|false\u00bb collapsed=\u00bbon\u00bb global_colors_info=\u00bb{}\u00bb][et_pb_column type=\u00bb4_4&#8243; _builder_version=\u00bb4.16&#8243; _module_preset=\u00bbdefault\u00bb global_colors_info=\u00bb{}\u00bb][et_pb_divider color=\u00bbrgba(0,0,0,0.2)\u00bb _builder_version=\u00bb4.16&#8243; _module_preset=\u00bbdefault\u00bb custom_margin=\u00bb||||false|false\u00bb global_colors_info=\u00bb{}\u00bb][\/et_pb_divider][\/et_pb_column][\/et_pb_row][et_pb_row column_structure=\u00bb1_3,2_3&#8243; use_custom_gutter=\u00bbon\u00bb gutter_width=\u00bb1&#8243; make_equal=\u00bbon\u00bb custom_padding_last_edited=\u00bbon|phone\u00bb admin_label=\u00bbNota &#8211; Titulo y autor\u00bb _builder_version=\u00bb4.16&#8243; _module_preset=\u00bbdefault\u00bb width=\u00bb83%\u00bb max_width=\u00bb601px\u00bb module_alignment=\u00bbleft\u00bb custom_margin=\u00bb-30px||||false|false\u00bb custom_padding=\u00bb|||40px|false|false\u00bb custom_padding_tablet=\u00bb\u00bb custom_padding_phone=\u00bb|||25px|false|false\u00bb collapsed=\u00bbon\u00bb global_colors_info=\u00bb{}\u00bb][et_pb_column type=\u00bb1_3&#8243; _builder_version=\u00bb4.16&#8243; _module_preset=\u00bbdefault\u00bb custom_padding=\u00bb||||false|false\u00bb global_colors_info=\u00bb{}\u00bb][et_pb_image src=\u00bbhttps:\/\/www.fadu.unl.edu.ar\/polis\/wp-content\/uploads\/2020\/08\/falco-miniatura.jpg\u00bb title_text=\u00bbfalco-miniatura\u00bb _builder_version=\u00bb4.16&#8243; _module_preset=\u00bbdefault\u00bb width=\u00bb28%\u00bb module_alignment=\u00bbleft\u00bb custom_margin_tablet=\u00bb\u00bb custom_margin_phone=\u00bb\u00bb custom_margin_last_edited=\u00bbon|phone\u00bb global_colors_info=\u00bb{}\u00bb][\/et_pb_image][\/et_pb_column][et_pb_column type=\u00bb2_3&#8243; _builder_version=\u00bb4.16&#8243; _module_preset=\u00bbdefault\u00bb custom_padding=\u00bb||||false|false\u00bb global_colors_info=\u00bb{}\u00bb][et_pb_text admin_label=\u00bbT\u00edtulo\u00bb _builder_version=\u00bb4.16&#8243; _module_preset=\u00bbdefault\u00bb text_text_color=\u00bb#000000&#8243; text_font_size=\u00bb18px\u00bb custom_margin=\u00bb|||-100px|false|false\u00bb custom_margin_tablet=\u00bb\u00bb custom_margin_phone=\u00bb10px|||0px|false|false\u00bb custom_margin_last_edited=\u00bbon|phone\u00bb text_font_size_tablet=\u00bb\u00bb text_font_size_phone=\u00bb\u00bb text_font_size_last_edited=\u00bbon|desktop\u00bb text_line_height_tablet=\u00bb\u00bb text_line_height_phone=\u00bb1.2em\u00bb text_line_height_last_edited=\u00bbon|phone\u00bb global_colors_info=\u00bb{}\u00bb]<\/p>\n<p class=\"post-title entry-title\"><a class=\"et-accent-color\" href=\"https:\/\/www.fadu.unl.edu.ar\/polis\/diseno-y-cine-hacia-una-didactica-hibrida\/\"><strong>DISE\u00d1O Y CINE.<\/strong> <strong>Hacia una did\u00e1ctica h\u00edbrida<\/strong><\/a><\/p>\n<p>[\/et_pb_text][et_pb_text admin_label=\u00bbAutor &#8211; palabras claves\u00bb _builder_version=\u00bb4.16&#8243; _module_preset=\u00bbdefault\u00bb text_text_color=\u00bbrgba(0,0,0,0.43)\u00bb text_font_size=\u00bb12px\u00bb custom_margin=\u00bb|||-100px|false|false\u00bb custom_margin_tablet=\u00bb\u00bb custom_margin_phone=\u00bb|||0px|false|false\u00bb custom_margin_last_edited=\u00bbon|phone\u00bb text_font_size_tablet=\u00bb\u00bb text_font_size_phone=\u00bb\u00bb text_font_size_last_edited=\u00bbon|desktop\u00bb global_colors_info=\u00bb{}\u00bb]<\/p>\n<p>Carlos Falco\u00a0<\/p>\n<p>[\/et_pb_text][\/et_pb_column][\/et_pb_row][et_pb_row use_custom_gutter=\u00bbon\u00bb admin_label=\u00bbseparador\u00bb _builder_version=\u00bb4.16&#8243; _module_preset=\u00bbdefault\u00bb width=\u00bb100%\u00bb custom_margin=\u00bb-15px||||false|false\u00bb collapsed=\u00bbon\u00bb global_colors_info=\u00bb{}\u00bb][et_pb_column type=\u00bb4_4&#8243; _builder_version=\u00bb4.16&#8243; _module_preset=\u00bbdefault\u00bb global_colors_info=\u00bb{}\u00bb][et_pb_divider color=\u00bbrgba(0,0,0,0.2)\u00bb _builder_version=\u00bb4.16&#8243; _module_preset=\u00bbdefault\u00bb custom_margin=\u00bb||||false|false\u00bb global_colors_info=\u00bb{}\u00bb][\/et_pb_divider][\/et_pb_column][\/et_pb_row][et_pb_row column_structure=\u00bb1_3,2_3&#8243; use_custom_gutter=\u00bbon\u00bb gutter_width=\u00bb1&#8243; make_equal=\u00bbon\u00bb custom_padding_last_edited=\u00bbon|phone\u00bb admin_label=\u00bbNota &#8211; Titulo y autor\u00bb _builder_version=\u00bb4.16&#8243; _module_preset=\u00bbdefault\u00bb width=\u00bb83%\u00bb max_width=\u00bb601px\u00bb module_alignment=\u00bbleft\u00bb custom_margin=\u00bb-30px||||false|false\u00bb custom_padding=\u00bb|||40px|false|false\u00bb custom_padding_tablet=\u00bb\u00bb custom_padding_phone=\u00bb|||25px|false|false\u00bb collapsed=\u00bbon\u00bb global_colors_info=\u00bb{}\u00bb][et_pb_column type=\u00bb1_3&#8243; _builder_version=\u00bb4.16&#8243; _module_preset=\u00bbdefault\u00bb custom_padding=\u00bb||||false|false\u00bb global_colors_info=\u00bb{}\u00bb][et_pb_image src=\u00bbhttps:\/\/www.fadu.unl.edu.ar\/polis\/wp-content\/uploads\/2020\/08\/zetner-miniatura.jpg\u00bb title_text=\u00bbzetner-miniatura\u00bb _builder_version=\u00bb4.16&#8243; _module_preset=\u00bbdefault\u00bb global_colors_info=\u00bb{}\u00bb][\/et_pb_image][\/et_pb_column][et_pb_column type=\u00bb2_3&#8243; _builder_version=\u00bb4.16&#8243; _module_preset=\u00bbdefault\u00bb custom_padding=\u00bb||||false|false\u00bb global_colors_info=\u00bb{}\u00bb][et_pb_text admin_label=\u00bbT\u00edtulo\u00bb _builder_version=\u00bb4.16&#8243; _module_preset=\u00bbdefault\u00bb text_text_color=\u00bb#000000&#8243; text_font_size=\u00bb18px\u00bb text_line_height=\u00bb1.2em\u00bb custom_margin=\u00bb|||-100px|false|false\u00bb custom_margin_tablet=\u00bb\u00bb custom_margin_phone=\u00bb10px|||0px|false|false\u00bb custom_margin_last_edited=\u00bbon|phone\u00bb text_font_size_tablet=\u00bb\u00bb text_font_size_phone=\u00bb\u00bb text_font_size_last_edited=\u00bbon|desktop\u00bb text_line_height_tablet=\u00bb\u00bb text_line_height_phone=\u00bb\u00bb text_line_height_last_edited=\u00bbon|desktop\u00bb global_colors_info=\u00bb{}\u00bb]<\/p>\n<p class=\"post-title entry-title\"><strong><a class=\"et-accent-color\" href=\"https:\/\/www.fadu.unl.edu.ar\/polis\/busquedas-metodologicas-en-torno-al-diseno-una-posibilidad\/\">B\u00daSQUEDAS METODOL\u00d3GICAS EN TORNO AL DISE\u00d1O: una posibilidad<\/a><\/strong><\/p>\n<p>[\/et_pb_text][et_pb_text admin_label=\u00bbAutor &#8211; palabras claves\u00bb _builder_version=\u00bb4.16&#8243; _module_preset=\u00bbdefault\u00bb text_text_color=\u00bbrgba(0,0,0,0.43)\u00bb text_font_size=\u00bb12px\u00bb custom_margin=\u00bb|||-100px|false|false\u00bb custom_margin_tablet=\u00bb\u00bb custom_margin_phone=\u00bb|||0px|false|false\u00bb custom_margin_last_edited=\u00bbon|phone\u00bb text_font_size_tablet=\u00bb\u00bb text_font_size_phone=\u00bb\u00bb text_font_size_last_edited=\u00bbon|desktop\u00bb global_colors_info=\u00bb{}\u00bb]<\/p>\n<p>Josefina Zetner &#8211; Moriana Abraham<\/p>\n<p>[\/et_pb_text][\/et_pb_column][\/et_pb_row][et_pb_row use_custom_gutter=\u00bbon\u00bb admin_label=\u00bbseparador\u00bb _builder_version=\u00bb4.16&#8243; _module_preset=\u00bbdefault\u00bb width=\u00bb100%\u00bb custom_margin=\u00bb-15px||||false|false\u00bb collapsed=\u00bbon\u00bb global_colors_info=\u00bb{}\u00bb][et_pb_column type=\u00bb4_4&#8243; _builder_version=\u00bb4.16&#8243; _module_preset=\u00bbdefault\u00bb global_colors_info=\u00bb{}\u00bb][et_pb_divider color=\u00bbrgba(0,0,0,0.2)\u00bb _builder_version=\u00bb4.16&#8243; _module_preset=\u00bbdefault\u00bb custom_margin=\u00bb||||false|false\u00bb global_colors_info=\u00bb{}\u00bb][\/et_pb_divider][\/et_pb_column][\/et_pb_row][et_pb_row column_structure=\u00bb1_3,2_3&#8243; use_custom_gutter=\u00bbon\u00bb gutter_width=\u00bb1&#8243; make_equal=\u00bbon\u00bb custom_padding_last_edited=\u00bbon|phone\u00bb admin_label=\u00bbNota &#8211; Titulo y autor\u00bb _builder_version=\u00bb4.16&#8243; _module_preset=\u00bbdefault\u00bb width=\u00bb83%\u00bb max_width=\u00bb601px\u00bb module_alignment=\u00bbleft\u00bb custom_margin=\u00bb-30px||||false|false\u00bb custom_margin_tablet=\u00bb\u00bb custom_margin_phone=\u00bb\u00bb custom_margin_last_edited=\u00bbon|phone\u00bb custom_padding=\u00bb|||40px|false|false\u00bb custom_padding_tablet=\u00bb\u00bb custom_padding_phone=\u00bb|||25px|false|false\u00bb collapsed=\u00bbon\u00bb global_colors_info=\u00bb{}\u00bb][et_pb_column type=\u00bb1_3&#8243; _builder_version=\u00bb4.16&#8243; _module_preset=\u00bbdefault\u00bb custom_padding=\u00bb||||false|false\u00bb global_colors_info=\u00bb{}\u00bb][et_pb_image src=\u00bbhttps:\/\/www.fadu.unl.edu.ar\/polis\/wp-content\/uploads\/2020\/08\/abuaf-miniatura.jpg\u00bb title_text=\u00bbabuaf-miniatura\u00bb _builder_version=\u00bb4.16&#8243; _module_preset=\u00bbdefault\u00bb global_colors_info=\u00bb{}\u00bb][\/et_pb_image][\/et_pb_column][et_pb_column type=\u00bb2_3&#8243; _builder_version=\u00bb4.16&#8243; _module_preset=\u00bbdefault\u00bb custom_padding=\u00bb||||false|false\u00bb global_colors_info=\u00bb{}\u00bb][et_pb_text admin_label=\u00bbT\u00edtulo\u00bb _builder_version=\u00bb4.16&#8243; _module_preset=\u00bbdefault\u00bb text_text_color=\u00bb#000000&#8243; text_font_size=\u00bb18px\u00bb text_line_height=\u00bb1.2em\u00bb custom_margin=\u00bb|||-100px|false|false\u00bb custom_margin_tablet=\u00bb\u00bb custom_margin_phone=\u00bb10px|||0px|false|false\u00bb custom_margin_last_edited=\u00bbon|phone\u00bb text_font_size_tablet=\u00bb\u00bb text_font_size_phone=\u00bb\u00bb text_font_size_last_edited=\u00bbon|desktop\u00bb global_colors_info=\u00bb{}\u00bb]<\/p>\n<p class=\"post-title entry-title\"><strong><a class=\"et-accent-color\" href=\"https:\/\/www.fadu.unl.edu.ar\/polis\/letreros-artesanales-de-pequenos-comercios-del-eje-urbano-parana-santa-fe\/\">LETREROS ARTESANALES DE PEQUE\u00d1OS COMERCIOS: el eje urbano Paran\u00e1-Santa Fe<\/a><\/strong><\/p>\n<p>[\/et_pb_text][et_pb_text admin_label=\u00bbAutor &#8211; palabras claves\u00bb _builder_version=\u00bb4.16&#8243; _module_preset=\u00bbdefault\u00bb text_text_color=\u00bbrgba(0,0,0,0.43)\u00bb text_font_size=\u00bb12px\u00bb custom_margin=\u00bb|||-100px|false|false\u00bb custom_margin_tablet=\u00bb\u00bb custom_margin_phone=\u00bb|||0px|false|false\u00bb custom_margin_last_edited=\u00bbon|phone\u00bb text_font_size_tablet=\u00bb\u00bb text_font_size_phone=\u00bb\u00bb text_font_size_last_edited=\u00bbon|desktop\u00bb global_colors_info=\u00bb{}\u00bb]<\/p>\n<p>Paula Abuaf &#8211; Julieta Bussi<\/p>\n<p>[\/et_pb_text][\/et_pb_column][\/et_pb_row][et_pb_row use_custom_gutter=\u00bbon\u00bb admin_label=\u00bbseparador\u00bb _builder_version=\u00bb4.16&#8243; _module_preset=\u00bbdefault\u00bb width=\u00bb100%\u00bb custom_margin=\u00bb-15px||||false|false\u00bb collapsed=\u00bbon\u00bb global_colors_info=\u00bb{}\u00bb][et_pb_column type=\u00bb4_4&#8243; _builder_version=\u00bb4.16&#8243; _module_preset=\u00bbdefault\u00bb global_colors_info=\u00bb{}\u00bb][et_pb_divider color=\u00bbrgba(0,0,0,0.2)\u00bb _builder_version=\u00bb4.16&#8243; _module_preset=\u00bbdefault\u00bb custom_margin=\u00bb||||false|false\u00bb global_colors_info=\u00bb{}\u00bb][\/et_pb_divider][\/et_pb_column][\/et_pb_row][et_pb_row column_structure=\u00bb1_3,2_3&#8243; use_custom_gutter=\u00bbon\u00bb gutter_width=\u00bb1&#8243; make_equal=\u00bbon\u00bb custom_padding_last_edited=\u00bbon|phone\u00bb admin_label=\u00bbNota &#8211; Titulo y autor\u00bb _builder_version=\u00bb4.16&#8243; _module_preset=\u00bbdefault\u00bb width=\u00bb83%\u00bb max_width=\u00bb601px\u00bb module_alignment=\u00bbleft\u00bb custom_margin=\u00bb-30px||||false|false\u00bb custom_padding=\u00bb|||40px|false|false\u00bb custom_padding_tablet=\u00bb\u00bb custom_padding_phone=\u00bb|||25px|false|false\u00bb collapsed=\u00bboff\u00bb global_colors_info=\u00bb{}\u00bb][et_pb_column type=\u00bb1_3&#8243; _builder_version=\u00bb4.16&#8243; _module_preset=\u00bbdefault\u00bb custom_padding=\u00bb||||false|false\u00bb global_colors_info=\u00bb{}\u00bb][et_pb_image src=\u00bbhttps:\/\/www.fadu.unl.edu.ar\/polis\/wp-content\/uploads\/2020\/08\/grabois-miniatura.jpg\u00bb title_text=\u00bbgrabois-miniatura\u00bb _builder_version=\u00bb4.16&#8243; _module_preset=\u00bbdefault\u00bb global_colors_info=\u00bb{}\u00bb][\/et_pb_image][\/et_pb_column][et_pb_column type=\u00bb2_3&#8243; _builder_version=\u00bb4.16&#8243; _module_preset=\u00bbdefault\u00bb custom_padding=\u00bb||||false|false\u00bb global_colors_info=\u00bb{}\u00bb][et_pb_text admin_label=\u00bbT\u00edtulo\u00bb _builder_version=\u00bb4.16&#8243; _module_preset=\u00bbdefault\u00bb text_text_color=\u00bb#000000&#8243; text_font_size=\u00bb18px\u00bb text_line_height=\u00bb1.2em\u00bb custom_margin=\u00bb|||-100px|false|false\u00bb custom_margin_tablet=\u00bb\u00bb custom_margin_phone=\u00bb10px|||0px|false|false\u00bb custom_margin_last_edited=\u00bbon|phone\u00bb text_font_size_tablet=\u00bb\u00bb text_font_size_phone=\u00bb\u00bb text_font_size_last_edited=\u00bbon|desktop\u00bb global_colors_info=\u00bb{}\u00bb]<\/p>\n<p class=\"post-title entry-title\"><strong><a class=\"et-accent-color\" href=\"https:\/\/www.fadu.unl.edu.ar\/polis\/el-espacio-profesional-del-disenador-industrial-el-disenador-industrial-y-la-gestion-de-la-innovacion\/\">EL DISE\u00d1ADOR INDUSTRIAL y la gesti\u00f3n de la innovaci\u00f3n<\/a><\/strong><\/p>\n<p>[\/et_pb_text][et_pb_text admin_label=\u00bbAutor &#8211; palabras claves\u00bb _builder_version=\u00bb4.16&#8243; _module_preset=\u00bbdefault\u00bb text_text_color=\u00bbrgba(0,0,0,0.43)\u00bb text_font_size=\u00bb12px\u00bb custom_margin=\u00bb|||-100px|false|false\u00bb custom_margin_tablet=\u00bb\u00bb custom_margin_phone=\u00bb|||0px|false|false\u00bb custom_margin_last_edited=\u00bbon|phone\u00bb text_font_size_tablet=\u00bb\u00bb text_font_size_phone=\u00bb\u00bb text_font_size_last_edited=\u00bbon|desktop\u00bb global_colors_info=\u00bb{}\u00bb]<\/p>\n<p>Marcelo Grabois<\/p>\n<p>[\/et_pb_text][\/et_pb_column][\/et_pb_row][et_pb_row use_custom_gutter=\u00bbon\u00bb admin_label=\u00bbseparador\u00bb _builder_version=\u00bb4.16&#8243; _module_preset=\u00bbdefault\u00bb width=\u00bb100%\u00bb custom_margin=\u00bb-15px||||false|false\u00bb collapsed=\u00bbon\u00bb global_colors_info=\u00bb{}\u00bb][et_pb_column type=\u00bb4_4&#8243; _builder_version=\u00bb4.16&#8243; _module_preset=\u00bbdefault\u00bb global_colors_info=\u00bb{}\u00bb][et_pb_divider color=\u00bbrgba(0,0,0,0.2)\u00bb _builder_version=\u00bb4.16&#8243; _module_preset=\u00bbdefault\u00bb custom_margin=\u00bb||||false|false\u00bb global_colors_info=\u00bb{}\u00bb][\/et_pb_divider][\/et_pb_column][\/et_pb_row][et_pb_row column_structure=\u00bb1_3,2_3&#8243; use_custom_gutter=\u00bbon\u00bb gutter_width=\u00bb1&#8243; make_equal=\u00bbon\u00bb custom_padding_last_edited=\u00bbon|phone\u00bb admin_label=\u00bbNota &#8211; Titulo y autor\u00bb _builder_version=\u00bb4.16&#8243; _module_preset=\u00bbdefault\u00bb width=\u00bb83%\u00bb max_width=\u00bb601px\u00bb module_alignment=\u00bbleft\u00bb custom_margin=\u00bb||||false|false\u00bb custom_margin_tablet=\u00bb\u00bb custom_margin_phone=\u00bb-30px||||false|false\u00bb custom_margin_last_edited=\u00bbon|phone\u00bb custom_padding=\u00bb|||40px|false|false\u00bb custom_padding_tablet=\u00bb\u00bb custom_padding_phone=\u00bb|||25px|false|false\u00bb collapsed=\u00bbon\u00bb global_colors_info=\u00bb{}\u00bb][et_pb_column type=\u00bb1_3&#8243; _builder_version=\u00bb4.16&#8243; _module_preset=\u00bbdefault\u00bb custom_padding=\u00bb||||false|false\u00bb global_colors_info=\u00bb{}\u00bb][et_pb_image src=\u00bbhttps:\/\/www.fadu.unl.edu.ar\/polis\/wp-content\/uploads\/2020\/08\/cristaldo-miniatura-1.jpg\u00bb title_text=\u00bbcristaldo-miniatura\u00bb _builder_version=\u00bb4.16&#8243; _module_preset=\u00bbdefault\u00bb global_colors_info=\u00bb{}\u00bb][\/et_pb_image][\/et_pb_column][et_pb_column type=\u00bb2_3&#8243; _builder_version=\u00bb4.16&#8243; _module_preset=\u00bbdefault\u00bb custom_padding=\u00bb||||false|false\u00bb global_colors_info=\u00bb{}\u00bb][et_pb_text admin_label=\u00bbT\u00edtulo\u00bb _builder_version=\u00bb4.16&#8243; _module_preset=\u00bbdefault\u00bb text_text_color=\u00bb#000000&#8243; text_font_size=\u00bb18px\u00bb text_line_height=\u00bb1.2em\u00bb custom_margin=\u00bb|||-100px|false|false\u00bb custom_margin_tablet=\u00bb\u00bb custom_margin_phone=\u00bb10px|||0px|false|false\u00bb custom_margin_last_edited=\u00bbon|phone\u00bb text_font_size_tablet=\u00bb\u00bb text_font_size_phone=\u00bb\u00bb text_font_size_last_edited=\u00bbon|desktop\u00bb global_colors_info=\u00bb{}\u00bb]<\/p>\n<p class=\"post-title entry-title\"><strong><a class=\"et-accent-color\" href=\"https:\/\/www.fadu.unl.edu.ar\/polis\/salir-a-dibujar-el-reconocimiento-corporal-del-espacio-urbano-para-la-incorporacion-de-herramientas-disciplinares\/\">SALIR A DIBUJAR: el reconocimiento corporal del espacio urbano para la incorporaci\u00f3n de herramientas disciplinares<\/a><\/strong><\/p>\n<p class=\"post-title entry-title\"><strong><a class=\"et-accent-color\" href=\"https:\/\/www.fadu.unl.edu.ar\/polis\/el-espacio-profesional-del-disenador-industrial-el-disenador-industrial-y-la-gestion-de-la-innovacion\/\"><\/a><\/strong><\/p>\n<p>[\/et_pb_text][et_pb_text admin_label=\u00bbAutor &#8211; palabras claves\u00bb _builder_version=\u00bb4.16&#8243; _module_preset=\u00bbdefault\u00bb text_text_color=\u00bbrgba(0,0,0,0.43)\u00bb text_font_size=\u00bb12px\u00bb custom_margin=\u00bb-25px|||-100px|false|false\u00bb custom_margin_tablet=\u00bb\u00bb custom_margin_phone=\u00bb-25px|||0px|false|false\u00bb custom_margin_last_edited=\u00bbon|phone\u00bb text_font_size_tablet=\u00bb\u00bb text_font_size_phone=\u00bb\u00bb text_font_size_last_edited=\u00bbon|desktop\u00bb global_colors_info=\u00bb{}\u00bb]<\/p>\n<p>Diego Cristaldo<\/p>\n<p>[\/et_pb_text][\/et_pb_column][\/et_pb_row][et_pb_row use_custom_gutter=\u00bbon\u00bb admin_label=\u00bbseparador\u00bb _builder_version=\u00bb4.16&#8243; _module_preset=\u00bbdefault\u00bb width=\u00bb100%\u00bb custom_margin=\u00bb-15px||||false|false\u00bb collapsed=\u00bbon\u00bb global_colors_info=\u00bb{}\u00bb][et_pb_column type=\u00bb4_4&#8243; _builder_version=\u00bb4.16&#8243; _module_preset=\u00bbdefault\u00bb global_colors_info=\u00bb{}\u00bb][et_pb_divider color=\u00bbrgba(0,0,0,0.2)\u00bb _builder_version=\u00bb4.16&#8243; _module_preset=\u00bbdefault\u00bb custom_margin=\u00bb||||false|false\u00bb global_colors_info=\u00bb{}\u00bb][\/et_pb_divider][\/et_pb_column][\/et_pb_row][et_pb_row column_structure=\u00bb1_3,2_3&#8243; use_custom_gutter=\u00bbon\u00bb gutter_width=\u00bb1&#8243; make_equal=\u00bbon\u00bb custom_padding_last_edited=\u00bbon|desktop\u00bb admin_label=\u00bbNota &#8211; Titulo y autor\u00bb _builder_version=\u00bb4.16&#8243; _module_preset=\u00bbdefault\u00bb width=\u00bb83%\u00bb max_width=\u00bb601px\u00bb module_alignment=\u00bbleft\u00bb custom_margin=\u00bb||||false|false\u00bb custom_margin_tablet=\u00bb\u00bb custom_margin_phone=\u00bb-30px||||false|false\u00bb custom_margin_last_edited=\u00bbon|phone\u00bb custom_padding=\u00bb|||40px|false|false\u00bb custom_padding_tablet=\u00bb\u00bb custom_padding_phone=\u00bb|||25px|false|false\u00bb collapsed=\u00bbon\u00bb global_colors_info=\u00bb{}\u00bb][et_pb_column type=\u00bb1_3&#8243; _builder_version=\u00bb4.16&#8243; _module_preset=\u00bbdefault\u00bb custom_padding=\u00bb||||false|false\u00bb global_colors_info=\u00bb{}\u00bb][et_pb_image src=\u00bbhttps:\/\/www.fadu.unl.edu.ar\/polis\/wp-content\/uploads\/2020\/08\/picco-miniatura.jpg\u00bb title_text=\u00bbpicco-miniatura\u00bb _builder_version=\u00bb4.16&#8243; _module_preset=\u00bbdefault\u00bb global_colors_info=\u00bb{}\u00bb][\/et_pb_image][\/et_pb_column][et_pb_column type=\u00bb2_3&#8243; _builder_version=\u00bb4.16&#8243; _module_preset=\u00bbdefault\u00bb custom_padding=\u00bb||||false|false\u00bb global_colors_info=\u00bb{}\u00bb][et_pb_text admin_label=\u00bbT\u00edtulo\u00bb _builder_version=\u00bb4.16&#8243; _module_preset=\u00bbdefault\u00bb text_text_color=\u00bb#000000&#8243; text_font_size=\u00bb18px\u00bb text_line_height=\u00bb1.2em\u00bb custom_margin=\u00bb|||-100px|false|false\u00bb custom_margin_tablet=\u00bb\u00bb custom_margin_phone=\u00bb10px|||0px|false|false\u00bb custom_margin_last_edited=\u00bbon|desktop\u00bb text_font_size_tablet=\u00bb\u00bb text_font_size_phone=\u00bb\u00bb text_font_size_last_edited=\u00bbon|desktop\u00bb global_colors_info=\u00bb{}\u00bb]<\/p>\n<p class=\"post-title entry-title\"><a class=\"et-accent-color\" href=\"https:\/\/www.fadu.unl.edu.ar\/polis\/biomateriales-y-diseno-industrial-una-experiencia-interdisciplinar-en-contexto-rural\/\"><strong>BIOMATERIALES Y DISE\u00d1O INDUSTRIAL. Una experiencia interdisciplinar en contexto rural<\/strong><\/a><\/p>\n<p class=\"post-title entry-title\"><strong><a class=\"et-accent-color\" href=\"https:\/\/www.fadu.unl.edu.ar\/polis\/el-espacio-profesional-del-disenador-industrial-el-disenador-industrial-y-la-gestion-de-la-innovacion\/\"><\/a><\/strong><\/p>\n<p>[\/et_pb_text][et_pb_text admin_label=\u00bbAutor &#8211; palabras claves\u00bb _builder_version=\u00bb4.16&#8243; _module_preset=\u00bbdefault\u00bb text_text_color=\u00bbrgba(0,0,0,0.43)\u00bb text_font_size=\u00bb12px\u00bb custom_margin=\u00bb-25px|||-100px|false|false\u00bb custom_margin_tablet=\u00bb\u00bb custom_margin_phone=\u00bb|||0px|false|false\u00bb custom_margin_last_edited=\u00bbon|desktop\u00bb text_font_size_tablet=\u00bb\u00bb text_font_size_phone=\u00bb\u00bb text_font_size_last_edited=\u00bbon|desktop\u00bb global_colors_info=\u00bb{}\u00bb]<\/p>\n<p>Camila Macarena Picco<\/p>\n<p>[\/et_pb_text][\/et_pb_column][\/et_pb_row][et_pb_row use_custom_gutter=\u00bbon\u00bb admin_label=\u00bbseparador\u00bb _builder_version=\u00bb4.16&#8243; _module_preset=\u00bbdefault\u00bb width=\u00bb100%\u00bb custom_margin=\u00bb-15px||||false|false\u00bb collapsed=\u00bbon\u00bb global_colors_info=\u00bb{}\u00bb][et_pb_column type=\u00bb4_4&#8243; _builder_version=\u00bb4.16&#8243; _module_preset=\u00bbdefault\u00bb global_colors_info=\u00bb{}\u00bb][et_pb_divider color=\u00bbrgba(0,0,0,0.2)\u00bb _builder_version=\u00bb4.16&#8243; _module_preset=\u00bbdefault\u00bb custom_margin=\u00bb||||false|false\u00bb global_colors_info=\u00bb{}\u00bb][\/et_pb_divider][\/et_pb_column][\/et_pb_row][et_pb_row column_structure=\u00bb1_3,2_3&#8243; use_custom_gutter=\u00bbon\u00bb gutter_width=\u00bb1&#8243; make_equal=\u00bbon\u00bb custom_padding_last_edited=\u00bbon|desktop\u00bb admin_label=\u00bbNota &#8211; Titulo y autor\u00bb _builder_version=\u00bb4.16&#8243; _module_preset=\u00bbdefault\u00bb width=\u00bb83%\u00bb max_width=\u00bb601px\u00bb module_alignment=\u00bbleft\u00bb custom_margin=\u00bb-30px||||false|false\u00bb custom_padding=\u00bb|||40px|false|false\u00bb custom_padding_tablet=\u00bb\u00bb custom_padding_phone=\u00bb|||25px|false|false\u00bb collapsed=\u00bbon\u00bb global_colors_info=\u00bb{}\u00bb][et_pb_column type=\u00bb1_3&#8243; _builder_version=\u00bb4.16&#8243; _module_preset=\u00bbdefault\u00bb custom_padding=\u00bb||||false|false\u00bb global_colors_info=\u00bb{}\u00bb][et_pb_image src=\u00bbhttps:\/\/www.fadu.unl.edu.ar\/polis\/wp-content\/uploads\/2020\/08\/cina-miniatura.jpg\u00bb title_text=\u00bbcina-miniatura\u00bb _builder_version=\u00bb4.16&#8243; _module_preset=\u00bbdefault\u00bb global_colors_info=\u00bb{}\u00bb][\/et_pb_image][\/et_pb_column][et_pb_column type=\u00bb2_3&#8243; _builder_version=\u00bb4.16&#8243; _module_preset=\u00bbdefault\u00bb custom_padding=\u00bb||||false|false\u00bb global_colors_info=\u00bb{}\u00bb][et_pb_text admin_label=\u00bbT\u00edtulo\u00bb _builder_version=\u00bb4.16&#8243; _module_preset=\u00bbdefault\u00bb text_text_color=\u00bb#000000&#8243; text_font_size=\u00bb18px\u00bb text_line_height=\u00bb1.2em\u00bb custom_margin=\u00bb|||-100px|false|false\u00bb custom_margin_tablet=\u00bb\u00bb custom_margin_phone=\u00bb10px|||0px|false|false\u00bb custom_margin_last_edited=\u00bbon|phone\u00bb text_font_size_tablet=\u00bb\u00bb text_font_size_phone=\u00bb\u00bb text_font_size_last_edited=\u00bbon|desktop\u00bb global_colors_info=\u00bb{}\u00bb]<\/p>\n<p class=\"post-title entry-title\"><strong><a class=\"et-accent-color\" href=\"https:\/\/www.fadu.unl.edu.ar\/polis\/la-marca-lugar-en-argentina-casos-conceptos-y-debates\/\">LA MARCA LUGAR EN ARGENTINA: casos, conceptos y debates<\/a><\/strong><\/p>\n<p class=\"post-title entry-title\"><a class=\"et-accent-color\" href=\"https:\/\/www.fadu.unl.edu.ar\/polis\/biomateriales-y-diseno-industrial-una-experiencia-interdisciplinar-en-contexto-rural\/\"><strong><\/strong><\/a><\/p>\n<p class=\"post-title entry-title\"><strong><a class=\"et-accent-color\" href=\"https:\/\/www.fadu.unl.edu.ar\/polis\/el-espacio-profesional-del-disenador-industrial-el-disenador-industrial-y-la-gestion-de-la-innovacion\/\"><\/a><\/strong><\/p>\n<p>[\/et_pb_text][et_pb_text admin_label=\u00bbAutor &#8211; palabras claves\u00bb _builder_version=\u00bb4.16&#8243; _module_preset=\u00bbdefault\u00bb text_text_color=\u00bbrgba(0,0,0,0.43)\u00bb text_font_size=\u00bb12px\u00bb custom_margin=\u00bb-25px|||-100px|false|false\u00bb custom_margin_tablet=\u00bb\u00bb custom_margin_phone=\u00bb-25px|||0px|false|false\u00bb custom_margin_last_edited=\u00bbon|phone\u00bb text_font_size_tablet=\u00bb\u00bb text_font_size_phone=\u00bb\u00bb text_font_size_last_edited=\u00bbon|desktop\u00bb global_colors_info=\u00bb{}\u00bb]<\/p>\n<p>Victoria Cina<\/p>\n<p>[\/et_pb_text][\/et_pb_column][\/et_pb_row][et_pb_row use_custom_gutter=\u00bbon\u00bb admin_label=\u00bbseparador\u00bb _builder_version=\u00bb4.16&#8243; _module_preset=\u00bbdefault\u00bb width=\u00bb100%\u00bb custom_margin=\u00bb-15px||||false|false\u00bb collapsed=\u00bbon\u00bb global_colors_info=\u00bb{}\u00bb][et_pb_column type=\u00bb4_4&#8243; _builder_version=\u00bb4.16&#8243; _module_preset=\u00bbdefault\u00bb global_colors_info=\u00bb{}\u00bb][et_pb_divider color=\u00bbrgba(0,0,0,0.2)\u00bb _builder_version=\u00bb4.16&#8243; _module_preset=\u00bbdefault\u00bb custom_margin=\u00bb||||false|false\u00bb global_colors_info=\u00bb{}\u00bb][\/et_pb_divider][\/et_pb_column][\/et_pb_row][et_pb_row column_structure=\u00bb1_3,2_3&#8243; use_custom_gutter=\u00bbon\u00bb gutter_width=\u00bb1&#8243; make_equal=\u00bbon\u00bb custom_padding_last_edited=\u00bbon|desktop\u00bb admin_label=\u00bbNota &#8211; Titulo y autor\u00bb _builder_version=\u00bb4.16&#8243; _module_preset=\u00bbdefault\u00bb width=\u00bb83%\u00bb max_width=\u00bb601px\u00bb module_alignment=\u00bbleft\u00bb custom_margin=\u00bb||||false|false\u00bb custom_margin_tablet=\u00bb\u00bb custom_margin_phone=\u00bb-30px||||false|false\u00bb custom_margin_last_edited=\u00bbon|phone\u00bb custom_padding=\u00bb|||40px|false|false\u00bb custom_padding_tablet=\u00bb\u00bb custom_padding_phone=\u00bb|||25px|false|false\u00bb collapsed=\u00bboff\u00bb global_colors_info=\u00bb{}\u00bb][et_pb_column type=\u00bb1_3&#8243; _builder_version=\u00bb4.16&#8243; _module_preset=\u00bbdefault\u00bb custom_padding=\u00bb||||false|false\u00bb global_colors_info=\u00bb{}\u00bb][et_pb_image src=\u00bbhttps:\/\/www.fadu.unl.edu.ar\/polis\/wp-content\/uploads\/2020\/08\/edicion-especial-17.jpg\u00bb title_text=\u00bbedicion-especial-17&#8243; _builder_version=\u00bb4.16&#8243; _module_preset=\u00bbdefault\u00bb global_colors_info=\u00bb{}\u00bb][\/et_pb_image][\/et_pb_column][et_pb_column type=\u00bb2_3&#8243; _builder_version=\u00bb4.16&#8243; _module_preset=\u00bbdefault\u00bb custom_padding=\u00bb||||false|false\u00bb global_colors_info=\u00bb{}\u00bb][et_pb_text admin_label=\u00bbT\u00edtulo\u00bb _builder_version=\u00bb4.16&#8243; _module_preset=\u00bbdefault\u00bb text_text_color=\u00bb#000000&#8243; text_font_size=\u00bb18px\u00bb text_line_height=\u00bb1.2em\u00bb custom_margin=\u00bb|||-100px|false|false\u00bb custom_margin_tablet=\u00bb\u00bb custom_margin_phone=\u00bb10px|||0px|false|false\u00bb custom_margin_last_edited=\u00bbon|phone\u00bb text_font_size_tablet=\u00bb\u00bb text_font_size_phone=\u00bb\u00bb text_font_size_last_edited=\u00bbon|desktop\u00bb global_colors_info=\u00bb{}\u00bb]<\/p>\n<p class=\"entry-title\"><strong>Convocatoria<a class=\"et-accent-color\" href=\"https:\/\/www.fadu.unl.edu.ar\/polis\/edicion-especial-17\/\"> especial #17<\/a><\/strong><\/p>\n<p>[\/et_pb_text][et_pb_text admin_label=\u00bbAutor &#8211; palabras claves\u00bb _builder_version=\u00bb4.16&#8243; _module_preset=\u00bbdefault\u00bb text_text_color=\u00bbrgba(0,0,0,0.43)\u00bb text_font_size=\u00bb12px\u00bb custom_margin=\u00bb|||-100px|false|false\u00bb custom_margin_tablet=\u00bb\u00bb custom_margin_phone=\u00bb|||0px|false|false\u00bb custom_margin_last_edited=\u00bbon|phone\u00bb text_font_size_tablet=\u00bb\u00bb text_font_size_phone=\u00bb\u00bb text_font_size_last_edited=\u00bbon|desktop\u00bb global_colors_info=\u00bb{}\u00bb]<\/p>\n<p>Comit\u00e9 Editorial<\/p>\n<p>[\/et_pb_text][\/et_pb_column][\/et_pb_row][\/et_pb_section]<\/p>\n","protected":false},"excerpt":{"rendered":"<p>POLIS #17 Agosto 2020POLIS #17. EditorialSergio Cosentino\u00a0DISE\u00d1O Y CINE. Hacia una did\u00e1ctica h\u00edbridaCarlos Falco\u00a0B\u00daSQUEDAS METODOL\u00d3GICAS EN TORNO AL DISE\u00d1O: una posibilidadJosefina Zetner &#8211; Moriana AbrahamLETREROS ARTESANALES DE PEQUE\u00d1OS COMERCIOS: el eje urbano Paran\u00e1-Santa FePaula Abuaf &#8211; Julieta BussiEL DISE\u00d1ADOR INDUSTRIAL y la gesti\u00f3n de la innovaci\u00f3nMarcelo GraboisSALIR A DIBUJAR: el reconocimiento corporal del espacio urbano [&hellip;]<\/p>\n","protected":false},"author":2,"featured_media":0,"parent":0,"menu_order":0,"comment_status":"closed","ping_status":"closed","template":"","meta":{"_et_pb_use_builder":"on","_et_pb_old_content":"<!-- wp:divi\/placeholder \/-->","_et_gb_content_width":"678","footnotes":""},"class_list":["post-3271","page","type-page","status-publish","hentry"],"_links":{"self":[{"href":"https:\/\/www.fadu.unl.edu.ar\/polis\/index.php?rest_route=\/wp\/v2\/pages\/3271","targetHints":{"allow":["GET"]}}],"collection":[{"href":"https:\/\/www.fadu.unl.edu.ar\/polis\/index.php?rest_route=\/wp\/v2\/pages"}],"about":[{"href":"https:\/\/www.fadu.unl.edu.ar\/polis\/index.php?rest_route=\/wp\/v2\/types\/page"}],"author":[{"embeddable":true,"href":"https:\/\/www.fadu.unl.edu.ar\/polis\/index.php?rest_route=\/wp\/v2\/users\/2"}],"replies":[{"embeddable":true,"href":"https:\/\/www.fadu.unl.edu.ar\/polis\/index.php?rest_route=%2Fwp%2Fv2%2Fcomments&post=3271"}],"version-history":[{"count":5,"href":"https:\/\/www.fadu.unl.edu.ar\/polis\/index.php?rest_route=\/wp\/v2\/pages\/3271\/revisions"}],"predecessor-version":[{"id":3908,"href":"https:\/\/www.fadu.unl.edu.ar\/polis\/index.php?rest_route=\/wp\/v2\/pages\/3271\/revisions\/3908"}],"wp:attachment":[{"href":"https:\/\/www.fadu.unl.edu.ar\/polis\/index.php?rest_route=%2Fwp%2Fv2%2Fmedia&parent=3271"}],"curies":[{"name":"wp","href":"https:\/\/api.w.org\/{rel}","templated":true}]}}