{"id":3765,"date":"2022-06-15T18:42:34","date_gmt":"2022-06-15T18:42:34","guid":{"rendered":"https:\/\/www.fadu.unl.edu.ar\/polis\/?page_id=3765"},"modified":"2022-07-06T14:22:18","modified_gmt":"2022-07-06T14:22:18","slug":"edicion-19","status":"publish","type":"page","link":"https:\/\/www.fadu.unl.edu.ar\/polis\/?page_id=3765","title":{"rendered":"Edici\u00f3n #19"},"content":{"rendered":"<p>[et_pb_section fb_built=\u00bb1&#8243; admin_label=\u00bbedicion 18&#8243; module_id=\u00bb18&#8243; _builder_version=\u00bb4.17.4&#8243; _module_preset=\u00bbdefault\u00bb custom_margin=\u00bb-110px||||false|false\u00bb custom_margin_tablet=\u00bb\u00bb custom_margin_phone=\u00bb\u00bb custom_margin_last_edited=\u00bbon|desktop\u00bb border_color_all=\u00bbRGBA(255,255,255,0)\u00bb border_width_top=\u00bb8px\u00bb border_color_top=\u00bb#400092&#8243; collapsed=\u00bbon\u00bb global_colors_info=\u00bb{}\u00bb][et_pb_row admin_label=\u00bbSumario\u00bb _builder_version=\u00bb4.16&#8243; _module_preset=\u00bbdefault\u00bb custom_margin=\u00bb-25px||||false|false\u00bb custom_margin_tablet=\u00bb\u00bb custom_margin_phone=\u00bb||||false|false\u00bb custom_margin_last_edited=\u00bbon|phone\u00bb collapsed=\u00bbon\u00bb global_colors_info=\u00bb{}\u00bb][et_pb_column type=\u00bb4_4&#8243; _builder_version=\u00bb4.16&#8243; _module_preset=\u00bbdefault\u00bb global_colors_info=\u00bb{}\u00bb][et_pb_text _builder_version=\u00bb4.17.4&#8243; _module_preset=\u00bbdefault\u00bb text_font_size=\u00bb18px\u00bb custom_margin=\u00bb||||false|false\u00bb custom_padding=\u00bb||3px|||\u00bb hover_enabled=\u00bb0&#8243; text_font_size_tablet=\u00bb\u00bb text_font_size_phone=\u00bb\u00bb text_font_size_last_edited=\u00bbon|desktop\u00bb inline_fonts=\u00bbMerriweather\u00bb global_colors_info=\u00bb{}\u00bb sticky_enabled=\u00bb0&#8243;]<\/p>\n<p><span style=\"color: #400092;\"><span style=\"font-family: Merriweather;\"><strong>POLIS #19<\/strong><\/span> <\/span>Agosto 2021<\/p>\n<p>[\/et_pb_text][\/et_pb_column][\/et_pb_row][et_pb_row column_structure=\u00bb1_3,2_3&#8243; use_custom_gutter=\u00bbon\u00bb gutter_width=\u00bb1&#8243; make_equal=\u00bbon\u00bb custom_padding_last_edited=\u00bbon|phone\u00bb admin_label=\u00bbNota &#8211; Titulo y autor\u00bb _builder_version=\u00bb4.16&#8243; _module_preset=\u00bbdefault\u00bb width=\u00bb83%\u00bb max_width=\u00bb601px\u00bb module_alignment=\u00bbleft\u00bb custom_margin=\u00bb||||false|false\u00bb custom_margin_tablet=\u00bb\u00bb custom_margin_phone=\u00bb-30px||||false|false\u00bb custom_margin_last_edited=\u00bbon|phone\u00bb custom_padding=\u00bb|||40px|false|false\u00bb custom_padding_tablet=\u00bb\u00bb custom_padding_phone=\u00bb|||25px|false|false\u00bb collapsed=\u00bbon\u00bb global_colors_info=\u00bb{}\u00bb][et_pb_column type=\u00bb1_3&#8243; _builder_version=\u00bb4.16&#8243; _module_preset=\u00bbdefault\u00bb custom_padding=\u00bb||||false|false\u00bb global_colors_info=\u00bb{}\u00bb][et_pb_image src=\u00bbhttps:\/\/www.fadu.unl.edu.ar\/polis\/wp-content\/uploads\/2022\/06\/editorial1.jpg\u00bb title_text=\u00bbeditorial1&#8243; _builder_version=\u00bb4.17.4&#8243; _module_preset=\u00bbdefault\u00bb global_colors_info=\u00bb{}\u00bb][\/et_pb_image][\/et_pb_column][et_pb_column type=\u00bb2_3&#8243; _builder_version=\u00bb4.16&#8243; _module_preset=\u00bbdefault\u00bb custom_padding=\u00bb||||false|false\u00bb global_colors_info=\u00bb{}\u00bb][et_pb_text admin_label=\u00bbT\u00edtulo\u00bb _builder_version=\u00bb4.17.4&#8243; _module_preset=\u00bbdefault\u00bb text_text_color=\u00bb#000000&#8243; text_font_size=\u00bb18px\u00bb custom_margin=\u00bb|||-100px|false|false\u00bb custom_margin_tablet=\u00bb\u00bb custom_margin_phone=\u00bb|||0px|false|false\u00bb custom_margin_last_edited=\u00bbon|phone\u00bb text_font_size_tablet=\u00bb\u00bb text_font_size_phone=\u00bb\u00bb text_font_size_last_edited=\u00bbon|desktop\u00bb global_colors_info=\u00bb{}\u00bb]<\/p>\n<p><a href=\"https:\/\/www.fadu.unl.edu.ar\/polis\/polis-19-editorial\/\"><strong>POLIS #19. Editorial<\/strong><\/a><\/p>\n<p>[\/et_pb_text][et_pb_text admin_label=\u00bbAutor &#8211; palabras claves\u00bb _builder_version=\u00bb4.17.4&#8243; _module_preset=\u00bbdefault\u00bb text_text_color=\u00bbrgba(0,0,0,0.43)\u00bb text_font_size=\u00bb12px\u00bb custom_margin=\u00bb|||-100px|false|false\u00bb custom_margin_tablet=\u00bb\u00bb custom_margin_phone=\u00bb|||0px|false|false\u00bb custom_margin_last_edited=\u00bbon|phone\u00bb text_font_size_tablet=\u00bb\u00bb text_font_size_phone=\u00bb\u00bb text_font_size_last_edited=\u00bbon|desktop\u00bb global_colors_info=\u00bb{}\u00bb]<\/p>\n<p>Comit\u00e9 Editorial<\/p>\n<p>[\/et_pb_text][\/et_pb_column][\/et_pb_row][et_pb_row use_custom_gutter=\u00bbon\u00bb admin_label=\u00bbseparador\u00bb _builder_version=\u00bb4.16&#8243; _module_preset=\u00bbdefault\u00bb width=\u00bb100%\u00bb custom_margin=\u00bb-15px||||false|false\u00bb collapsed=\u00bbon\u00bb global_colors_info=\u00bb{}\u00bb][et_pb_column type=\u00bb4_4&#8243; _builder_version=\u00bb4.16&#8243; _module_preset=\u00bbdefault\u00bb global_colors_info=\u00bb{}\u00bb][et_pb_divider color=\u00bbrgba(0,0,0,0.2)\u00bb _builder_version=\u00bb4.16&#8243; _module_preset=\u00bbdefault\u00bb custom_margin=\u00bb||||false|false\u00bb global_colors_info=\u00bb{}\u00bb][\/et_pb_divider][\/et_pb_column][\/et_pb_row][et_pb_row column_structure=\u00bb1_3,2_3&#8243; use_custom_gutter=\u00bbon\u00bb gutter_width=\u00bb1&#8243; make_equal=\u00bbon\u00bb custom_padding_last_edited=\u00bbon|phone\u00bb admin_label=\u00bbNota &#8211; Titulo y autor\u00bb _builder_version=\u00bb4.16&#8243; _module_preset=\u00bbdefault\u00bb width=\u00bb83%\u00bb max_width=\u00bb601px\u00bb module_alignment=\u00bbleft\u00bb custom_margin=\u00bb-30px||||false|false\u00bb custom_padding=\u00bb|||40px|false|false\u00bb custom_padding_tablet=\u00bb\u00bb custom_padding_phone=\u00bb|||25px|false|false\u00bb collapsed=\u00bbon\u00bb global_colors_info=\u00bb{}\u00bb][et_pb_column type=\u00bb1_3&#8243; _builder_version=\u00bb4.16&#8243; _module_preset=\u00bbdefault\u00bb custom_padding=\u00bb||||false|false\u00bb global_colors_info=\u00bb{}\u00bb][et_pb_image src=\u00bbhttps:\/\/www.fadu.unl.edu.ar\/polis\/wp-content\/uploads\/2022\/06\/zambiazzo-miniatura.jpg\u00bb title_text=\u00bbzambiazzo-miniatura\u00bb _builder_version=\u00bb4.17.4&#8243; _module_preset=\u00bbdefault\u00bb width=\u00bb28%\u00bb module_alignment=\u00bbleft\u00bb custom_margin_tablet=\u00bb\u00bb custom_margin_phone=\u00bb\u00bb custom_margin_last_edited=\u00bbon|phone\u00bb global_colors_info=\u00bb{}\u00bb][\/et_pb_image][\/et_pb_column][et_pb_column type=\u00bb2_3&#8243; _builder_version=\u00bb4.16&#8243; _module_preset=\u00bbdefault\u00bb custom_padding=\u00bb||||false|false\u00bb global_colors_info=\u00bb{}\u00bb][et_pb_text admin_label=\u00bbT\u00edtulo\u00bb _builder_version=\u00bb4.17.4&#8243; _module_preset=\u00bbdefault\u00bb text_text_color=\u00bb#000000&#8243; text_font_size=\u00bb18px\u00bb text_line_height=\u00bb1.3em\u00bb custom_margin=\u00bb|||-100px|false|false\u00bb custom_margin_tablet=\u00bb\u00bb custom_margin_phone=\u00bb10px|||0px|false|false\u00bb custom_margin_last_edited=\u00bbon|phone\u00bb text_font_size_tablet=\u00bb\u00bb text_font_size_phone=\u00bb\u00bb text_font_size_last_edited=\u00bbon|desktop\u00bb text_line_height_tablet=\u00bb\u00bb text_line_height_phone=\u00bb1.2em\u00bb text_line_height_last_edited=\u00bbon|phone\u00bb global_colors_info=\u00bb{}\u00bb]<\/p>\n<p class=\"entry-title\"><strong><a href=\"https:\/\/www.fadu.unl.edu.ar\/polis\/la-forma-y-sus-derivados-en-la-ensenanza-de-la-arquitectura-superposicones-divergencias-y-convergencias\/\">LA FORMA Y SUS DERIVADOS EN LA ENSE\u00d1ANZA DE LA ARQUITECTURA: superposiciones, divergencias y convergencias<\/a><\/strong><\/p>\n<p>[\/et_pb_text][et_pb_text admin_label=\u00bbAutor &#8211; palabras claves\u00bb _builder_version=\u00bb4.17.4&#8243; _module_preset=\u00bbdefault\u00bb text_text_color=\u00bbrgba(0,0,0,0.43)\u00bb text_font_size=\u00bb12px\u00bb custom_margin=\u00bb|||-100px|false|false\u00bb custom_margin_tablet=\u00bb\u00bb custom_margin_phone=\u00bb|||0px|false|false\u00bb custom_margin_last_edited=\u00bbon|phone\u00bb text_font_size_tablet=\u00bb\u00bb text_font_size_phone=\u00bb\u00bb text_font_size_last_edited=\u00bbon|desktop\u00bb global_colors_info=\u00bb{}\u00bb]<\/p>\n<p>Dana Lais Zambiasio<\/p>\n<p>[\/et_pb_text][\/et_pb_column][\/et_pb_row][et_pb_row use_custom_gutter=\u00bbon\u00bb admin_label=\u00bbseparador\u00bb _builder_version=\u00bb4.16&#8243; _module_preset=\u00bbdefault\u00bb width=\u00bb100%\u00bb custom_margin=\u00bb-15px||||false|false\u00bb collapsed=\u00bbon\u00bb global_colors_info=\u00bb{}\u00bb][et_pb_column type=\u00bb4_4&#8243; _builder_version=\u00bb4.16&#8243; _module_preset=\u00bbdefault\u00bb global_colors_info=\u00bb{}\u00bb][et_pb_divider color=\u00bbrgba(0,0,0,0.2)\u00bb _builder_version=\u00bb4.16&#8243; _module_preset=\u00bbdefault\u00bb custom_margin=\u00bb||||false|false\u00bb global_colors_info=\u00bb{}\u00bb][\/et_pb_divider][\/et_pb_column][\/et_pb_row][et_pb_row column_structure=\u00bb1_3,2_3&#8243; use_custom_gutter=\u00bbon\u00bb gutter_width=\u00bb1&#8243; make_equal=\u00bbon\u00bb custom_padding_last_edited=\u00bbon|phone\u00bb admin_label=\u00bbNota &#8211; Titulo y autor\u00bb _builder_version=\u00bb4.16&#8243; _module_preset=\u00bbdefault\u00bb width=\u00bb83%\u00bb max_width=\u00bb601px\u00bb module_alignment=\u00bbleft\u00bb custom_margin=\u00bb-30px||||false|false\u00bb custom_padding=\u00bb|||40px|false|false\u00bb custom_padding_tablet=\u00bb\u00bb custom_padding_phone=\u00bb|||25px|false|false\u00bb collapsed=\u00bboff\u00bb global_colors_info=\u00bb{}\u00bb][et_pb_column type=\u00bb1_3&#8243; _builder_version=\u00bb4.16&#8243; _module_preset=\u00bbdefault\u00bb custom_padding=\u00bb||||false|false\u00bb global_colors_info=\u00bb{}\u00bb][et_pb_image src=\u00bbhttps:\/\/www.fadu.unl.edu.ar\/polis\/wp-content\/uploads\/2020\/12\/vera-miniatura.jpg\u00bb title_text=\u00bbvera-miniatura\u00bb _builder_version=\u00bb4.16&#8243; _module_preset=\u00bbdefault\u00bb global_colors_info=\u00bb{}\u00bb][\/et_pb_image][\/et_pb_column][et_pb_column type=\u00bb2_3&#8243; _builder_version=\u00bb4.16&#8243; _module_preset=\u00bbdefault\u00bb custom_padding=\u00bb||||false|false\u00bb global_colors_info=\u00bb{}\u00bb][et_pb_text admin_label=\u00bbT\u00edtulo\u00bb _builder_version=\u00bb4.17.4&#8243; _module_preset=\u00bbdefault\u00bb text_text_color=\u00bb#000000&#8243; text_font_size=\u00bb18px\u00bb text_line_height=\u00bb1.2em\u00bb custom_margin=\u00bb|||-100px|false|false\u00bb custom_margin_tablet=\u00bb\u00bb custom_margin_phone=\u00bb10px|||0px|false|false\u00bb custom_margin_last_edited=\u00bbon|phone\u00bb text_font_size_tablet=\u00bb\u00bb text_font_size_phone=\u00bb\u00bb text_font_size_last_edited=\u00bbon|desktop\u00bb text_line_height_tablet=\u00bb\u00bb text_line_height_phone=\u00bb\u00bb text_line_height_last_edited=\u00bbon|desktop\u00bb global_colors_info=\u00bb{}\u00bb]<\/p>\n<p class=\"post-title entry-title\"><strong>LOS DESAF\u00cdOS EN LA FASE DE INVESTIGACI\u00d3N. Estrategias y herramientas utilizadas en la C\u00e1tedra Dise\u00f1o industrial 3B, FAUD (UNC)<\/strong><\/p>\n<p>[\/et_pb_text][et_pb_text admin_label=\u00bbAutor &#8211; palabras claves\u00bb _builder_version=\u00bb4.17.4&#8243; _module_preset=\u00bbdefault\u00bb text_text_color=\u00bbrgba(0,0,0,0.43)\u00bb text_font_size=\u00bb12px\u00bb custom_margin=\u00bb|||-100px|false|false\u00bb custom_margin_tablet=\u00bb\u00bb custom_margin_phone=\u00bb|||0px|false|false\u00bb custom_margin_last_edited=\u00bbon|phone\u00bb text_font_size_tablet=\u00bb\u00bb text_font_size_phone=\u00bb\u00bb text_font_size_last_edited=\u00bbon|desktop\u00bb global_colors_info=\u00bb{}\u00bb]<\/p>\n<p>Fernando Rosellini<\/p>\n<p>[\/et_pb_text][\/et_pb_column][\/et_pb_row][et_pb_row use_custom_gutter=\u00bbon\u00bb admin_label=\u00bbseparador\u00bb _builder_version=\u00bb4.16&#8243; _module_preset=\u00bbdefault\u00bb width=\u00bb100%\u00bb custom_margin=\u00bb-15px||||false|false\u00bb collapsed=\u00bbon\u00bb global_colors_info=\u00bb{}\u00bb][et_pb_column type=\u00bb4_4&#8243; _builder_version=\u00bb4.16&#8243; _module_preset=\u00bbdefault\u00bb global_colors_info=\u00bb{}\u00bb][et_pb_divider color=\u00bbrgba(0,0,0,0.2)\u00bb _builder_version=\u00bb4.16&#8243; _module_preset=\u00bbdefault\u00bb custom_margin=\u00bb||||false|false\u00bb global_colors_info=\u00bb{}\u00bb][\/et_pb_divider][\/et_pb_column][\/et_pb_row][et_pb_row column_structure=\u00bb1_3,2_3&#8243; use_custom_gutter=\u00bbon\u00bb gutter_width=\u00bb1&#8243; make_equal=\u00bbon\u00bb custom_padding_last_edited=\u00bbon|phone\u00bb admin_label=\u00bbNota &#8211; Titulo y autor\u00bb _builder_version=\u00bb4.16&#8243; _module_preset=\u00bbdefault\u00bb width=\u00bb83%\u00bb max_width=\u00bb601px\u00bb module_alignment=\u00bbleft\u00bb custom_margin=\u00bb-30px||||false|false\u00bb custom_margin_tablet=\u00bb\u00bb custom_margin_phone=\u00bb\u00bb custom_margin_last_edited=\u00bbon|phone\u00bb custom_padding=\u00bb|||40px|false|false\u00bb custom_padding_tablet=\u00bb\u00bb custom_padding_phone=\u00bb|||25px|false|false\u00bb collapsed=\u00bboff\u00bb global_colors_info=\u00bb{}\u00bb][et_pb_column type=\u00bb1_3&#8243; _builder_version=\u00bb4.16&#8243; _module_preset=\u00bbdefault\u00bb custom_padding=\u00bb||||false|false\u00bb global_colors_info=\u00bb{}\u00bb][et_pb_image src=\u00bbhttps:\/\/www.fadu.unl.edu.ar\/polis\/wp-content\/uploads\/2022\/06\/bringas-miniatura.jpg\u00bb title_text=\u00bbbringas-miniatura\u00bb _builder_version=\u00bb4.17.4&#8243; _module_preset=\u00bbdefault\u00bb global_colors_info=\u00bb{}\u00bb][\/et_pb_image][\/et_pb_column][et_pb_column type=\u00bb2_3&#8243; _builder_version=\u00bb4.16&#8243; _module_preset=\u00bbdefault\u00bb custom_padding=\u00bb||||false|false\u00bb global_colors_info=\u00bb{}\u00bb][et_pb_text admin_label=\u00bbT\u00edtulo\u00bb _builder_version=\u00bb4.17.4&#8243; _module_preset=\u00bbdefault\u00bb text_text_color=\u00bb#000000&#8243; text_font_size=\u00bb18px\u00bb text_line_height=\u00bb1.2em\u00bb custom_margin=\u00bb|||-100px|false|false\u00bb custom_margin_tablet=\u00bb\u00bb custom_margin_phone=\u00bb10px|||0px|false|false\u00bb custom_margin_last_edited=\u00bbon|phone\u00bb text_font_size_tablet=\u00bb\u00bb text_font_size_phone=\u00bb\u00bb text_font_size_last_edited=\u00bbon|desktop\u00bb global_colors_info=\u00bb{}\u00bb]<\/p>\n<p class=\"post-title entry-title\"><strong><a class=\"et-accent-color\" href=\"https:\/\/www.fadu.unl.edu.ar\/polis\/musica-y-diseno-la-historia-del-chapman-stick\/\">M\u00daSICA Y DISE\u00d1O: la historia del Chapman Stick<\/a><\/strong><\/p>\n<p>[\/et_pb_text][et_pb_text admin_label=\u00bbAutor &#8211; palabras claves\u00bb _builder_version=\u00bb4.17.4&#8243; _module_preset=\u00bbdefault\u00bb text_text_color=\u00bbrgba(0,0,0,0.43)\u00bb text_font_size=\u00bb12px\u00bb custom_margin=\u00bb|||-100px|false|false\u00bb custom_margin_tablet=\u00bb\u00bb custom_margin_phone=\u00bb|||0px|false|false\u00bb custom_margin_last_edited=\u00bbon|phone\u00bb text_font_size_tablet=\u00bb\u00bb text_font_size_phone=\u00bb\u00bb text_font_size_last_edited=\u00bbon|desktop\u00bb global_colors_info=\u00bb{}\u00bb]<\/p>\n<p>Ignacio Bringas<\/p>\n<p>[\/et_pb_text][\/et_pb_column][\/et_pb_row][et_pb_row use_custom_gutter=\u00bbon\u00bb admin_label=\u00bbseparador\u00bb _builder_version=\u00bb4.16&#8243; _module_preset=\u00bbdefault\u00bb width=\u00bb100%\u00bb custom_margin=\u00bb-15px||||false|false\u00bb collapsed=\u00bbon\u00bb global_colors_info=\u00bb{}\u00bb][et_pb_column type=\u00bb4_4&#8243; _builder_version=\u00bb4.16&#8243; _module_preset=\u00bbdefault\u00bb global_colors_info=\u00bb{}\u00bb][et_pb_divider color=\u00bbrgba(0,0,0,0.2)\u00bb _builder_version=\u00bb4.16&#8243; _module_preset=\u00bbdefault\u00bb custom_margin=\u00bb||||false|false\u00bb global_colors_info=\u00bb{}\u00bb][\/et_pb_divider][\/et_pb_column][\/et_pb_row][et_pb_row column_structure=\u00bb1_3,2_3&#8243; use_custom_gutter=\u00bbon\u00bb gutter_width=\u00bb1&#8243; make_equal=\u00bbon\u00bb custom_padding_last_edited=\u00bbon|phone\u00bb admin_label=\u00bbNota &#8211; Titulo y autor\u00bb _builder_version=\u00bb4.16&#8243; _module_preset=\u00bbdefault\u00bb width=\u00bb83%\u00bb max_width=\u00bb601px\u00bb module_alignment=\u00bbleft\u00bb custom_margin=\u00bb-30px||||false|false\u00bb custom_padding=\u00bb|||40px|false|false\u00bb custom_padding_tablet=\u00bb\u00bb custom_padding_phone=\u00bb|||25px|false|false\u00bb collapsed=\u00bboff\u00bb global_colors_info=\u00bb{}\u00bb][et_pb_column type=\u00bb1_3&#8243; _builder_version=\u00bb4.16&#8243; _module_preset=\u00bbdefault\u00bb custom_padding=\u00bb||||false|false\u00bb global_colors_info=\u00bb{}\u00bb][et_pb_image src=\u00bbhttps:\/\/www.fadu.unl.edu.ar\/polis\/wp-content\/uploads\/2022\/06\/tormo-miniatura.jpg\u00bb title_text=\u00bbtormo-miniatura\u00bb _builder_version=\u00bb4.17.4&#8243; _module_preset=\u00bbdefault\u00bb global_colors_info=\u00bb{}\u00bb][\/et_pb_image][\/et_pb_column][et_pb_column type=\u00bb2_3&#8243; _builder_version=\u00bb4.16&#8243; _module_preset=\u00bbdefault\u00bb custom_padding=\u00bb||||false|false\u00bb global_colors_info=\u00bb{}\u00bb][et_pb_text admin_label=\u00bbT\u00edtulo\u00bb _builder_version=\u00bb4.17.4&#8243; _module_preset=\u00bbdefault\u00bb text_text_color=\u00bb#000000&#8243; text_font_size=\u00bb18px\u00bb text_line_height=\u00bb1.2em\u00bb custom_margin=\u00bb|||-100px|false|false\u00bb custom_margin_tablet=\u00bb\u00bb custom_margin_phone=\u00bb10px|||0px|false|false\u00bb custom_margin_last_edited=\u00bbon|phone\u00bb text_font_size_tablet=\u00bb\u00bb text_font_size_phone=\u00bb\u00bb text_font_size_last_edited=\u00bbon|desktop\u00bb global_colors_info=\u00bb{}\u00bb]<\/p>\n<p class=\"post-title entry-title\"><strong><a class=\"et-accent-color\" href=\"https:\/\/www.fadu.unl.edu.ar\/polis\/acerca-de-legibilidad-y-tipografia-la-composicion-de-los-textos-1\/\">ACERCA DE: Legibilidad y tipograf\u00eda. La composici\u00f3n de los textos<\/a><\/strong><\/p>\n<p>[\/et_pb_text][et_pb_text admin_label=\u00bbAutor &#8211; palabras claves\u00bb _builder_version=\u00bb4.17.4&#8243; _module_preset=\u00bbdefault\u00bb text_text_color=\u00bbrgba(0,0,0,0.43)\u00bb text_font_size=\u00bb12px\u00bb custom_margin=\u00bb|||-100px|false|false\u00bb custom_margin_tablet=\u00bb\u00bb custom_margin_phone=\u00bb|||0px|false|false\u00bb custom_margin_last_edited=\u00bbon|phone\u00bb text_font_size_tablet=\u00bb\u00bb text_font_size_phone=\u00bb\u00bb text_font_size_last_edited=\u00bbon|desktop\u00bb global_colors_info=\u00bb{}\u00bb]<\/p>\n<p>Enric Tormo i Ballester<\/p>\n<p>[\/et_pb_text][\/et_pb_column][\/et_pb_row][et_pb_row use_custom_gutter=\u00bbon\u00bb admin_label=\u00bbseparador\u00bb _builder_version=\u00bb4.16&#8243; _module_preset=\u00bbdefault\u00bb width=\u00bb100%\u00bb custom_margin=\u00bb-15px||||false|false\u00bb collapsed=\u00bbon\u00bb global_colors_info=\u00bb{}\u00bb][et_pb_column type=\u00bb4_4&#8243; _builder_version=\u00bb4.16&#8243; _module_preset=\u00bbdefault\u00bb global_colors_info=\u00bb{}\u00bb][et_pb_divider color=\u00bbrgba(0,0,0,0.2)\u00bb _builder_version=\u00bb4.16&#8243; _module_preset=\u00bbdefault\u00bb custom_margin=\u00bb||||false|false\u00bb global_colors_info=\u00bb{}\u00bb][\/et_pb_divider][\/et_pb_column][\/et_pb_row][et_pb_row column_structure=\u00bb1_3,2_3&#8243; use_custom_gutter=\u00bbon\u00bb gutter_width=\u00bb1&#8243; make_equal=\u00bbon\u00bb custom_padding_last_edited=\u00bbon|phone\u00bb admin_label=\u00bbNota &#8211; Titulo y autor\u00bb _builder_version=\u00bb4.16&#8243; _module_preset=\u00bbdefault\u00bb width=\u00bb83%\u00bb max_width=\u00bb601px\u00bb module_alignment=\u00bbleft\u00bb custom_margin=\u00bb||||false|false\u00bb custom_margin_tablet=\u00bb\u00bb custom_margin_phone=\u00bb-30px||||false|false\u00bb custom_margin_last_edited=\u00bbon|phone\u00bb custom_padding=\u00bb|||40px|false|false\u00bb custom_padding_tablet=\u00bb\u00bb custom_padding_phone=\u00bb|||25px|false|false\u00bb collapsed=\u00bbon\u00bb global_colors_info=\u00bb{}\u00bb][et_pb_column type=\u00bb1_3&#8243; _builder_version=\u00bb4.16&#8243; _module_preset=\u00bbdefault\u00bb custom_padding=\u00bb||||false|false\u00bb global_colors_info=\u00bb{}\u00bb][et_pb_image src=\u00bbhttps:\/\/www.fadu.unl.edu.ar\/polis\/wp-content\/uploads\/2022\/06\/lopez-miniatura.jpg\u00bb title_text=\u00bblopez-miniatura\u00bb _builder_version=\u00bb4.17.4&#8243; _module_preset=\u00bbdefault\u00bb global_colors_info=\u00bb{}\u00bb][\/et_pb_image][\/et_pb_column][et_pb_column type=\u00bb2_3&#8243; _builder_version=\u00bb4.16&#8243; _module_preset=\u00bbdefault\u00bb custom_padding=\u00bb||||false|false\u00bb global_colors_info=\u00bb{}\u00bb][et_pb_text admin_label=\u00bbT\u00edtulo\u00bb _builder_version=\u00bb4.17.4&#8243; _module_preset=\u00bbdefault\u00bb text_text_color=\u00bb#000000&#8243; text_font_size=\u00bb18px\u00bb text_line_height=\u00bb1.2em\u00bb custom_margin=\u00bb|||-100px|false|false\u00bb custom_margin_tablet=\u00bb\u00bb custom_margin_phone=\u00bb10px|||0px|false|false\u00bb custom_margin_last_edited=\u00bbon|phone\u00bb text_font_size_tablet=\u00bb\u00bb text_font_size_phone=\u00bb\u00bb text_font_size_last_edited=\u00bbon|desktop\u00bb global_colors_info=\u00bb{}\u00bb]<\/p>\n<p class=\"post-title entry-title\"><strong><a class=\"et-accent-color\" href=\"https:\/\/www.fadu.unl.edu.ar\/polis\/la-figura-del-estudiante-pasante-en-docencia-construcciones-desde-distintas-miradas-en-fadu-unl\/\">LA FIGURA DEL ESTUDIANTE\u2013PASANTE EN DOCENCIA. Construcciones desde distintas miradas en FADU (UNL)<\/a><\/strong><\/p>\n<p class=\"post-title entry-title\"><strong><a class=\"et-accent-color\" href=\"https:\/\/www.fadu.unl.edu.ar\/polis\/salir-a-dibujar-el-reconocimiento-corporal-del-espacio-urbano-para-la-incorporacion-de-herramientas-disciplinares\/\"><\/a><\/strong><\/p>\n<p class=\"post-title entry-title\"><strong><a class=\"et-accent-color\" href=\"https:\/\/www.fadu.unl.edu.ar\/polis\/el-espacio-profesional-del-disenador-industrial-el-disenador-industrial-y-la-gestion-de-la-innovacion\/\"><\/a><\/strong><\/p>\n<p>[\/et_pb_text][et_pb_text admin_label=\u00bbAutor &#8211; palabras claves\u00bb _builder_version=\u00bb4.17.4&#8243; _module_preset=\u00bbdefault\u00bb text_text_color=\u00bbrgba(0,0,0,0.43)\u00bb text_font_size=\u00bb12px\u00bb custom_margin=\u00bb-25px|||-100px|false|false\u00bb custom_margin_tablet=\u00bb\u00bb custom_margin_phone=\u00bb-25px|||0px|false|false\u00bb custom_margin_last_edited=\u00bbon|phone\u00bb text_font_size_tablet=\u00bb\u00bb text_font_size_phone=\u00bb\u00bb text_font_size_last_edited=\u00bbon|desktop\u00bb global_colors_info=\u00bb{}\u00bb]<\/p>\n<p>Sebasti\u00e1n Ezequiel L\u00f3pez<\/p>\n<p>[\/et_pb_text][\/et_pb_column][\/et_pb_row][et_pb_row use_custom_gutter=\u00bbon\u00bb admin_label=\u00bbseparador\u00bb _builder_version=\u00bb4.16&#8243; _module_preset=\u00bbdefault\u00bb width=\u00bb100%\u00bb custom_margin=\u00bb-15px||||false|false\u00bb collapsed=\u00bbon\u00bb global_colors_info=\u00bb{}\u00bb][et_pb_column type=\u00bb4_4&#8243; _builder_version=\u00bb4.16&#8243; _module_preset=\u00bbdefault\u00bb global_colors_info=\u00bb{}\u00bb][et_pb_divider color=\u00bbrgba(0,0,0,0.2)\u00bb _builder_version=\u00bb4.16&#8243; _module_preset=\u00bbdefault\u00bb custom_margin=\u00bb||||false|false\u00bb global_colors_info=\u00bb{}\u00bb][\/et_pb_divider][\/et_pb_column][\/et_pb_row][et_pb_row column_structure=\u00bb1_3,2_3&#8243; use_custom_gutter=\u00bbon\u00bb gutter_width=\u00bb1&#8243; make_equal=\u00bbon\u00bb custom_padding_last_edited=\u00bbon|desktop\u00bb admin_label=\u00bbNota &#8211; Titulo y autor\u00bb _builder_version=\u00bb4.16&#8243; _module_preset=\u00bbdefault\u00bb width=\u00bb83%\u00bb max_width=\u00bb601px\u00bb module_alignment=\u00bbleft\u00bb custom_margin=\u00bb||||false|false\u00bb custom_margin_tablet=\u00bb\u00bb custom_margin_phone=\u00bb-30px||||false|false\u00bb custom_margin_last_edited=\u00bbon|phone\u00bb custom_padding=\u00bb|||40px|false|false\u00bb custom_padding_tablet=\u00bb\u00bb custom_padding_phone=\u00bb|||25px|false|false\u00bb collapsed=\u00bboff\u00bb global_colors_info=\u00bb{}\u00bb][et_pb_column type=\u00bb1_3&#8243; _builder_version=\u00bb4.16&#8243; _module_preset=\u00bbdefault\u00bb custom_padding=\u00bb||||false|false\u00bb global_colors_info=\u00bb{}\u00bb][et_pb_image src=\u00bbhttps:\/\/www.fadu.unl.edu.ar\/polis\/wp-content\/uploads\/2022\/06\/farina-miniatura.jpg\u00bb title_text=\u00bbfarina-miniatura\u00bb _builder_version=\u00bb4.17.4&#8243; _module_preset=\u00bbdefault\u00bb global_colors_info=\u00bb{}\u00bb][\/et_pb_image][\/et_pb_column][et_pb_column type=\u00bb2_3&#8243; _builder_version=\u00bb4.16&#8243; _module_preset=\u00bbdefault\u00bb custom_padding=\u00bb||||false|false\u00bb global_colors_info=\u00bb{}\u00bb][et_pb_text admin_label=\u00bbT\u00edtulo\u00bb _builder_version=\u00bb4.17.4&#8243; _module_preset=\u00bbdefault\u00bb text_text_color=\u00bb#000000&#8243; text_font_size=\u00bb18px\u00bb text_line_height=\u00bb1.2em\u00bb custom_margin=\u00bb|||-100px|false|false\u00bb custom_margin_tablet=\u00bb\u00bb custom_margin_phone=\u00bb10px|||0px|false|false\u00bb custom_margin_last_edited=\u00bbon|desktop\u00bb text_font_size_tablet=\u00bb\u00bb text_font_size_phone=\u00bb\u00bb text_font_size_last_edited=\u00bbon|desktop\u00bb global_colors_info=\u00bb{}\u00bb]<\/p>\n<p class=\"post-title entry-title\"><a class=\"et-accent-color\" href=\"https:\/\/www.fadu.unl.edu.ar\/polis\/construcciones-que-se-ven-construcciones-que-se-oyen-el-significado-de-la-acustica-aplicada-a-la-arquitectura\/\"><strong>CONSTRUCCIONES QUE SE VEN, CONSTRUCCIONES QUE SE OYEN: el significado de la ac\u00fastica aplicada a la Arquitectura<\/strong><\/a><\/p>\n<p class=\"post-title entry-title\"><strong><a class=\"et-accent-color\" href=\"https:\/\/www.fadu.unl.edu.ar\/polis\/el-espacio-profesional-del-disenador-industrial-el-disenador-industrial-y-la-gestion-de-la-innovacion\/\"><\/a><\/strong><\/p>\n<p>[\/et_pb_text][et_pb_text admin_label=\u00bbAutor &#8211; palabras claves\u00bb _builder_version=\u00bb4.17.4&#8243; _module_preset=\u00bbdefault\u00bb text_text_color=\u00bbrgba(0,0,0,0.43)\u00bb text_font_size=\u00bb12px\u00bb custom_margin=\u00bb-25px|||-100px|false|false\u00bb custom_margin_tablet=\u00bb\u00bb custom_margin_phone=\u00bb|||0px|false|false\u00bb custom_margin_last_edited=\u00bbon|desktop\u00bb text_font_size_tablet=\u00bb\u00bb text_font_size_phone=\u00bb\u00bb text_font_size_last_edited=\u00bbon|desktop\u00bb global_colors_info=\u00bb{}\u00bb]<\/p>\n<p><a href=\"https:\/\/www.fadu.unl.edu.ar\/polis\/author\/mateo-giardino\/\" class=\"url fn\" title=\"Entradas de Mateo Giardino - Andr\u00e9s Muriel\" rel=\"author\"><\/a>Maria Andrea Farina<\/p>\n<p>[\/et_pb_text][\/et_pb_column][\/et_pb_row][et_pb_row use_custom_gutter=\u00bbon\u00bb admin_label=\u00bbseparador\u00bb _builder_version=\u00bb4.16&#8243; _module_preset=\u00bbdefault\u00bb width=\u00bb100%\u00bb custom_margin=\u00bb-15px||||false|false\u00bb collapsed=\u00bbon\u00bb global_colors_info=\u00bb{}\u00bb][et_pb_column type=\u00bb4_4&#8243; _builder_version=\u00bb4.16&#8243; _module_preset=\u00bbdefault\u00bb global_colors_info=\u00bb{}\u00bb][et_pb_divider color=\u00bbrgba(0,0,0,0.2)\u00bb _builder_version=\u00bb4.16&#8243; _module_preset=\u00bbdefault\u00bb custom_margin=\u00bb||||false|false\u00bb global_colors_info=\u00bb{}\u00bb][\/et_pb_divider][\/et_pb_column][\/et_pb_row][et_pb_row column_structure=\u00bb1_3,2_3&#8243; use_custom_gutter=\u00bbon\u00bb gutter_width=\u00bb1&#8243; make_equal=\u00bbon\u00bb custom_padding_last_edited=\u00bbon|desktop\u00bb admin_label=\u00bbNota &#8211; Titulo y autor\u00bb _builder_version=\u00bb4.16&#8243; _module_preset=\u00bbdefault\u00bb width=\u00bb83%\u00bb max_width=\u00bb601px\u00bb module_alignment=\u00bbleft\u00bb custom_margin=\u00bb-30px||||false|false\u00bb custom_padding=\u00bb|||40px|false|false\u00bb custom_padding_tablet=\u00bb\u00bb custom_padding_phone=\u00bb|||25px|false|false\u00bb collapsed=\u00bbon\u00bb global_colors_info=\u00bb{}\u00bb][et_pb_column type=\u00bb1_3&#8243; _builder_version=\u00bb4.16&#8243; _module_preset=\u00bbdefault\u00bb custom_padding=\u00bb||||false|false\u00bb global_colors_info=\u00bb{}\u00bb][et_pb_image src=\u00bbhttps:\/\/www.fadu.unl.edu.ar\/polis\/wp-content\/uploads\/2022\/06\/vascheto-miniatura.jpg\u00bb title_text=\u00bbvascheto-miniatura\u00bb _builder_version=\u00bb4.17.4&#8243; _module_preset=\u00bbdefault\u00bb global_colors_info=\u00bb{}\u00bb][\/et_pb_image][\/et_pb_column][et_pb_column type=\u00bb2_3&#8243; _builder_version=\u00bb4.16&#8243; _module_preset=\u00bbdefault\u00bb custom_padding=\u00bb||||false|false\u00bb global_colors_info=\u00bb{}\u00bb][et_pb_text admin_label=\u00bbT\u00edtulo\u00bb _builder_version=\u00bb4.17.4&#8243; _module_preset=\u00bbdefault\u00bb text_text_color=\u00bb#000000&#8243; text_font_size=\u00bb18px\u00bb text_line_height=\u00bb1.2em\u00bb custom_margin=\u00bb|||-100px|false|false\u00bb custom_margin_tablet=\u00bb\u00bb custom_margin_phone=\u00bb10px|||0px|false|false\u00bb custom_margin_last_edited=\u00bbon|phone\u00bb text_font_size_tablet=\u00bb\u00bb text_font_size_phone=\u00bb\u00bb text_font_size_last_edited=\u00bbon|desktop\u00bb global_colors_info=\u00bb{}\u00bb]<\/p>\n<p class=\"post-title entry-title\"><strong><a class=\"et-accent-color\" href=\"https:\/\/www.fadu.unl.edu.ar\/polis\/reunion-de-cielos-propuesta-ganadora-del-concurso-el-patio-de-la-ciudad-de-rosario\/\">REUNI\u00d3N DE CIELOS: propuesta ganadora del concurso \u00abEl Patio de la Ciudad\u00bb de Rosario<\/a><\/strong><\/p>\n<p class=\"post-title entry-title\"><a class=\"et-accent-color\" href=\"https:\/\/www.fadu.unl.edu.ar\/polis\/biomateriales-y-diseno-industrial-una-experiencia-interdisciplinar-en-contexto-rural\/\"><strong><\/strong><\/a><\/p>\n<p class=\"post-title entry-title\"><strong><a class=\"et-accent-color\" href=\"https:\/\/www.fadu.unl.edu.ar\/polis\/el-espacio-profesional-del-disenador-industrial-el-disenador-industrial-y-la-gestion-de-la-innovacion\/\"><\/a><\/strong><\/p>\n<p>[\/et_pb_text][et_pb_text admin_label=\u00bbAutor &#8211; palabras claves\u00bb _builder_version=\u00bb4.17.4&#8243; _module_preset=\u00bbdefault\u00bb text_text_color=\u00bbrgba(0,0,0,0.43)\u00bb text_font_size=\u00bb12px\u00bb custom_margin=\u00bb-25px|||-100px|false|false\u00bb custom_margin_tablet=\u00bb\u00bb custom_margin_phone=\u00bb-25px|||0px|false|false\u00bb custom_margin_last_edited=\u00bbon|phone\u00bb text_font_size_tablet=\u00bb\u00bb text_font_size_phone=\u00bb\u00bb text_font_size_last_edited=\u00bbon|desktop\u00bb global_colors_info=\u00bb{}\u00bb]<\/p>\n<p>Fran Ansalas &#8211; Pablo Ignacio Ferreira &#8211; Gabriel Alejandro Vaschetto<\/p>\n<p>[\/et_pb_text][\/et_pb_column][\/et_pb_row][et_pb_row use_custom_gutter=\u00bbon\u00bb admin_label=\u00bbseparador\u00bb _builder_version=\u00bb4.16&#8243; _module_preset=\u00bbdefault\u00bb width=\u00bb100%\u00bb custom_margin=\u00bb-15px||||false|false\u00bb collapsed=\u00bbon\u00bb global_colors_info=\u00bb{}\u00bb][et_pb_column type=\u00bb4_4&#8243; _builder_version=\u00bb4.16&#8243; _module_preset=\u00bbdefault\u00bb global_colors_info=\u00bb{}\u00bb][et_pb_divider color=\u00bbrgba(0,0,0,0.2)\u00bb _builder_version=\u00bb4.16&#8243; _module_preset=\u00bbdefault\u00bb custom_margin=\u00bb||||false|false\u00bb global_colors_info=\u00bb{}\u00bb][\/et_pb_divider][\/et_pb_column][\/et_pb_row][et_pb_row column_structure=\u00bb1_3,2_3&#8243; use_custom_gutter=\u00bbon\u00bb gutter_width=\u00bb1&#8243; make_equal=\u00bbon\u00bb custom_padding_last_edited=\u00bbon|desktop\u00bb admin_label=\u00bbNota &#8211; Titulo y autor\u00bb _builder_version=\u00bb4.16&#8243; _module_preset=\u00bbdefault\u00bb width=\u00bb83%\u00bb max_width=\u00bb601px\u00bb module_alignment=\u00bbleft\u00bb custom_margin=\u00bb-30px||||false|false\u00bb custom_padding=\u00bb|||40px|false|false\u00bb custom_padding_tablet=\u00bb\u00bb custom_padding_phone=\u00bb|||25px|false|false\u00bb collapsed=\u00bboff\u00bb global_colors_info=\u00bb{}\u00bb][et_pb_column type=\u00bb1_3&#8243; _builder_version=\u00bb4.16&#8243; _module_preset=\u00bbdefault\u00bb custom_padding=\u00bb||||false|false\u00bb global_colors_info=\u00bb{}\u00bb][et_pb_image src=\u00bbhttps:\/\/www.fadu.unl.edu.ar\/polis\/wp-content\/uploads\/2022\/06\/spiaggi-miniatura.jpg\u00bb title_text=\u00bbspiaggi-miniatura\u00bb _builder_version=\u00bb4.17.4&#8243; _module_preset=\u00bbdefault\u00bb global_colors_info=\u00bb{}\u00bb][\/et_pb_image][\/et_pb_column][et_pb_column type=\u00bb2_3&#8243; _builder_version=\u00bb4.16&#8243; _module_preset=\u00bbdefault\u00bb custom_padding=\u00bb||||false|false\u00bb global_colors_info=\u00bb{}\u00bb][et_pb_text admin_label=\u00bbT\u00edtulo\u00bb _builder_version=\u00bb4.17.4&#8243; _module_preset=\u00bbdefault\u00bb text_text_color=\u00bb#000000&#8243; text_font_size=\u00bb18px\u00bb text_line_height=\u00bb1.2em\u00bb custom_margin=\u00bb|||-100px|false|false\u00bb custom_margin_tablet=\u00bb\u00bb custom_margin_phone=\u00bb10px|||0px|false|false\u00bb custom_margin_last_edited=\u00bbon|phone\u00bb text_font_size_tablet=\u00bb\u00bb text_font_size_phone=\u00bb\u00bb text_font_size_last_edited=\u00bbon|desktop\u00bb global_colors_info=\u00bb{}\u00bb]<\/p>\n<p class=\"post-title entry-title\"><a class=\"et-accent-color\" href=\"https:\/\/www.fadu.unl.edu.ar\/polis\/yo-digital-instagram-e-influencers-narcisismo-y-performance-desde-una-personalidad-alter-dirigida\/\"><strong>YO\u2013DIGITAL: INSTAGRAM E INFLUENCERS. Narcisismo y performance desde una personalidad alter\u2013dirigida<\/strong><\/a><\/p>\n<p>[\/et_pb_text][et_pb_text admin_label=\u00bbAutor &#8211; palabras claves\u00bb _builder_version=\u00bb4.17.4&#8243; _module_preset=\u00bbdefault\u00bb text_text_color=\u00bbrgba(0,0,0,0.43)\u00bb text_font_size=\u00bb12px\u00bb custom_margin=\u00bb|||-100px|false|false\u00bb custom_margin_tablet=\u00bb\u00bb custom_margin_phone=\u00bb|||0px|false|false\u00bb custom_margin_last_edited=\u00bbon|desktop\u00bb text_font_size_tablet=\u00bb\u00bb text_font_size_phone=\u00bb\u00bb text_font_size_last_edited=\u00bbon|desktop\u00bb global_colors_info=\u00bb{}\u00bb]<\/p>\n<p><a href=\"https:\/\/www.fadu.unl.edu.ar\/polis\/author\/mateo-giardino\/\" class=\"url fn\" title=\"Entradas de Mateo Giardino - Andr\u00e9s Muriel\" rel=\"author\"><\/a>Ang\u00e9lica Silva &#8211; Gabriela Macagno &#8211; Florencia Spiaggi<\/p>\n<p>[\/et_pb_text][\/et_pb_column][\/et_pb_row][et_pb_row use_custom_gutter=\u00bbon\u00bb admin_label=\u00bbseparador\u00bb _builder_version=\u00bb4.16&#8243; _module_preset=\u00bbdefault\u00bb width=\u00bb100%\u00bb custom_margin=\u00bb-15px||||false|false\u00bb collapsed=\u00bbon\u00bb global_colors_info=\u00bb{}\u00bb][et_pb_column type=\u00bb4_4&#8243; _builder_version=\u00bb4.16&#8243; _module_preset=\u00bbdefault\u00bb global_colors_info=\u00bb{}\u00bb][et_pb_divider color=\u00bbrgba(0,0,0,0.2)\u00bb _builder_version=\u00bb4.16&#8243; _module_preset=\u00bbdefault\u00bb custom_margin=\u00bb||||false|false\u00bb global_colors_info=\u00bb{}\u00bb][\/et_pb_divider][\/et_pb_column][\/et_pb_row][et_pb_row column_structure=\u00bb1_3,2_3&#8243; use_custom_gutter=\u00bbon\u00bb gutter_width=\u00bb1&#8243; make_equal=\u00bbon\u00bb custom_padding_last_edited=\u00bbon|desktop\u00bb admin_label=\u00bbNota &#8211; Titulo y autor\u00bb _builder_version=\u00bb4.16&#8243; _module_preset=\u00bbdefault\u00bb width=\u00bb83%\u00bb max_width=\u00bb601px\u00bb module_alignment=\u00bbleft\u00bb custom_margin=\u00bb-30px||||false|false\u00bb custom_padding=\u00bb|||40px|false|false\u00bb custom_padding_tablet=\u00bb\u00bb custom_padding_phone=\u00bb|||25px|false|false\u00bb collapsed=\u00bbon\u00bb global_colors_info=\u00bb{}\u00bb][et_pb_column type=\u00bb1_3&#8243; _builder_version=\u00bb4.16&#8243; _module_preset=\u00bbdefault\u00bb custom_padding=\u00bb||||false|false\u00bb global_colors_info=\u00bb{}\u00bb][et_pb_image src=\u00bbhttps:\/\/www.fadu.unl.edu.ar\/polis\/wp-content\/uploads\/2022\/06\/vogel-miniatura.jpg\u00bb title_text=\u00bbvogel-miniatura\u00bb _builder_version=\u00bb4.17.4&#8243; _module_preset=\u00bbdefault\u00bb global_colors_info=\u00bb{}\u00bb][\/et_pb_image][\/et_pb_column][et_pb_column type=\u00bb2_3&#8243; _builder_version=\u00bb4.16&#8243; _module_preset=\u00bbdefault\u00bb custom_padding=\u00bb||||false|false\u00bb global_colors_info=\u00bb{}\u00bb][et_pb_text admin_label=\u00bbT\u00edtulo\u00bb _builder_version=\u00bb4.17.4&#8243; _module_preset=\u00bbdefault\u00bb text_text_color=\u00bb#000000&#8243; text_font_size=\u00bb18px\u00bb text_line_height=\u00bb1.2em\u00bb custom_margin=\u00bb|||-100px|false|false\u00bb custom_margin_tablet=\u00bb\u00bb custom_margin_phone=\u00bb10px|||0px|false|false\u00bb custom_margin_last_edited=\u00bbon|phone\u00bb text_font_size_tablet=\u00bb\u00bb text_font_size_phone=\u00bb\u00bb text_font_size_last_edited=\u00bbon|desktop\u00bb global_colors_info=\u00bb{}\u00bb]<\/p>\n<p class=\"post-title entry-title\"><strong><a class=\"et-accent-color\" href=\"https:\/\/www.fadu.unl.edu.ar\/polis\/aprender-ensenar-innovar-en-fadu-cambios-en-el-ambito-educativo-en-los-ultimos-veinte-anos\/\">APRENDER, ENSE\u00d1AR, INNOVAR EN FADU. Cambios en el \u00e1mbito educativo en los \u00faltimos veinte a\u00f1os<\/a><\/strong><\/p>\n<p class=\"post-title entry-title\"><a class=\"et-accent-color\" href=\"https:\/\/www.fadu.unl.edu.ar\/polis\/biomateriales-y-diseno-industrial-una-experiencia-interdisciplinar-en-contexto-rural\/\"><strong><\/strong><\/a><\/p>\n<p class=\"post-title entry-title\"><strong><a class=\"et-accent-color\" href=\"https:\/\/www.fadu.unl.edu.ar\/polis\/el-espacio-profesional-del-disenador-industrial-el-disenador-industrial-y-la-gestion-de-la-innovacion\/\"><\/a><\/strong><\/p>\n<p>[\/et_pb_text][et_pb_text admin_label=\u00bbAutor &#8211; palabras claves\u00bb _builder_version=\u00bb4.17.4&#8243; _module_preset=\u00bbdefault\u00bb text_text_color=\u00bbrgba(0,0,0,0.43)\u00bb text_font_size=\u00bb12px\u00bb custom_margin=\u00bb-25px|||-100px|false|false\u00bb custom_margin_tablet=\u00bb\u00bb custom_margin_phone=\u00bb-25px|||0px|false|false\u00bb custom_margin_last_edited=\u00bbon|phone\u00bb text_font_size_tablet=\u00bb\u00bb text_font_size_phone=\u00bb\u00bb text_font_size_last_edited=\u00bbon|desktop\u00bb global_colors_info=\u00bb{}\u00bb]<\/p>\n<p>Lisandro Nicol\u00e1s Vogel<\/p>\n<p>[\/et_pb_text][\/et_pb_column][\/et_pb_row][\/et_pb_section]<\/p>\n","protected":false},"excerpt":{"rendered":"<p>POLIS #19 Agosto 2021POLIS #19. EditorialComit\u00e9 EditorialLA FORMA Y SUS DERIVADOS EN LA ENSE\u00d1ANZA DE LA ARQUITECTURA: superposiciones, divergencias y convergenciasDana Lais ZambiasioLOS DESAF\u00cdOS EN LA FASE DE INVESTIGACI\u00d3N. Estrategias y herramientas utilizadas en la C\u00e1tedra Dise\u00f1o industrial 3B, FAUD (UNC)Fernando RoselliniM\u00daSICA Y DISE\u00d1O: la historia del Chapman StickIgnacio BringasACERCA DE: Legibilidad y tipograf\u00eda. La [&hellip;]<\/p>\n","protected":false},"author":2,"featured_media":0,"parent":0,"menu_order":0,"comment_status":"closed","ping_status":"closed","template":"","meta":{"_et_pb_use_builder":"on","_et_pb_old_content":"","_et_gb_content_width":"678","footnotes":""},"class_list":["post-3765","page","type-page","status-publish","hentry"],"_links":{"self":[{"href":"https:\/\/www.fadu.unl.edu.ar\/polis\/index.php?rest_route=\/wp\/v2\/pages\/3765","targetHints":{"allow":["GET"]}}],"collection":[{"href":"https:\/\/www.fadu.unl.edu.ar\/polis\/index.php?rest_route=\/wp\/v2\/pages"}],"about":[{"href":"https:\/\/www.fadu.unl.edu.ar\/polis\/index.php?rest_route=\/wp\/v2\/types\/page"}],"author":[{"embeddable":true,"href":"https:\/\/www.fadu.unl.edu.ar\/polis\/index.php?rest_route=\/wp\/v2\/users\/2"}],"replies":[{"embeddable":true,"href":"https:\/\/www.fadu.unl.edu.ar\/polis\/index.php?rest_route=%2Fwp%2Fv2%2Fcomments&post=3765"}],"version-history":[{"count":12,"href":"https:\/\/www.fadu.unl.edu.ar\/polis\/index.php?rest_route=\/wp\/v2\/pages\/3765\/revisions"}],"predecessor-version":[{"id":3910,"href":"https:\/\/www.fadu.unl.edu.ar\/polis\/index.php?rest_route=\/wp\/v2\/pages\/3765\/revisions\/3910"}],"wp:attachment":[{"href":"https:\/\/www.fadu.unl.edu.ar\/polis\/index.php?rest_route=%2Fwp%2Fv2%2Fmedia&parent=3765"}],"curies":[{"name":"wp","href":"https:\/\/api.w.org\/{rel}","templated":true}]}}