{"id":5330,"date":"2023-12-26T19:11:34","date_gmt":"2023-12-26T19:11:34","guid":{"rendered":"https:\/\/www.fadu.unl.edu.ar\/polis\/?page_id=5330"},"modified":"2025-10-10T13:45:43","modified_gmt":"2025-10-10T13:45:43","slug":"edicion-22","status":"publish","type":"page","link":"https:\/\/www.fadu.unl.edu.ar\/polis\/?page_id=5330","title":{"rendered":"Edici\u00f3n #22"},"content":{"rendered":"<p>[et_pb_section fb_built=\u00bb1&#8243; admin_label=\u00bbedicion 21&#8243; module_id=\u00bb18&#8243; _builder_version=\u00bb4.23.1&#8243; _module_preset=\u00bbdefault\u00bb custom_margin=\u00bb-115px||||false|false\u00bb custom_margin_tablet=\u00bb\u00bb custom_margin_phone=\u00bb\u00bb custom_margin_last_edited=\u00bbon|desktop\u00bb border_color_all=\u00bbRGBA(255,255,255,0)\u00bb border_width_top=\u00bb8px\u00bb border_color_top=\u00bb#00d540&#8243; collapsed=\u00bboff\u00bb global_colors_info=\u00bb{}\u00bb][et_pb_row admin_label=\u00bbSumario\u00bb _builder_version=\u00bb4.16&#8243; _module_preset=\u00bbdefault\u00bb custom_margin=\u00bb-25px||||false|false\u00bb custom_margin_tablet=\u00bb\u00bb custom_margin_phone=\u00bb||||false|false\u00bb custom_margin_last_edited=\u00bbon|phone\u00bb collapsed=\u00bbon\u00bb global_colors_info=\u00bb{}\u00bb][et_pb_column type=\u00bb4_4&#8243; _builder_version=\u00bb4.16&#8243; _module_preset=\u00bbdefault\u00bb global_colors_info=\u00bb{}\u00bb][et_pb_text _builder_version=\u00bb4.23.1&#8243; _module_preset=\u00bbdefault\u00bb text_font_size=\u00bb18px\u00bb custom_margin=\u00bb|||-15px|false|false\u00bb custom_margin_tablet=\u00bb|||-15px|false|false\u00bb custom_margin_phone=\u00bb|||-15px|false|false\u00bb custom_margin_last_edited=\u00bbon|desktop\u00bb custom_padding=\u00bb||3px|||\u00bb text_font_size_tablet=\u00bb\u00bb text_font_size_phone=\u00bb\u00bb text_font_size_last_edited=\u00bbon|desktop\u00bb inline_fonts=\u00bbMerriweather\u00bb global_colors_info=\u00bb{}\u00bb]<\/p>\n<p><span style=\"color: #f68d1e;\"><strong><span style=\"font-family: Merriweather;\"><span style=\"color: #00d540;\">POLIS #22<\/span>. <\/span><\/strong><\/span>Agosto 2023<\/p>\n<p>[\/et_pb_text][\/et_pb_column][\/et_pb_row][et_pb_row column_structure=\u00bb1_3,2_3&#8243; use_custom_gutter=\u00bbon\u00bb gutter_width=\u00bb1&#8243; make_equal=\u00bbon\u00bb custom_padding_last_edited=\u00bbon|phone\u00bb admin_label=\u00bbNota &#8211; Titulo y autor\u00bb _builder_version=\u00bb4.16&#8243; _module_preset=\u00bbdefault\u00bb width=\u00bb83%\u00bb max_width=\u00bb601px\u00bb module_alignment=\u00bbleft\u00bb custom_margin=\u00bb||||false|false\u00bb custom_margin_tablet=\u00bb\u00bb custom_margin_phone=\u00bb-30px||||false|false\u00bb custom_margin_last_edited=\u00bbon|phone\u00bb custom_padding=\u00bb|||40px|false|false\u00bb custom_padding_tablet=\u00bb\u00bb custom_padding_phone=\u00bb|||25px|false|false\u00bb collapsed=\u00bbon\u00bb global_colors_info=\u00bb{}\u00bb][et_pb_column type=\u00bb1_3&#8243; _builder_version=\u00bb4.16&#8243; _module_preset=\u00bbdefault\u00bb custom_padding=\u00bb||||false|false\u00bb global_colors_info=\u00bb{}\u00bb][et_pb_image src=\u00bbhttps:\/\/www.fadu.unl.edu.ar\/polis\/wp-content\/uploads\/2023\/12\/editorial-miniatura.jpg\u00bb title_text=\u00bbeditorial-miniatura\u00bb _builder_version=\u00bb4.23.2&#8243; _module_preset=\u00bbdefault\u00bb global_colors_info=\u00bb{}\u00bb][\/et_pb_image][\/et_pb_column][et_pb_column type=\u00bb2_3&#8243; _builder_version=\u00bb4.16&#8243; _module_preset=\u00bbdefault\u00bb custom_padding=\u00bb||||false|false\u00bb global_colors_info=\u00bb{}\u00bb][et_pb_text admin_label=\u00bbT\u00edtulo\u00bb _builder_version=\u00bb4.27.3&#8243; _module_preset=\u00bbdefault\u00bb text_text_color=\u00bb#000000&#8243; text_font_size=\u00bb18px\u00bb custom_margin=\u00bb|||-100px|false|false\u00bb custom_margin_tablet=\u00bb\u00bb custom_margin_phone=\u00bb|||0px|false|false\u00bb custom_margin_last_edited=\u00bbon|phone\u00bb hover_enabled=\u00bb0&#8243; text_font_size_tablet=\u00bb\u00bb text_font_size_phone=\u00bb\u00bb text_font_size_last_edited=\u00bbon|desktop\u00bb global_colors_info=\u00bb{}\u00bb sticky_enabled=\u00bb0&#8243;]<\/p>\n<h3><span style=\"color: #000000;\"><a href=\"https:\/\/www.fadu.unl.edu.ar\/polis\/?p=4925\" style=\"color: #000000;\"><strong>POLIS #22. Editorial<\/strong><\/a><\/span><\/h3>\n<p>[\/et_pb_text][et_pb_text admin_label=\u00bbAutor &#8211; palabras claves\u00bb _builder_version=\u00bb4.17.4&#8243; _module_preset=\u00bbdefault\u00bb text_text_color=\u00bbrgba(0,0,0,0.43)\u00bb text_font_size=\u00bb12px\u00bb custom_margin=\u00bb|||-100px|false|false\u00bb custom_margin_tablet=\u00bb\u00bb custom_margin_phone=\u00bb|||0px|false|false\u00bb custom_margin_last_edited=\u00bbon|phone\u00bb text_font_size_tablet=\u00bb\u00bb text_font_size_phone=\u00bb\u00bb text_font_size_last_edited=\u00bbon|desktop\u00bb global_colors_info=\u00bb{}\u00bb]<\/p>\n<p>Comit\u00e9 Editorial<\/p>\n<p>[\/et_pb_text][\/et_pb_column][\/et_pb_row][et_pb_row use_custom_gutter=\u00bbon\u00bb admin_label=\u00bbseparador\u00bb _builder_version=\u00bb4.16&#8243; _module_preset=\u00bbdefault\u00bb width=\u00bb100%\u00bb custom_margin=\u00bb-15px||||false|false\u00bb collapsed=\u00bbon\u00bb global_colors_info=\u00bb{}\u00bb][et_pb_column type=\u00bb4_4&#8243; _builder_version=\u00bb4.16&#8243; _module_preset=\u00bbdefault\u00bb global_colors_info=\u00bb{}\u00bb][et_pb_divider color=\u00bbrgba(0,0,0,0.2)\u00bb _builder_version=\u00bb4.16&#8243; _module_preset=\u00bbdefault\u00bb custom_margin=\u00bb||||false|false\u00bb global_colors_info=\u00bb{}\u00bb][\/et_pb_divider][\/et_pb_column][\/et_pb_row][et_pb_row column_structure=\u00bb1_3,2_3&#8243; use_custom_gutter=\u00bbon\u00bb gutter_width=\u00bb1&#8243; make_equal=\u00bbon\u00bb custom_padding_last_edited=\u00bbon|phone\u00bb admin_label=\u00bbNota &#8211; Titulo y autor\u00bb _builder_version=\u00bb4.16&#8243; _module_preset=\u00bbdefault\u00bb width=\u00bb83%\u00bb max_width=\u00bb601px\u00bb module_alignment=\u00bbleft\u00bb custom_margin=\u00bb-30px||||false|false\u00bb custom_padding=\u00bb|||40px|false|false\u00bb custom_padding_tablet=\u00bb\u00bb custom_padding_phone=\u00bb|||25px|false|false\u00bb collapsed=\u00bbon\u00bb global_colors_info=\u00bb{}\u00bb][et_pb_column type=\u00bb1_3&#8243; _builder_version=\u00bb4.16&#8243; _module_preset=\u00bbdefault\u00bb custom_padding=\u00bb||||false|false\u00bb global_colors_info=\u00bb{}\u00bb][et_pb_image src=\u00bbhttps:\/\/www.fadu.unl.edu.ar\/polis\/wp-content\/uploads\/2023\/12\/rivero-miniatura.jpg\u00bb title_text=\u00bbrivero-miniatura\u00bb _builder_version=\u00bb4.23.1&#8243; _module_preset=\u00bbdefault\u00bb width=\u00bb28%\u00bb module_alignment=\u00bbleft\u00bb custom_margin_tablet=\u00bb\u00bb custom_margin_phone=\u00bb\u00bb custom_margin_last_edited=\u00bbon|phone\u00bb global_colors_info=\u00bb{}\u00bb][\/et_pb_image][\/et_pb_column][et_pb_column type=\u00bb2_3&#8243; _builder_version=\u00bb4.16&#8243; _module_preset=\u00bbdefault\u00bb custom_padding=\u00bb||||false|false\u00bb global_colors_info=\u00bb{}\u00bb][et_pb_text admin_label=\u00bbT\u00edtulo\u00bb _builder_version=\u00bb4.27.3&#8243; _module_preset=\u00bbdefault\u00bb text_text_color=\u00bb#000000&#8243; text_font_size=\u00bb18px\u00bb text_line_height=\u00bb1.3em\u00bb custom_margin=\u00bb|||-100px|false|false\u00bb custom_margin_tablet=\u00bb\u00bb custom_margin_phone=\u00bb10px|||0px|false|false\u00bb custom_margin_last_edited=\u00bbon|phone\u00bb text_font_size_tablet=\u00bb\u00bb text_font_size_phone=\u00bb\u00bb text_font_size_last_edited=\u00bbon|desktop\u00bb text_line_height_tablet=\u00bb\u00bb text_line_height_phone=\u00bb1.2em\u00bb text_line_height_last_edited=\u00bbon|phone\u00bb global_colors_info=\u00bb{}\u00bb]<\/p>\n<h3 class=\"post-title entry-title\"><span style=\"color: #000000;\"><a class=\"et-accent-color\" href=\"https:\/\/www.fadu.unl.edu.ar\/polis\/?p=4588\" style=\"color: #000000;\">LA GUERRILLA EST\u00c9TICA DEL EZLN: los murales zapatistas como una nueva forma de visibilidad<\/a><\/span><\/h3>\n<p>[\/et_pb_text][et_pb_text admin_label=\u00bbAutor &#8211; palabras claves\u00bb _builder_version=\u00bb4.23.1&#8243; _module_preset=\u00bbdefault\u00bb text_text_color=\u00bbrgba(0,0,0,0.43)\u00bb text_font_size=\u00bb12px\u00bb custom_margin=\u00bb|||-100px|false|false\u00bb custom_margin_tablet=\u00bb\u00bb custom_margin_phone=\u00bb|||0px|false|false\u00bb custom_margin_last_edited=\u00bbon|phone\u00bb text_font_size_tablet=\u00bb\u00bb text_font_size_phone=\u00bb\u00bb text_font_size_last_edited=\u00bbon|desktop\u00bb global_colors_info=\u00bb{}\u00bb]<\/p>\n<p>Elbio Rivero &#8211; Jimena Sosa &#8211; Paulina Wolkovicz<\/p>\n<p>[\/et_pb_text][\/et_pb_column][\/et_pb_row][et_pb_row use_custom_gutter=\u00bbon\u00bb admin_label=\u00bbseparador\u00bb _builder_version=\u00bb4.16&#8243; _module_preset=\u00bbdefault\u00bb width=\u00bb100%\u00bb custom_margin=\u00bb-15px||||false|false\u00bb collapsed=\u00bbon\u00bb global_colors_info=\u00bb{}\u00bb][et_pb_column type=\u00bb4_4&#8243; _builder_version=\u00bb4.16&#8243; _module_preset=\u00bbdefault\u00bb global_colors_info=\u00bb{}\u00bb][et_pb_divider color=\u00bbrgba(0,0,0,0.2)\u00bb _builder_version=\u00bb4.16&#8243; _module_preset=\u00bbdefault\u00bb custom_margin=\u00bb||||false|false\u00bb global_colors_info=\u00bb{}\u00bb][\/et_pb_divider][\/et_pb_column][\/et_pb_row][et_pb_row column_structure=\u00bb1_3,2_3&#8243; use_custom_gutter=\u00bbon\u00bb gutter_width=\u00bb1&#8243; make_equal=\u00bbon\u00bb custom_padding_last_edited=\u00bbon|phone\u00bb admin_label=\u00bbNota &#8211; Titulo y autor\u00bb _builder_version=\u00bb4.16&#8243; _module_preset=\u00bbdefault\u00bb width=\u00bb83%\u00bb max_width=\u00bb601px\u00bb module_alignment=\u00bbleft\u00bb custom_margin=\u00bb-30px||||false|false\u00bb custom_padding=\u00bb|||40px|false|false\u00bb custom_padding_tablet=\u00bb\u00bb custom_padding_phone=\u00bb|||25px|false|false\u00bb collapsed=\u00bbon\u00bb global_colors_info=\u00bb{}\u00bb][et_pb_column type=\u00bb1_3&#8243; _builder_version=\u00bb4.16&#8243; _module_preset=\u00bbdefault\u00bb custom_padding=\u00bb||||false|false\u00bb global_colors_info=\u00bb{}\u00bb][et_pb_image src=\u00bbhttps:\/\/www.fadu.unl.edu.ar\/polis\/wp-content\/uploads\/2023\/12\/bianchi-miniatura.jpg\u00bb title_text=\u00bbbianchi-miniatura\u00bb _builder_version=\u00bb4.23.1&#8243; _module_preset=\u00bbdefault\u00bb global_colors_info=\u00bb{}\u00bb][\/et_pb_image][\/et_pb_column][et_pb_column type=\u00bb2_3&#8243; _builder_version=\u00bb4.16&#8243; _module_preset=\u00bbdefault\u00bb custom_padding=\u00bb||||false|false\u00bb global_colors_info=\u00bb{}\u00bb][et_pb_text admin_label=\u00bbT\u00edtulo\u00bb _builder_version=\u00bb4.27.3&#8243; _module_preset=\u00bbdefault\u00bb text_text_color=\u00bb#000000&#8243; text_font_size=\u00bb18px\u00bb text_line_height=\u00bb1.2em\u00bb custom_margin=\u00bb|||-100px|false|false\u00bb custom_margin_tablet=\u00bb\u00bb custom_margin_phone=\u00bb10px|||0px|false|false\u00bb custom_margin_last_edited=\u00bbon|phone\u00bb text_font_size_tablet=\u00bb\u00bb text_font_size_phone=\u00bb\u00bb text_font_size_last_edited=\u00bbon|desktop\u00bb text_line_height_tablet=\u00bb\u00bb text_line_height_phone=\u00bb\u00bb text_line_height_last_edited=\u00bbon|desktop\u00bb global_colors_info=\u00bb{}\u00bb]<\/p>\n<h3 class=\"post-title entry-title\"><a class=\"et-accent-color\" href=\"https:\/\/www.fadu.unl.edu.ar\/polis\/?p=4530\"><span style=\"color: #000000;\">LA REPRESENTACI\u00d3N EN DISE\u00d1O INDUSTRIAL INTERSECADA POR LAS NUEVAS TECNOLOG\u00cdAS Y DEMANDAS PRODUCTIVAS<\/span><\/a><\/h3>\n<p>[\/et_pb_text][et_pb_text admin_label=\u00bbAutor &#8211; palabras claves\u00bb _builder_version=\u00bb4.23.1&#8243; _module_preset=\u00bbdefault\u00bb text_text_color=\u00bbrgba(0,0,0,0.43)\u00bb text_font_size=\u00bb12px\u00bb custom_margin=\u00bb|||-100px|false|false\u00bb custom_margin_tablet=\u00bb\u00bb custom_margin_phone=\u00bb|||0px|false|false\u00bb custom_margin_last_edited=\u00bbon|phone\u00bb text_font_size_tablet=\u00bb\u00bb text_font_size_phone=\u00bb\u00bb text_font_size_last_edited=\u00bbon|desktop\u00bb global_colors_info=\u00bb{}\u00bb]<\/p>\n<p>Julio Bianchi<\/p>\n<p>[\/et_pb_text][\/et_pb_column][\/et_pb_row][et_pb_row use_custom_gutter=\u00bbon\u00bb admin_label=\u00bbseparador\u00bb _builder_version=\u00bb4.16&#8243; _module_preset=\u00bbdefault\u00bb width=\u00bb100%\u00bb custom_margin=\u00bb-15px||||false|false\u00bb collapsed=\u00bbon\u00bb global_colors_info=\u00bb{}\u00bb][et_pb_column type=\u00bb4_4&#8243; _builder_version=\u00bb4.16&#8243; _module_preset=\u00bbdefault\u00bb global_colors_info=\u00bb{}\u00bb][et_pb_divider color=\u00bbrgba(0,0,0,0.2)\u00bb _builder_version=\u00bb4.16&#8243; _module_preset=\u00bbdefault\u00bb custom_margin=\u00bb||||false|false\u00bb global_colors_info=\u00bb{}\u00bb][\/et_pb_divider][\/et_pb_column][\/et_pb_row][et_pb_row column_structure=\u00bb1_3,2_3&#8243; use_custom_gutter=\u00bbon\u00bb gutter_width=\u00bb1&#8243; make_equal=\u00bbon\u00bb custom_padding_last_edited=\u00bbon|phone\u00bb admin_label=\u00bbNota &#8211; Titulo y autor\u00bb _builder_version=\u00bb4.16&#8243; _module_preset=\u00bbdefault\u00bb width=\u00bb83%\u00bb max_width=\u00bb601px\u00bb module_alignment=\u00bbleft\u00bb custom_margin=\u00bb-30px||||false|false\u00bb custom_padding=\u00bb|||40px|false|false\u00bb custom_padding_tablet=\u00bb\u00bb custom_padding_phone=\u00bb|||25px|false|false\u00bb collapsed=\u00bbon\u00bb global_colors_info=\u00bb{}\u00bb][et_pb_column type=\u00bb1_3&#8243; _builder_version=\u00bb4.16&#8243; _module_preset=\u00bbdefault\u00bb custom_padding=\u00bb||||false|false\u00bb global_colors_info=\u00bb{}\u00bb][et_pb_image src=\u00bbhttps:\/\/www.fadu.unl.edu.ar\/polis\/wp-content\/uploads\/2023\/12\/alconchel-miniatura.jpg\u00bb title_text=\u00bbalconchel-miniatura\u00bb _builder_version=\u00bb4.23.1&#8243; _module_preset=\u00bbdefault\u00bb global_colors_info=\u00bb{}\u00bb][\/et_pb_image][\/et_pb_column][et_pb_column type=\u00bb2_3&#8243; _builder_version=\u00bb4.16&#8243; _module_preset=\u00bbdefault\u00bb custom_padding=\u00bb||||false|false\u00bb global_colors_info=\u00bb{}\u00bb][et_pb_text admin_label=\u00bbT\u00edtulo\u00bb _builder_version=\u00bb4.27.3&#8243; _module_preset=\u00bbdefault\u00bb text_text_color=\u00bb#000000&#8243; text_font_size=\u00bb18px\u00bb text_line_height=\u00bb1.2em\u00bb custom_margin=\u00bb|||-100px|false|false\u00bb custom_margin_tablet=\u00bb\u00bb custom_margin_phone=\u00bb10px|||0px|false|false\u00bb custom_margin_last_edited=\u00bbon|phone\u00bb text_font_size_tablet=\u00bb\u00bb text_font_size_phone=\u00bb\u00bb text_font_size_last_edited=\u00bbon|desktop\u00bb text_line_height_tablet=\u00bb\u00bb text_line_height_phone=\u00bb\u00bb text_line_height_last_edited=\u00bbon|desktop\u00bb global_colors_info=\u00bb{}\u00bb]<\/p>\n<h3 class=\"post-title entry-title\"><span style=\"color: #000000;\"><a class=\"et-accent-color\" href=\"https:\/\/www.fadu.unl.edu.ar\/polis\/?p=4502\" style=\"color: #000000;\">SOSTENIBILIDAD URBANA. Experiencia de rehabilitaci\u00f3n residencial<\/a><\/span><\/h3>\n<p>[\/et_pb_text][et_pb_text admin_label=\u00bbAutor &#8211; palabras claves\u00bb _builder_version=\u00bb4.23.1&#8243; _module_preset=\u00bbdefault\u00bb text_text_color=\u00bbrgba(0,0,0,0.43)\u00bb text_font_size=\u00bb12px\u00bb custom_margin=\u00bb|||-100px|false|false\u00bb custom_margin_tablet=\u00bb\u00bb custom_margin_phone=\u00bb|||0px|false|false\u00bb custom_margin_last_edited=\u00bbon|phone\u00bb text_font_size_tablet=\u00bb\u00bb text_font_size_phone=\u00bb\u00bb text_font_size_last_edited=\u00bbon|desktop\u00bb global_colors_info=\u00bb{}\u00bb]<\/p>\n<p>Maria Victoria Alconchel<\/p>\n<p>[\/et_pb_text][\/et_pb_column][\/et_pb_row][et_pb_row use_custom_gutter=\u00bbon\u00bb admin_label=\u00bbseparador\u00bb _builder_version=\u00bb4.16&#8243; _module_preset=\u00bbdefault\u00bb width=\u00bb100%\u00bb custom_margin=\u00bb-15px||||false|false\u00bb collapsed=\u00bbon\u00bb global_colors_info=\u00bb{}\u00bb][et_pb_column type=\u00bb4_4&#8243; _builder_version=\u00bb4.16&#8243; _module_preset=\u00bbdefault\u00bb global_colors_info=\u00bb{}\u00bb][et_pb_divider color=\u00bbrgba(0,0,0,0.2)\u00bb _builder_version=\u00bb4.16&#8243; _module_preset=\u00bbdefault\u00bb custom_margin=\u00bb||||false|false\u00bb global_colors_info=\u00bb{}\u00bb][\/et_pb_divider][\/et_pb_column][\/et_pb_row][et_pb_row column_structure=\u00bb1_3,2_3&#8243; use_custom_gutter=\u00bbon\u00bb gutter_width=\u00bb1&#8243; make_equal=\u00bbon\u00bb custom_padding_last_edited=\u00bbon|phone\u00bb admin_label=\u00bbNota &#8211; Titulo y autor\u00bb _builder_version=\u00bb4.16&#8243; _module_preset=\u00bbdefault\u00bb width=\u00bb83%\u00bb max_width=\u00bb601px\u00bb module_alignment=\u00bbleft\u00bb custom_margin=\u00bb-30px||||false|false\u00bb custom_padding=\u00bb|||40px|false|false\u00bb custom_padding_tablet=\u00bb\u00bb custom_padding_phone=\u00bb|||25px|false|false\u00bb collapsed=\u00bbon\u00bb global_colors_info=\u00bb{}\u00bb][et_pb_column type=\u00bb1_3&#8243; _builder_version=\u00bb4.16&#8243; _module_preset=\u00bbdefault\u00bb custom_padding=\u00bb||||false|false\u00bb global_colors_info=\u00bb{}\u00bb][et_pb_image src=\u00bbhttps:\/\/www.fadu.unl.edu.ar\/polis\/wp-content\/uploads\/2023\/12\/gaviola-miniatura.jpg\u00bb title_text=\u00bbgaviola-miniatura\u00bb _builder_version=\u00bb4.23.1&#8243; _module_preset=\u00bbdefault\u00bb global_colors_info=\u00bb{}\u00bb][\/et_pb_image][\/et_pb_column][et_pb_column type=\u00bb2_3&#8243; _builder_version=\u00bb4.16&#8243; _module_preset=\u00bbdefault\u00bb custom_padding=\u00bb||||false|false\u00bb global_colors_info=\u00bb{}\u00bb][et_pb_text admin_label=\u00bbT\u00edtulo\u00bb _builder_version=\u00bb4.27.3&#8243; _module_preset=\u00bbdefault\u00bb text_text_color=\u00bb#000000&#8243; text_font_size=\u00bb18px\u00bb text_line_height=\u00bb1.2em\u00bb custom_margin=\u00bb|||-100px|false|false\u00bb custom_margin_tablet=\u00bb\u00bb custom_margin_phone=\u00bb10px|||0px|false|false\u00bb custom_margin_last_edited=\u00bbon|phone\u00bb text_font_size_tablet=\u00bb\u00bb text_font_size_phone=\u00bb\u00bb text_font_size_last_edited=\u00bbon|desktop\u00bb text_line_height_tablet=\u00bb\u00bb text_line_height_phone=\u00bb\u00bb text_line_height_last_edited=\u00bbon|desktop\u00bb global_colors_info=\u00bb{}\u00bb]<\/p>\n<h3 class=\"post-title entry-title\"><span style=\"color: #000000;\"><a class=\"et-accent-color\" href=\"https:\/\/www.fadu.unl.edu.ar\/polis\/?p=4789\" style=\"color: #000000;\">DISE\u00d1O Y DESARROLLO DE INSTRUMENTAL QUIR\u00daRGICO PARA GINECOLOG\u00cdA<\/a><\/span><\/h3>\n<p>[\/et_pb_text][et_pb_text admin_label=\u00bbAutor &#8211; palabras claves\u00bb _builder_version=\u00bb4.23.1&#8243; _module_preset=\u00bbdefault\u00bb text_text_color=\u00bbrgba(0,0,0,0.43)\u00bb text_font_size=\u00bb12px\u00bb custom_margin=\u00bb|||-100px|false|false\u00bb custom_margin_tablet=\u00bb\u00bb custom_margin_phone=\u00bb|||0px|false|false\u00bb custom_margin_last_edited=\u00bbon|phone\u00bb text_font_size_tablet=\u00bb\u00bb text_font_size_phone=\u00bb\u00bb text_font_size_last_edited=\u00bbon|desktop\u00bb global_colors_info=\u00bb{}\u00bb]<\/p>\n<p><span>\u00a0<\/span>Victoria Gaviola<\/p>\n<p>[\/et_pb_text][\/et_pb_column][\/et_pb_row][et_pb_row use_custom_gutter=\u00bbon\u00bb admin_label=\u00bbseparador\u00bb _builder_version=\u00bb4.16&#8243; _module_preset=\u00bbdefault\u00bb width=\u00bb100%\u00bb custom_margin=\u00bb-15px||||false|false\u00bb collapsed=\u00bbon\u00bb global_colors_info=\u00bb{}\u00bb][et_pb_column type=\u00bb4_4&#8243; _builder_version=\u00bb4.16&#8243; _module_preset=\u00bbdefault\u00bb global_colors_info=\u00bb{}\u00bb][et_pb_divider color=\u00bbrgba(0,0,0,0.2)\u00bb _builder_version=\u00bb4.16&#8243; _module_preset=\u00bbdefault\u00bb custom_margin=\u00bb||||false|false\u00bb global_colors_info=\u00bb{}\u00bb][\/et_pb_divider][\/et_pb_column][\/et_pb_row][et_pb_row column_structure=\u00bb1_3,2_3&#8243; use_custom_gutter=\u00bbon\u00bb gutter_width=\u00bb1&#8243; make_equal=\u00bbon\u00bb custom_padding_last_edited=\u00bbon|phone\u00bb admin_label=\u00bbNota &#8211; Titulo y autor\u00bb _builder_version=\u00bb4.16&#8243; _module_preset=\u00bbdefault\u00bb width=\u00bb83%\u00bb max_width=\u00bb601px\u00bb module_alignment=\u00bbleft\u00bb custom_margin=\u00bb-30px||||false|false\u00bb custom_padding=\u00bb|||40px|false|false\u00bb custom_padding_tablet=\u00bb\u00bb custom_padding_phone=\u00bb|||25px|false|false\u00bb collapsed=\u00bbon\u00bb global_colors_info=\u00bb{}\u00bb][et_pb_column type=\u00bb1_3&#8243; _builder_version=\u00bb4.16&#8243; _module_preset=\u00bbdefault\u00bb custom_padding=\u00bb||||false|false\u00bb global_colors_info=\u00bb{}\u00bb][et_pb_image src=\u00bbhttps:\/\/www.fadu.unl.edu.ar\/polis\/wp-content\/uploads\/2023\/12\/kajanjic-miniatura.jpg\u00bb title_text=\u00bbkajanjic-miniatura\u00bb _builder_version=\u00bb4.23.1&#8243; _module_preset=\u00bbdefault\u00bb global_colors_info=\u00bb{}\u00bb][\/et_pb_image][\/et_pb_column][et_pb_column type=\u00bb2_3&#8243; _builder_version=\u00bb4.16&#8243; _module_preset=\u00bbdefault\u00bb custom_padding=\u00bb||||false|false\u00bb global_colors_info=\u00bb{}\u00bb][et_pb_text admin_label=\u00bbT\u00edtulo\u00bb _builder_version=\u00bb4.27.3&#8243; _module_preset=\u00bbdefault\u00bb text_text_color=\u00bb#000000&#8243; text_font_size=\u00bb18px\u00bb text_line_height=\u00bb1.2em\u00bb custom_margin=\u00bb|||-100px|false|false\u00bb custom_margin_tablet=\u00bb\u00bb custom_margin_phone=\u00bb10px|||0px|false|false\u00bb custom_margin_last_edited=\u00bbon|phone\u00bb text_font_size_tablet=\u00bb\u00bb text_font_size_phone=\u00bb\u00bb text_font_size_last_edited=\u00bbon|desktop\u00bb text_line_height_tablet=\u00bb\u00bb text_line_height_phone=\u00bb\u00bb text_line_height_last_edited=\u00bbon|desktop\u00bb global_colors_info=\u00bb{}\u00bb]<\/p>\n<h3 class=\"post-title entry-title\"><span style=\"color: #000000;\"><a class=\"et-accent-color\" href=\"https:\/\/www.fadu.unl.edu.ar\/polis\/?p=4573\" style=\"color: #000000;\">EL HABITAR CONTEMPOR\u00c1NEO: proyectar la diversidad del presente<\/a><\/span><\/h3>\n<p>[\/et_pb_text][et_pb_text admin_label=\u00bbAutor &#8211; palabras claves\u00bb _builder_version=\u00bb4.23.1&#8243; _module_preset=\u00bbdefault\u00bb text_text_color=\u00bbrgba(0,0,0,0.43)\u00bb text_font_size=\u00bb12px\u00bb custom_margin=\u00bb|||-100px|false|false\u00bb custom_margin_tablet=\u00bb\u00bb custom_margin_phone=\u00bb|||0px|false|false\u00bb custom_margin_last_edited=\u00bbon|phone\u00bb text_font_size_tablet=\u00bb\u00bb text_font_size_phone=\u00bb\u00bb text_font_size_last_edited=\u00bbon|desktop\u00bb global_colors_info=\u00bb{}\u00bb]<\/p>\n<p>Braian Juli\u00e1n Krajancic<\/p>\n<p>[\/et_pb_text][\/et_pb_column][\/et_pb_row][et_pb_row use_custom_gutter=\u00bbon\u00bb admin_label=\u00bbseparador\u00bb _builder_version=\u00bb4.16&#8243; _module_preset=\u00bbdefault\u00bb width=\u00bb100%\u00bb custom_margin=\u00bb-15px||||false|false\u00bb collapsed=\u00bbon\u00bb global_colors_info=\u00bb{}\u00bb][et_pb_column type=\u00bb4_4&#8243; _builder_version=\u00bb4.16&#8243; _module_preset=\u00bbdefault\u00bb global_colors_info=\u00bb{}\u00bb][et_pb_divider color=\u00bbrgba(0,0,0,0.2)\u00bb _builder_version=\u00bb4.16&#8243; _module_preset=\u00bbdefault\u00bb custom_margin=\u00bb||||false|false\u00bb global_colors_info=\u00bb{}\u00bb][\/et_pb_divider][\/et_pb_column][\/et_pb_row][et_pb_row column_structure=\u00bb1_3,2_3&#8243; use_custom_gutter=\u00bbon\u00bb gutter_width=\u00bb1&#8243; make_equal=\u00bbon\u00bb custom_padding_last_edited=\u00bbon|phone\u00bb admin_label=\u00bbNota &#8211; Titulo y autor\u00bb _builder_version=\u00bb4.16&#8243; _module_preset=\u00bbdefault\u00bb width=\u00bb83%\u00bb max_width=\u00bb601px\u00bb module_alignment=\u00bbleft\u00bb custom_margin=\u00bb-30px||||false|false\u00bb custom_padding=\u00bb|||40px|false|false\u00bb custom_padding_tablet=\u00bb\u00bb custom_padding_phone=\u00bb|||25px|false|false\u00bb collapsed=\u00bbon\u00bb global_colors_info=\u00bb{}\u00bb][et_pb_column type=\u00bb1_3&#8243; _builder_version=\u00bb4.16&#8243; _module_preset=\u00bbdefault\u00bb custom_padding=\u00bb||||false|false\u00bb global_colors_info=\u00bb{}\u00bb][et_pb_image src=\u00bbhttps:\/\/www.fadu.unl.edu.ar\/polis\/wp-content\/uploads\/2023\/12\/costa-miniatura.jpg\u00bb title_text=\u00bbcosta-miniatura\u00bb _builder_version=\u00bb4.23.2&#8243; _module_preset=\u00bbdefault\u00bb global_colors_info=\u00bb{}\u00bb][\/et_pb_image][\/et_pb_column][et_pb_column type=\u00bb2_3&#8243; _builder_version=\u00bb4.16&#8243; _module_preset=\u00bbdefault\u00bb custom_padding=\u00bb||||false|false\u00bb global_colors_info=\u00bb{}\u00bb][et_pb_text admin_label=\u00bbT\u00edtulo\u00bb _builder_version=\u00bb4.27.3&#8243; _module_preset=\u00bbdefault\u00bb text_text_color=\u00bb#000000&#8243; text_font_size=\u00bb18px\u00bb text_line_height=\u00bb1.2em\u00bb custom_margin=\u00bb|||-100px|false|false\u00bb custom_margin_tablet=\u00bb\u00bb custom_margin_phone=\u00bb10px|||0px|false|false\u00bb custom_margin_last_edited=\u00bbon|phone\u00bb text_font_size_tablet=\u00bb\u00bb text_font_size_phone=\u00bb\u00bb text_font_size_last_edited=\u00bbon|desktop\u00bb text_line_height_tablet=\u00bb\u00bb text_line_height_phone=\u00bb\u00bb text_line_height_last_edited=\u00bbon|desktop\u00bb global_colors_info=\u00bb{}\u00bb]<\/p>\n<h3 class=\"post-title entry-title\"><a class=\"et-accent-color\" href=\"https:\/\/www.fadu.unl.edu.ar\/polis\/?p=4556\"><span style=\"color: #000000;\">IDENTIFICACI\u00d3N DE LOS COMPONENTES DEL PAISAJE QUE PROMUEVEN LA CAMINABILIDAD EN EL MICROCENTRO DE SANTA FE: el caso de calle 25 de Mayo<\/span><\/a><\/h3>\n<p>[\/et_pb_text][et_pb_text admin_label=\u00bbAutor &#8211; palabras claves\u00bb _builder_version=\u00bb4.23.1&#8243; _module_preset=\u00bbdefault\u00bb text_text_color=\u00bbrgba(0,0,0,0.43)\u00bb text_font_size=\u00bb12px\u00bb custom_margin=\u00bb|||-100px|false|false\u00bb custom_margin_tablet=\u00bb\u00bb custom_margin_phone=\u00bb|||0px|false|false\u00bb custom_margin_last_edited=\u00bbon|phone\u00bb text_font_size_tablet=\u00bb\u00bb text_font_size_phone=\u00bb\u00bb text_font_size_last_edited=\u00bbon|desktop\u00bb global_colors_info=\u00bb{}\u00bb]<\/p>\n<p>Mariano Gonzalez &#8211; Camila Costa<\/p>\n<p>[\/et_pb_text][\/et_pb_column][\/et_pb_row][et_pb_row use_custom_gutter=\u00bbon\u00bb admin_label=\u00bbseparador\u00bb _builder_version=\u00bb4.16&#8243; _module_preset=\u00bbdefault\u00bb width=\u00bb100%\u00bb custom_margin=\u00bb-15px||||false|false\u00bb collapsed=\u00bbon\u00bb global_colors_info=\u00bb{}\u00bb][et_pb_column type=\u00bb4_4&#8243; _builder_version=\u00bb4.16&#8243; _module_preset=\u00bbdefault\u00bb global_colors_info=\u00bb{}\u00bb][et_pb_divider color=\u00bbrgba(0,0,0,0.2)\u00bb _builder_version=\u00bb4.16&#8243; _module_preset=\u00bbdefault\u00bb custom_margin=\u00bb||||false|false\u00bb global_colors_info=\u00bb{}\u00bb][\/et_pb_divider][\/et_pb_column][\/et_pb_row][et_pb_row column_structure=\u00bb1_3,2_3&#8243; use_custom_gutter=\u00bbon\u00bb gutter_width=\u00bb1&#8243; make_equal=\u00bbon\u00bb custom_padding_last_edited=\u00bbon|phone\u00bb admin_label=\u00bbNota &#8211; Titulo y autor\u00bb _builder_version=\u00bb4.16&#8243; _module_preset=\u00bbdefault\u00bb width=\u00bb83%\u00bb max_width=\u00bb601px\u00bb module_alignment=\u00bbleft\u00bb custom_margin=\u00bb-30px||||false|false\u00bb custom_padding=\u00bb|||40px|false|false\u00bb custom_padding_tablet=\u00bb\u00bb custom_padding_phone=\u00bb|||25px|false|false\u00bb collapsed=\u00bbon\u00bb global_colors_info=\u00bb{}\u00bb][et_pb_column type=\u00bb1_3&#8243; _builder_version=\u00bb4.16&#8243; _module_preset=\u00bbdefault\u00bb custom_padding=\u00bb||||false|false\u00bb global_colors_info=\u00bb{}\u00bb][et_pb_image src=\u00bbhttps:\/\/www.fadu.unl.edu.ar\/polis\/wp-content\/uploads\/2023\/12\/soto-miniatura.jpg\u00bb title_text=\u00bbsoto-miniatura\u00bb _builder_version=\u00bb4.23.1&#8243; _module_preset=\u00bbdefault\u00bb global_colors_info=\u00bb{}\u00bb][\/et_pb_image][\/et_pb_column][et_pb_column type=\u00bb2_3&#8243; _builder_version=\u00bb4.16&#8243; _module_preset=\u00bbdefault\u00bb custom_padding=\u00bb||||false|false\u00bb global_colors_info=\u00bb{}\u00bb][et_pb_text admin_label=\u00bbT\u00edtulo\u00bb _builder_version=\u00bb4.27.3&#8243; _module_preset=\u00bbdefault\u00bb text_text_color=\u00bb#000000&#8243; text_font_size=\u00bb18px\u00bb text_line_height=\u00bb1.2em\u00bb custom_margin=\u00bb|||-100px|false|false\u00bb custom_margin_tablet=\u00bb\u00bb custom_margin_phone=\u00bb10px|||0px|false|false\u00bb custom_margin_last_edited=\u00bbon|phone\u00bb text_font_size_tablet=\u00bb\u00bb text_font_size_phone=\u00bb\u00bb text_font_size_last_edited=\u00bbon|desktop\u00bb text_line_height_tablet=\u00bb\u00bb text_line_height_phone=\u00bb\u00bb text_line_height_last_edited=\u00bbon|desktop\u00bb global_colors_info=\u00bb{}\u00bb]<\/p>\n<h3 class=\"post-title entry-title\"><span style=\"color: #000000;\"><a class=\"et-accent-color\" href=\"https:\/\/www.fadu.unl.edu.ar\/polis\/?p=4744\" style=\"color: #000000;\">LABORATORIO CIUDADANO TRANSMEDIA: el trabajo colaborativo entre estudiantes universitarios y organizaciones sociales<\/a><\/span><\/h3>\n<h1 class=\"entry-title\"><\/h1>\n<p>[\/et_pb_text][et_pb_text admin_label=\u00bbAutor &#8211; palabras claves\u00bb _builder_version=\u00bb4.23.1&#8243; _module_preset=\u00bbdefault\u00bb text_text_color=\u00bbrgba(0,0,0,0.43)\u00bb text_font_size=\u00bb12px\u00bb custom_margin=\u00bb|||-100px|false|false\u00bb custom_margin_tablet=\u00bb\u00bb custom_margin_phone=\u00bb|||0px|false|false\u00bb custom_margin_last_edited=\u00bbon|phone\u00bb text_font_size_tablet=\u00bb\u00bb text_font_size_phone=\u00bb\u00bb text_font_size_last_edited=\u00bbon|desktop\u00bb global_colors_info=\u00bb{}\u00bb]<\/p>\n<p>Ma. del Rosario Soto &#8211; Ysabel Tamayo &#8211; Ricardo Robles<\/p>\n<p>[\/et_pb_text][\/et_pb_column][\/et_pb_row][et_pb_row use_custom_gutter=\u00bbon\u00bb admin_label=\u00bbseparador\u00bb _builder_version=\u00bb4.16&#8243; _module_preset=\u00bbdefault\u00bb width=\u00bb100%\u00bb custom_margin=\u00bb-15px||||false|false\u00bb collapsed=\u00bbon\u00bb global_colors_info=\u00bb{}\u00bb][et_pb_column type=\u00bb4_4&#8243; _builder_version=\u00bb4.16&#8243; _module_preset=\u00bbdefault\u00bb global_colors_info=\u00bb{}\u00bb][et_pb_divider color=\u00bbrgba(0,0,0,0.2)\u00bb _builder_version=\u00bb4.16&#8243; _module_preset=\u00bbdefault\u00bb custom_margin=\u00bb||||false|false\u00bb global_colors_info=\u00bb{}\u00bb][\/et_pb_divider][\/et_pb_column][\/et_pb_row][et_pb_row column_structure=\u00bb1_3,2_3&#8243; use_custom_gutter=\u00bbon\u00bb gutter_width=\u00bb1&#8243; make_equal=\u00bbon\u00bb custom_padding_last_edited=\u00bbon|phone\u00bb admin_label=\u00bbNota &#8211; Titulo y autor\u00bb _builder_version=\u00bb4.16&#8243; _module_preset=\u00bbdefault\u00bb width=\u00bb83%\u00bb max_width=\u00bb601px\u00bb module_alignment=\u00bbleft\u00bb custom_margin=\u00bb-30px||||false|false\u00bb custom_padding=\u00bb|||40px|false|false\u00bb custom_padding_tablet=\u00bb\u00bb custom_padding_phone=\u00bb|||25px|false|false\u00bb collapsed=\u00bbon\u00bb global_colors_info=\u00bb{}\u00bb][et_pb_column type=\u00bb1_3&#8243; _builder_version=\u00bb4.16&#8243; _module_preset=\u00bbdefault\u00bb custom_padding=\u00bb||||false|false\u00bb global_colors_info=\u00bb{}\u00bb][et_pb_image src=\u00bbhttps:\/\/www.fadu.unl.edu.ar\/polis\/wp-content\/uploads\/2023\/12\/gattarelli-miniatura.jpg\u00bb title_text=\u00bbgattarelli-miniatura\u00bb _builder_version=\u00bb4.23.1&#8243; _module_preset=\u00bbdefault\u00bb global_colors_info=\u00bb{}\u00bb][\/et_pb_image][\/et_pb_column][et_pb_column type=\u00bb2_3&#8243; _builder_version=\u00bb4.16&#8243; _module_preset=\u00bbdefault\u00bb custom_padding=\u00bb||||false|false\u00bb global_colors_info=\u00bb{}\u00bb][et_pb_text admin_label=\u00bbT\u00edtulo\u00bb _builder_version=\u00bb4.27.3&#8243; _module_preset=\u00bbdefault\u00bb text_text_color=\u00bb#000000&#8243; text_font_size=\u00bb18px\u00bb text_line_height=\u00bb1.2em\u00bb custom_margin=\u00bb|||-100px|false|false\u00bb custom_margin_tablet=\u00bb\u00bb custom_margin_phone=\u00bb10px|||0px|false|false\u00bb custom_margin_last_edited=\u00bbon|phone\u00bb text_font_size_tablet=\u00bb\u00bb text_font_size_phone=\u00bb\u00bb text_font_size_last_edited=\u00bbon|desktop\u00bb text_line_height_tablet=\u00bb\u00bb text_line_height_phone=\u00bb\u00bb text_line_height_last_edited=\u00bbon|desktop\u00bb global_colors_info=\u00bb{}\u00bb]<\/p>\n<h3 class=\"post-title entry-title\"><a class=\"et-accent-color\" href=\"https:\/\/www.fadu.unl.edu.ar\/polis\/?p=4547\"><span style=\"color: #000000;\">EL VALOR DEL DISE\u00d1O INDUSTRIAL EN LA ADMINISTRACI\u00d3N DE MEDICAMENTOS PARA ARTRITIS REUMATOIDE<\/span><\/a><\/h3>\n<p>[\/et_pb_text][et_pb_text admin_label=\u00bbAutor &#8211; palabras claves\u00bb _builder_version=\u00bb4.27.3&#8243; _module_preset=\u00bbdefault\u00bb text_text_color=\u00bbrgba(0,0,0,0.43)\u00bb text_font_size=\u00bb12px\u00bb custom_margin=\u00bb|||-100px|false|false\u00bb custom_margin_tablet=\u00bb\u00bb custom_margin_phone=\u00bb|||0px|false|false\u00bb custom_margin_last_edited=\u00bbon|phone\u00bb text_font_size_tablet=\u00bb\u00bb text_font_size_phone=\u00bb\u00bb text_font_size_last_edited=\u00bbon|desktop\u00bb global_colors_info=\u00bb{}\u00bb]<\/p>\n<p>Francisca Gattarelli<\/p>\n<p>[\/et_pb_text][\/et_pb_column][\/et_pb_row][\/et_pb_section]<\/p>\n","protected":false},"excerpt":{"rendered":"<p>POLIS #22. Agosto 2023POLIS #22. EditorialComit\u00e9 EditorialLA GUERRILLA EST\u00c9TICA DEL EZLN: los murales zapatistas como una nueva forma de visibilidadElbio Rivero &#8211; Jimena Sosa &#8211; Paulina WolkoviczLA REPRESENTACI\u00d3N EN DISE\u00d1O INDUSTRIAL INTERSECADA POR LAS NUEVAS TECNOLOG\u00cdAS Y DEMANDAS PRODUCTIVASJulio BianchiSOSTENIBILIDAD URBANA. Experiencia de rehabilitaci\u00f3n residencialMaria Victoria AlconchelDISE\u00d1O Y DESARROLLO DE INSTRUMENTAL QUIR\u00daRGICO PARA GINECOLOG\u00cdA\u00a0Victoria GaviolaEL [&hellip;]<\/p>\n","protected":false},"author":2,"featured_media":0,"parent":0,"menu_order":0,"comment_status":"closed","ping_status":"closed","template":"","meta":{"_et_pb_use_builder":"on","_et_pb_old_content":"","_et_gb_content_width":"","footnotes":""},"class_list":["post-5330","page","type-page","status-publish","hentry"],"_links":{"self":[{"href":"https:\/\/www.fadu.unl.edu.ar\/polis\/index.php?rest_route=\/wp\/v2\/pages\/5330","targetHints":{"allow":["GET"]}}],"collection":[{"href":"https:\/\/www.fadu.unl.edu.ar\/polis\/index.php?rest_route=\/wp\/v2\/pages"}],"about":[{"href":"https:\/\/www.fadu.unl.edu.ar\/polis\/index.php?rest_route=\/wp\/v2\/types\/page"}],"author":[{"embeddable":true,"href":"https:\/\/www.fadu.unl.edu.ar\/polis\/index.php?rest_route=\/wp\/v2\/users\/2"}],"replies":[{"embeddable":true,"href":"https:\/\/www.fadu.unl.edu.ar\/polis\/index.php?rest_route=%2Fwp%2Fv2%2Fcomments&post=5330"}],"version-history":[{"count":10,"href":"https:\/\/www.fadu.unl.edu.ar\/polis\/index.php?rest_route=\/wp\/v2\/pages\/5330\/revisions"}],"predecessor-version":[{"id":6399,"href":"https:\/\/www.fadu.unl.edu.ar\/polis\/index.php?rest_route=\/wp\/v2\/pages\/5330\/revisions\/6399"}],"wp:attachment":[{"href":"https:\/\/www.fadu.unl.edu.ar\/polis\/index.php?rest_route=%2Fwp%2Fv2%2Fmedia&parent=5330"}],"curies":[{"name":"wp","href":"https:\/\/api.w.org\/{rel}","templated":true}]}}