{"id":610,"date":"2019-12-10T19:34:51","date_gmt":"2019-12-10T19:34:51","guid":{"rendered":"https:\/\/www.fadu.unl.edu.ar\/polis\/?page_id=610"},"modified":"2022-07-04T12:09:16","modified_gmt":"2022-07-04T12:09:16","slug":"la-revista","status":"publish","type":"page","link":"https:\/\/www.fadu.unl.edu.ar\/polis\/?page_id=610","title":{"rendered":"La revista"},"content":{"rendered":"<p>[et_pb_section fb_built=\u00bb1&#8243; _builder_version=\u00bb4.16&#8243; custom_margin=\u00bb||50px||false|false\u00bb custom_margin_tablet=\u00bb\u00bb custom_margin_phone=\u00bb||0px||false|false\u00bb custom_margin_last_edited=\u00bbon|desktop\u00bb custom_padding=\u00bb||0px|||\u00bb global_colors_info=\u00bb{}\u00bb][et_pb_row column_structure=\u00bb1_3,2_3&#8243; _builder_version=\u00bb4.16&#8243; custom_margin=\u00bb||||false|false\u00bb global_colors_info=\u00bb{}\u00bb][et_pb_column type=\u00bb1_3&#8243; _builder_version=\u00bb4.16&#8243; background_color=\u00bbrgba(0,0,0,0.4)\u00bb global_colors_info=\u00bb{}\u00bb][et_pb_text _builder_version=\u00bb4.16&#8243; text_text_color=\u00bb#FFFFFF\u00bb text_line_height=\u00bb1.5em\u00bb header_2_text_color=\u00bb#FFFFFF\u00bb custom_margin=\u00bb20px|30px|20px|30px|false|false\u00bb custom_margin_tablet=\u00bb\u00bb custom_margin_phone=\u00bb|20px||20px|false|false\u00bb custom_margin_last_edited=\u00bbon|phone\u00bb custom_padding=\u00bb||20px||false|false\u00bb custom_padding_tablet=\u00bb\u00bb custom_padding_phone=\u00bb\u00bb custom_padding_last_edited=\u00bbon|phone\u00bb global_colors_info=\u00bb{}\u00bb]<\/p>\n<h2><strong>Prop\u00f3sito<\/strong><\/h2>\n<p><strong><\/strong><\/p>\n<p><span style=\"font-weight: 400;\">Polis tiene como prop\u00f3sito exponer y difundir los temas y problemas que atraviesan la imaginaci\u00f3n y construcci\u00f3n del h\u00e1bitat, desde los diferentes puntos de vista que pueden brindar el campo de la arquitectura, la comunicaci\u00f3n visual o el dise\u00f1o industrial.<\/span><\/p>\n<p><span style=\"font-weight: 400;\">La revista se propone promover miradas innovadoras sobre la ense\u00f1anza, el dise\u00f1o, los contextos sociales y materiales de producci\u00f3n, la historia y la cr\u00edtica, a trav\u00e9s de la publicaci\u00f3n de la producci\u00f3n de sus docentes e investigadores, estudiantes de grado y posgrado o graduados, as\u00ed como de aquellos invitados que tejen el mundo de relaciones de la FADU.<\/span><\/p>\n<p>[\/et_pb_text][\/et_pb_column][et_pb_column type=\u00bb2_3&#8243; _builder_version=\u00bb4.16&#8243; global_colors_info=\u00bb{}\u00bb][et_pb_text _builder_version=\u00bb4.16&#8243; text_text_color=\u00bb#000000&#8243; text_line_height=\u00bb1.4em\u00bb custom_margin=\u00bb20px||||false|false\u00bb global_colors_info=\u00bb{}\u00bb]<\/p>\n<h2><strong>Convocatoria. Informaci\u00f3n para autores<\/strong><\/h2>\n<p><strong><\/strong><\/p>\n<p>El Comit\u00e9 editorial de Polis realizar\u00e1 dos convocatorias anuales para la publicaci\u00f3n de art\u00edculos. Eventualmente ser\u00e1 realizada una convocatoria para un n\u00famero tem\u00e1tico, a cargo de un editor invitado.<\/p>\n<p>Los art\u00edculos podr\u00e1n presentar libremente los temas y problemas que interesan a la comunidad: divulgaci\u00f3n sobre aspectos espec\u00edficos de los contenidos de los programas, avances de investigaci\u00f3n, experiencias de vinculaci\u00f3n, entrevistas, proyectos, cr\u00edtica, etc. La invitaci\u00f3n se encuentra abierta a todos los estamentos, incluyendo directores de tesis \u2013de grado o posgrado- externos, estudiantes o graduados. En el caso de las presentaciones realizadas por estudiantes, las mismas deber\u00e1n contar con la tutor\u00eda \u2013coautor\u00eda o aval- de un docente.<\/p>\n<p>La revista se edita en formato digital, lo que posibilita no solo la inclusi\u00f3n de texto sino tambi\u00e9n del audio, video o la realidad virtual. En este sentido, se alienta a los autores a presentar propuestas que exploren en estos medios.<\/p>\n<p>[\/et_pb_text][et_pb_image src=\u00bbhttps:\/\/www.fadu.unl.edu.ar\/polis\/wp-content\/uploads\/2020\/08\/ICONO-DESCARGA.png\u00bb title_text=\u00bbICONO-DESCARGA\u00bb _builder_version=\u00bb4.16&#8243; _module_preset=\u00bbdefault\u00bb global_colors_info=\u00bb{}\u00bb][\/et_pb_image][et_pb_text _builder_version=\u00bb4.16&#8243; text_text_color=\u00bb#2692e5&#8243; custom_margin=\u00bb-20px||||false|false\u00bb global_colors_info=\u00bb{}\u00bb]<\/p>\n<p><em><a href=\"https:\/\/www.fadu.unl.edu.ar\/polis\/wp-content\/uploads\/2021\/08\/Detalles-de-la-convocatoria.pdf\" target=\"_blank\" rel=\"noopener noreferrer\">detalles de la convocatoria<\/a><\/em><\/p>\n<p>[\/et_pb_text][et_pb_text _builder_version=\u00bb4.16&#8243; _module_preset=\u00bbdefault\u00bb global_colors_info=\u00bb{}\u00bb]<\/p>\n<h2><strong>Pol\u00edtica de preservaci\u00f3n digital<\/strong><\/h2>\n<p>La Revista POLIS se encuentra en el Repositorio Institucional de la Universidad Nacional del Litoral, por lo que la informaci\u00f3n es preservada en los modos establecidos por el \u201cSistema de Publicaciones Peri\u00f3dicas\u201d (SPP) de la UNL.<\/p>\n<p>[\/et_pb_text][\/et_pb_column][\/et_pb_row][et_pb_row _builder_version=\u00bb4.16&#8243; _module_preset=\u00bbdefault\u00bb global_colors_info=\u00bb{}\u00bb][et_pb_column type=\u00bb4_4&#8243; _builder_version=\u00bb4.16&#8243; _module_preset=\u00bbdefault\u00bb global_colors_info=\u00bb{}\u00bb][et_pb_divider divider_weight=\u00bb7px\u00bb _builder_version=\u00bb4.16&#8243; _module_preset=\u00bbdefault\u00bb custom_margin=\u00bb40px||||false|false\u00bb border_radii=\u00bbon|5px|5px|5px|5px\u00bb global_colors_info=\u00bb{}\u00bb][\/et_pb_divider][\/et_pb_column][\/et_pb_row][et_pb_row column_structure=\u00bb1_4,1_4,1_4,1_4&#8243; _builder_version=\u00bb4.16&#8243; _module_preset=\u00bbdefault\u00bb custom_margin_tablet=\u00bb\u00bb custom_margin_phone=\u00bb-40px||||false|false\u00bb custom_margin_last_edited=\u00bbon|phone\u00bb global_colors_info=\u00bb{}\u00bb][et_pb_column type=\u00bb1_4&#8243; _builder_version=\u00bb4.16&#8243; _module_preset=\u00bbdefault\u00bb global_colors_info=\u00bb{}\u00bb][et_pb_text _builder_version=\u00bb4.17.4&#8243; _module_preset=\u00bbdefault\u00bb hover_enabled=\u00bb0&#8243; sticky_enabled=\u00bb0&#8243; text_font_size=\u00bb13px\u00bb]<\/p>\n<p><strong>DECANO<\/strong><\/p>\n<p>Esp. Arq. Sergio Cosentino<\/p>\n<p><strong>VICEDECANO SECRETARIO ACADEMICO<\/strong><\/p>\n<p>Arq. Rub\u00e9n Marcelo Molina<\/p>\n<p><strong>SECRETARIA DE EXTENSI\u00d3N Y VINCULACI\u00d3N CON EL MEDIO<\/strong><\/p>\n<p>Esp. Arq. Patricia Pieragostini<\/p>\n<p><strong>SECRETARIA DE INVESTIGACI\u00d3N Y RELACIONES INTERNACIONALES<\/strong><\/p>\n<p>Mg. Arq. Margarita Trlin<\/p>\n<p><strong><\/strong><\/p>\n<p><strong>EDICIONES UNL<\/strong><\/p>\n<p>Ivana Tosti<\/p>\n<p>ISSN: 2362-3284<\/p>\n<p>[\/et_pb_text][\/et_pb_column][et_pb_column type=\u00bb1_4&#8243; _builder_version=\u00bb4.16&#8243; _module_preset=\u00bbdefault\u00bb global_colors_info=\u00bb{}\u00bb][et_pb_text _builder_version=\u00bb4.17.4&#8243; _module_preset=\u00bbdefault\u00bb text_font_size=\u00bb13px\u00bb text_line_height=\u00bb0.7em\u00bb custom_margin=\u00bb||||false|false\u00bb custom_margin_tablet=\u00bb\u00bb custom_margin_phone=\u00bb|||0px|false|false\u00bb custom_margin_last_edited=\u00bbon|phone\u00bb hover_enabled=\u00bb0&#8243; global_colors_info=\u00bb{}\u00bb sticky_enabled=\u00bb0&#8243;]<\/p>\n<p><strong>COMIT\u00c9 EDITORIAL<\/strong><\/p>\n<p>Arq. DG Horacio Gorodischer<\/p>\n<p>DI Irina Bellmann<\/p>\n<p>Arq. Rodolfo Bravi<\/p>\n<p>Arq. Carlos Sastre<\/p>\n<p>Arq. Gervasio Meinardy<\/p>\n<p>&nbsp;<\/p>\n<p><strong>COORDINACI\u00d3N EDITORIAL<\/strong><\/p>\n<p><strong><\/strong><\/p>\n<p><strong><\/strong><\/p>\n<p><strong><\/strong><\/p>\n<p><strong><\/strong><\/p>\n<p><strong><\/strong><\/p>\n<p><strong><\/strong><\/p>\n<p>Ms. Arq. Ma. Martina Acosta<\/p>\n<p>&nbsp;<\/p>\n<p><strong>SECRETARIA DE REDACCI\u00d3N<\/strong><\/p>\n<p>Arq. Ma. Cecilia B\u00e1rtolis<\/p>\n<p>&nbsp;<\/p>\n<p>[\/et_pb_text][\/et_pb_column][et_pb_column type=\u00bb1_4&#8243; _builder_version=\u00bb4.16&#8243; _module_preset=\u00bbdefault\u00bb global_colors_info=\u00bb{}\u00bb][et_pb_text _builder_version=\u00bb4.17.4&#8243; _module_preset=\u00bbdefault\u00bb text_font_size=\u00bb13px\u00bb text_line_height=\u00bb0.7em\u00bb hover_enabled=\u00bb0&#8243; global_colors_info=\u00bb{}\u00bb sticky_enabled=\u00bb0&#8243;]<\/p>\n<p><strong>DISE\u00d1O EDITORIAL Y DIGITAL<\/strong><\/p>\n<p>LDCV Mariana Oliva<\/p>\n<p>Mg. Sergio Bentivegna<\/p>\n<p><a href=\"https:\/\/burostudio.com.ar\" target=\"_blank\" rel=\"noopener noreferrer\">para Bur\u00f3 Studio<\/a><span style=\"color: #ff6600;\"><a href=\"https:\/\/burostudio.com.ar\" target=\"_blank\" rel=\"noopener noreferrer\" style=\"color: #ff6600;\"><\/a><\/span><\/p>\n<p>&nbsp;<\/p>\n<p><strong>CORRECCI\u00d3N<\/strong><\/p>\n<p>F\u00e9lix Chavez<\/p>\n<p>Luc\u00eda Bergamasco<\/p>\n<p>[\/et_pb_text][\/et_pb_column][et_pb_column type=\u00bb1_4&#8243; _builder_version=\u00bb4.16&#8243; _module_preset=\u00bbdefault\u00bb global_colors_info=\u00bb{}\u00bb][et_pb_text _builder_version=\u00bb4.16&#8243; _module_preset=\u00bbdefault\u00bb text_font_size=\u00bb13px\u00bb text_line_height=\u00bb0.7em\u00bb custom_margin=\u00bb||||false|false\u00bb custom_margin_tablet=\u00bb\u00bb custom_margin_phone=\u00bb20px||||false|false\u00bb custom_margin_last_edited=\u00bbon|phone\u00bb custom_padding=\u00bb||||false|false\u00bb global_colors_info=\u00bb{}\u00bb]<\/p>\n<p><strong>COMIT\u00c9 ASESOR<\/strong><\/p>\n<p>Nidia Maidana (UNL)<\/p>\n<p>Mar\u00eda del Valle Ledesma (UBA | UNL)<\/p>\n<p>Jorge Francisco Liernur (UTDT)<\/p>\n<p>Luis M\u00fcller (UNL)<\/p>\n<p>Adriana Collado (UNL)<\/p>\n<p>Edurne Battista (UNDLP | INTA)<\/p>\n<p>Julieta Cal\u00f3 (INTI)<\/p>\n<p>Ma. del Rosario Bernatene (UNDLP)<\/p>\n<p>[\/et_pb_text][\/et_pb_column][\/et_pb_row][et_pb_row _builder_version=\u00bb4.16&#8243; _module_preset=\u00bbdefault\u00bb global_colors_info=\u00bb{}\u00bb][et_pb_column type=\u00bb4_4&#8243; _builder_version=\u00bb4.16&#8243; _module_preset=\u00bbdefault\u00bb global_colors_info=\u00bb{}\u00bb][et_pb_divider color=\u00bbrgba(0,0,0,0.51)\u00bb divider_weight=\u00bb7px\u00bb _builder_version=\u00bb4.16&#8243; _module_preset=\u00bbdefault\u00bb custom_margin=\u00bb25px||||false|false\u00bb border_radii=\u00bbon|5px|5px|5px|5px\u00bb global_colors_info=\u00bb{}\u00bb][\/et_pb_divider][\/et_pb_column][\/et_pb_row][et_pb_row _builder_version=\u00bb4.16&#8243; _module_preset=\u00bbdefault\u00bb custom_margin_tablet=\u00bb\u00bb custom_margin_phone=\u00bb-40px||||false|false\u00bb custom_margin_last_edited=\u00bbon|phone\u00bb global_colors_info=\u00bb{}\u00bb][et_pb_column type=\u00bb4_4&#8243; _builder_version=\u00bb4.16&#8243; _module_preset=\u00bbdefault\u00bb global_colors_info=\u00bb{}\u00bb][et_pb_text _builder_version=\u00bb4.16&#8243; _module_preset=\u00bbdefault\u00bb text_font_size=\u00bb13px\u00bb custom_margin=\u00bb||||false|false\u00bb global_colors_info=\u00bb{}\u00bb]<\/p>\n<p><strong>PADRINOS<\/strong><\/p>\n<p>[\/et_pb_text][\/et_pb_column][\/et_pb_row][et_pb_row column_structure=\u00bb1_3,1_3,1_3&#8243; use_custom_gutter=\u00bbon\u00bb _builder_version=\u00bb4.16&#8243; _module_preset=\u00bbdefault\u00bb custom_margin=\u00bb||||false|false\u00bb global_colors_info=\u00bb{}\u00bb][et_pb_column type=\u00bb1_3&#8243; _builder_version=\u00bb4.16&#8243; _module_preset=\u00bbdefault\u00bb global_colors_info=\u00bb{}\u00bb][et_pb_text _builder_version=\u00bb4.16&#8243; _module_preset=\u00bbdefault\u00bb text_text_color=\u00bbrgba(0,0,0,0.81)\u00bb text_font_size=\u00bb12px\u00bb text_line_height=\u00bb1em\u00bb custom_margin=\u00bb-20px||||false|false\u00bb global_colors_info=\u00bb{}\u00bb]<\/p>\n<p>COLEGIO DE ARQUITECTOS DE LA PROVINCIA DE SANTA FE- DISTRITO 1<\/p>\n<p>EL EMPORIO DE LA CONSTRUCCI\u00d3N SRL<\/p>\n<p>[\/et_pb_text][\/et_pb_column][et_pb_column type=\u00bb1_3&#8243; _builder_version=\u00bb4.16&#8243; _module_preset=\u00bbdefault\u00bb global_colors_info=\u00bb{}\u00bb][et_pb_text _builder_version=\u00bb4.16&#8243; _module_preset=\u00bbdefault\u00bb text_text_color=\u00bbrgba(0,0,0,0.78)\u00bb text_font_size=\u00bb12px\u00bb text_line_height=\u00bb1em\u00bb custom_margin=\u00bb-20px||||false|false\u00bb global_colors_info=\u00bb{}\u00bb]<\/p>\n<p>FISA METAL SRL<\/p>\n<p>LIBRER\u00cdA ARQUITECTURA + DISE\u00d1O<\/p>\n<p>[\/et_pb_text][\/et_pb_column][et_pb_column type=\u00bb1_3&#8243; _builder_version=\u00bb4.16&#8243; _module_preset=\u00bbdefault\u00bb global_colors_info=\u00bb{}\u00bb][et_pb_text _builder_version=\u00bb4.16&#8243; _module_preset=\u00bbdefault\u00bb text_text_color=\u00bbrgba(0,0,0,0.78)\u00bb text_font_size=\u00bb12px\u00bb text_line_height=\u00bb1em\u00bb custom_margin=\u00bb-20px||||false|false\u00bb global_colors_info=\u00bb{}\u00bb]<\/p>\n<p>SANTA FE MATERIALES SA<\/p>\n<p>VISUAL<\/p>\n<p>WINKELMANN SRL<\/p>\n<p>[\/et_pb_text][\/et_pb_column][\/et_pb_row][\/et_pb_section]<\/p>\n","protected":false},"excerpt":{"rendered":"<p>Prop\u00f3sito Polis tiene como prop\u00f3sito exponer y difundir los temas y problemas que atraviesan la imaginaci\u00f3n y construcci\u00f3n del h\u00e1bitat, desde los diferentes puntos de vista que pueden brindar el campo de la arquitectura, la comunicaci\u00f3n visual o el dise\u00f1o industrial. La revista se propone promover miradas innovadoras sobre la ense\u00f1anza, el dise\u00f1o, los contextos [&hellip;]<\/p>\n","protected":false},"author":2,"featured_media":0,"parent":0,"menu_order":0,"comment_status":"closed","ping_status":"closed","template":"","meta":{"_et_pb_use_builder":"on","_et_pb_old_content":"","_et_gb_content_width":"","footnotes":""},"class_list":["post-610","page","type-page","status-publish","hentry"],"_links":{"self":[{"href":"https:\/\/www.fadu.unl.edu.ar\/polis\/index.php?rest_route=\/wp\/v2\/pages\/610","targetHints":{"allow":["GET"]}}],"collection":[{"href":"https:\/\/www.fadu.unl.edu.ar\/polis\/index.php?rest_route=\/wp\/v2\/pages"}],"about":[{"href":"https:\/\/www.fadu.unl.edu.ar\/polis\/index.php?rest_route=\/wp\/v2\/types\/page"}],"author":[{"embeddable":true,"href":"https:\/\/www.fadu.unl.edu.ar\/polis\/index.php?rest_route=\/wp\/v2\/users\/2"}],"replies":[{"embeddable":true,"href":"https:\/\/www.fadu.unl.edu.ar\/polis\/index.php?rest_route=%2Fwp%2Fv2%2Fcomments&post=610"}],"version-history":[{"count":57,"href":"https:\/\/www.fadu.unl.edu.ar\/polis\/index.php?rest_route=\/wp\/v2\/pages\/610\/revisions"}],"predecessor-version":[{"id":3906,"href":"https:\/\/www.fadu.unl.edu.ar\/polis\/index.php?rest_route=\/wp\/v2\/pages\/610\/revisions\/3906"}],"wp:attachment":[{"href":"https:\/\/www.fadu.unl.edu.ar\/polis\/index.php?rest_route=%2Fwp%2Fv2%2Fmedia&parent=610"}],"curies":[{"name":"wp","href":"https:\/\/api.w.org\/{rel}","templated":true}]}}